{"id":850,"date":"2022-03-17T10:04:43","date_gmt":"2022-03-17T10:04:43","guid":{"rendered":"https:\/\/wgl-demo.net\/bili\/?page_id=850"},"modified":"2026-01-16T10:03:47","modified_gmt":"2026-01-16T09:03:47","slug":"contatti","status":"publish","type":"page","link":"https:\/\/www.fieracreattiva.it\/bergamo-creattiva\/contatti\/","title":{"rendered":"Contatti"},"content":{"rendered":"\t\t<div data-elementor-type=\"wp-page\" data-elementor-id=\"850\" class=\"elementor elementor-850\">\n\t\t\t\t\t\t\t\t\t<section class=\"elementor-section elementor-top-section elementor-element elementor-element-7bcd785 elementor-section-full_width elementor-section-content-middle elementor-reverse-tablet elementor-reverse-mobile elementor-section-height-default elementor-section-height-default\" data-id=\"7bcd785\" data-element_type=\"section\">\n\t\t\t\t\t\t<div class=\"elementor-container elementor-column-gap-no\">\n\t\t\t\t\t<div class=\"elementor-column elementor-col-100 elementor-top-column elementor-element elementor-element-0c9c041\" data-id=\"0c9c041\" data-element_type=\"column\">\n\t\t\t<div class=\"elementor-widget-wrap\">\n\t\t\t\t\t\t\t\t\t<\/div>\n\t\t<\/div>\n\t\t\t\t\t\t\t<\/div>\n\t\t<\/section>\n\t\t\t\t<section class=\"elementor-section elementor-top-section elementor-element elementor-element-4975ce2 elementor-section-boxed elementor-section-height-default elementor-section-height-default\" data-id=\"4975ce2\" data-element_type=\"section\">\n\t\t\t\t\t\t<div class=\"elementor-container elementor-column-gap-default\">\n\t\t\t\t\t<div class=\"elementor-column elementor-col-50 elementor-top-column elementor-element elementor-element-aa4116c\" data-id=\"aa4116c\" data-element_type=\"column\">\n\t\t\t<div class=\"elementor-widget-wrap elementor-element-populated\">\n\t\t\t\t\t\t\t\t<section class=\"elementor-section elementor-inner-section elementor-element elementor-element-58c3608 elementor-section-boxed elementor-section-height-default elementor-section-height-default\" data-id=\"58c3608\" data-element_type=\"section\">\n\t\t\t\t\t\t<div class=\"elementor-container elementor-column-gap-default\">\n\t\t\t\t\t<div class=\"elementor-column elementor-col-100 elementor-inner-column elementor-element elementor-element-0b98e5d\" data-id=\"0b98e5d\" data-element_type=\"column\">\n\t\t\t<div class=\"elementor-widget-wrap\">\n\t\t\t\t\t\t\t\t\t<\/div>\n\t\t<\/div>\n\t\t\t\t\t\t\t<\/div>\n\t\t<\/section>\n\t\t\t\t<div class=\"elementor-element elementor-element-f9c4e95 elementor-widget elementor-widget-image\" data-id=\"f9c4e95\" data-element_type=\"widget\" data-widget_type=\"image.default\">\n\t\t\t\t<div class=\"elementor-widget-container\">\n\t\t\t\t\t\t\t\t\t\t\t\t\t\t\t<img loading=\"lazy\" decoding=\"async\" width=\"1045\" height=\"700\" src=\"https:\/\/www.fieracreattiva.it\/bergamo-creattiva\/wp-content\/uploads\/2022\/07\/promoberg.jpg\" class=\"attachment-full size-full\" alt=\"\" srcset=\"https:\/\/www.fieracreattiva.it\/bergamo-creattiva\/wp-content\/uploads\/2022\/07\/promoberg.jpg 1045w, https:\/\/www.fieracreattiva.it\/bergamo-creattiva\/wp-content\/uploads\/2022\/07\/promoberg-300x201.jpg 300w, https:\/\/www.fieracreattiva.it\/bergamo-creattiva\/wp-content\/uploads\/2022\/07\/promoberg-1024x686.jpg 1024w, https:\/\/www.fieracreattiva.it\/bergamo-creattiva\/wp-content\/uploads\/2022\/07\/promoberg-768x514.jpg 768w\" sizes=\"auto, (max-width: 1045px) 100vw, 1045px\" \/>\t\t\t\t\t\t\t\t\t\t\t\t\t\t\t<\/div>\n\t\t\t\t<\/div>\n\t\t\t\t<div class=\"elementor-element elementor-element-f2f8fc2 elementor-hidden-desktop elementor-widget elementor-widget-spacer\" data-id=\"f2f8fc2\" data-element_type=\"widget\" data-widget_type=\"spacer.default\">\n\t\t\t\t<div class=\"elementor-widget-container\">\n\t\t\t\t\t<div class=\"elementor-spacer\">\n\t\t\t<div class=\"elementor-spacer-inner\"><\/div>\n\t\t<\/div>\n\t\t\t\t<\/div>\n\t\t\t\t<\/div>\n\t\t\t\t\t<\/div>\n\t\t<\/div>\n\t\t\t\t<div class=\"elementor-column elementor-col-50 elementor-top-column elementor-element elementor-element-fd103d8\" data-id=\"fd103d8\" data-element_type=\"column\">\n\t\t\t<div class=\"elementor-widget-wrap elementor-element-populated\">\n\t\t\t\t\t\t\t\t<div class=\"elementor-element elementor-element-4f9cf55 aleft elementor-widget elementor-widget-wgl-double-heading\" data-id=\"4f9cf55\" data-element_type=\"widget\" data-widget_type=\"wgl-double-heading.default\">\n\t\t\t\t<div class=\"elementor-widget-container\">\n\t\t\t<div class=\"wgl-double-heading\"><h3 class=\"dblh__title-wrapper\"><span class=\"dblh__title dblh__title-1\">ORGANIZZATORE<\/span><\/h3><\/div>\t\t<\/div>\n\t\t\t\t<\/div>\n\t\t\t\t<div class=\"elementor-element elementor-element-945fc73 elementor-widget elementor-widget-text-editor\" data-id=\"945fc73\" data-element_type=\"widget\" data-widget_type=\"text-editor.default\">\n\t\t\t\t<div class=\"elementor-widget-container\">\n\t\t\t\t\t\t\t<p>Promoberg srl \u00e8 la societ\u00e0 che gestisce il Polo fieristico di Bergamo, \u00e8 l\u2019ideatore e organizzatore di tutte le edizioni di Fiera Creattiva, ma non solo.<\/p>\t\t\t\t\t\t<\/div>\n\t\t\t\t<\/div>\n\t\t\t\t<div class=\"elementor-element elementor-element-edf43fe aleft has-animated-bg elementor-invisible elementor-widget elementor-widget-wgl-button\" data-id=\"edf43fe\" data-element_type=\"widget\" data-settings=\"{&quot;_animation&quot;:&quot;fadeInUp&quot;}\" data-widget_type=\"wgl-button.default\">\n\t\t\t\t<div class=\"elementor-widget-container\">\n\t\t\t<a  class=\"wgl-button btn-size-xl \" role=\"button\" href=\"https:\/\/www.bergamofiera.it\" target=\"_blank\"><div class=\"button__content \"><span class=\"button__text\">Scopri di pi\u00f9 sull\u2019azienda<\/span><\/div><\/a>\t\t<\/div>\n\t\t\t\t<\/div>\n\t\t\t\t<div class=\"elementor-element elementor-element-bb1ae9e elementor-widget elementor-widget-text-editor\" data-id=\"bb1ae9e\" data-element_type=\"widget\" data-widget_type=\"text-editor.default\">\n\t\t\t\t<div class=\"elementor-widget-container\">\n\t\t\t\t\t\t\t<ul class=\"no-list-style\">\n \t<li style=\"line-height: 2.4; margin-bottom: 7px;\">Via Lunga snc c\/o Fiera di Bergamo\u2028 <\/li>\n \t<li>C.F. e P.IVA 01542150162<\/li>\n \t<li>035 3230911 &#8211; info@promoberg.it<\/li>\n<\/ul>\t\t\t\t\t\t<\/div>\n\t\t\t\t<\/div>\n\t\t\t\t<div class=\"elementor-element elementor-element-5e54474 elementor-widget elementor-widget-spacer\" data-id=\"5e54474\" data-element_type=\"widget\" data-widget_type=\"spacer.default\">\n\t\t\t\t<div class=\"elementor-widget-container\">\n\t\t\t\t\t<div class=\"elementor-spacer\">\n\t\t\t<div class=\"elementor-spacer-inner\"><\/div>\n\t\t<\/div>\n\t\t\t\t<\/div>\n\t\t\t\t<\/div>\n\t\t\t\t\t<\/div>\n\t\t<\/div>\n\t\t\t\t\t\t\t<\/div>\n\t\t<\/section>\n\t\t\t\t<section class=\"elementor-section elementor-top-section elementor-element elementor-element-12fd871 elementor-section-boxed elementor-section-height-default elementor-section-height-default\" data-id=\"12fd871\" data-element_type=\"section\">\n\t\t\t\t\t\t<div class=\"elementor-container elementor-column-gap-default\">\n\t\t\t\t\t<div class=\"elementor-column elementor-col-50 elementor-top-column elementor-element elementor-element-846acab\" data-id=\"846acab\" data-element_type=\"column\">\n\t\t\t<div class=\"elementor-widget-wrap elementor-element-populated\">\n\t\t\t\t\t\t\t\t<section class=\"elementor-section elementor-inner-section elementor-element elementor-element-039ae1f elementor-section-boxed elementor-section-height-default elementor-section-height-default\" data-id=\"039ae1f\" data-element_type=\"section\">\n\t\t\t\t\t\t<div class=\"elementor-container elementor-column-gap-default\">\n\t\t\t\t\t<div class=\"elementor-column elementor-col-100 elementor-inner-column elementor-element elementor-element-1ec9d57\" data-id=\"1ec9d57\" data-element_type=\"column\" data-settings=\"{&quot;background_background&quot;:&quot;classic&quot;}\">\n\t\t\t<div class=\"elementor-widget-wrap elementor-element-populated\">\n\t\t\t\t\t\t\t\t<div class=\"elementor-element elementor-element-154b167 aleft elementor-widget elementor-widget-wgl-double-heading\" data-id=\"154b167\" data-element_type=\"widget\" data-widget_type=\"wgl-double-heading.default\">\n\t\t\t\t<div class=\"elementor-widget-container\">\n\t\t\t<div class=\"wgl-double-heading\"><h3 class=\"dblh__title-wrapper\"><span class=\"dblh__title dblh__title-1\">Contattaci<\/span><\/h3><\/div>\t\t<\/div>\n\t\t\t\t<\/div>\n\t\t\t\t<div class=\"elementor-element elementor-element-42ce7fc elementor-widget elementor-widget-text-editor\" data-id=\"42ce7fc\" data-element_type=\"widget\" data-widget_type=\"text-editor.default\">\n\t\t\t\t<div class=\"elementor-widget-container\">\n\t\t\t\t\t\t\t<p>Per qualsiasi richiesta di informazioni e necessit\u00e0 di assistenza contatta la segreteria organizzativa.<\/p>\t\t\t\t\t\t<\/div>\n\t\t\t\t<\/div>\n\t\t\t\t<div class=\"elementor-element elementor-element-75d080f aleft elementor-widget elementor-widget-wgl-contact-form-7\" data-id=\"75d080f\" data-element_type=\"widget\" data-widget_type=\"wgl-contact-form-7.default\">\n\t\t\t\t<div class=\"elementor-widget-container\">\n\t\t\t<div class=\"wgl-contact-form-7\">\n<div class=\"wpcf7 no-js\" id=\"wpcf7-f8788-o1\" lang=\"en-US\" dir=\"ltr\">\n<div class=\"screen-reader-response\"><p role=\"status\" aria-live=\"polite\" aria-atomic=\"true\"><\/p> <ul><\/ul><\/div>\n<form action=\"\/bergamo-creattiva\/wp-json\/wp\/v2\/pages\/850#wpcf7-f8788-o1\" method=\"post\" class=\"wpcf7-form init\" aria-label=\"Contact form\" novalidate=\"novalidate\" data-status=\"init\">\n<div style=\"display: none;\">\n<input type=\"hidden\" name=\"_wpcf7\" value=\"8788\" \/>\n<input type=\"hidden\" name=\"_wpcf7_version\" value=\"5.8.7\" \/>\n<input type=\"hidden\" name=\"_wpcf7_locale\" value=\"en_US\" \/>\n<input type=\"hidden\" name=\"_wpcf7_unit_tag\" value=\"wpcf7-f8788-o1\" \/>\n<input type=\"hidden\" name=\"_wpcf7_container_post\" value=\"0\" \/>\n<input type=\"hidden\" name=\"_wpcf7_posted_data_hash\" value=\"\" \/>\n<input type=\"hidden\" name=\"_wpcf7_recaptcha_response\" value=\"\" \/>\n<\/div>\n<div class='row'>\n\t<div class='wgl_col-6'>\n\t\t<p><span class=\"wpcf7-form-control-wrap\" data-name=\"label-nome\"><input size=\"40\" class=\"wpcf7-form-control wpcf7-text wpcf7-validates-as-required\" aria-required=\"true\" aria-invalid=\"false\" placeholder=\"Nome*\" value=\"\" type=\"text\" name=\"label-nome\" \/><\/span>\n\t\t<\/p>\n\t<\/div>\n\t<div class='wgl_col-6'>\n\t\t<p><span class=\"wpcf7-form-control-wrap\" data-name=\"label-cognome\"><input size=\"40\" class=\"wpcf7-form-control wpcf7-text wpcf7-validates-as-required\" aria-required=\"true\" aria-invalid=\"false\" placeholder=\"Cognome*\" value=\"\" type=\"text\" name=\"label-cognome\" \/><\/span>\n\t\t<\/p>\n\t<\/div>\n\t<div class='wgl_col-6'>\n\t\t<p><span class=\"wpcf7-form-control-wrap\" data-name=\"label-azienda\"><input size=\"40\" class=\"wpcf7-form-control wpcf7-text wpcf7-validates-as-required\" aria-required=\"true\" aria-invalid=\"false\" placeholder=\"Azienda*\" value=\"\" type=\"text\" name=\"label-azienda\" \/><\/span>\n\t\t<\/p>\n\t<\/div>\n\t<div class='wgl_col-6'>\n\t\t<p><span class=\"wpcf7-form-control-wrap\" data-name=\"email-723\"><input size=\"40\" class=\"wpcf7-form-control wpcf7-email wpcf7-text wpcf7-validates-as-email\" aria-invalid=\"false\" placeholder=\"Email*\" value=\"\" type=\"email\" name=\"email-723\" \/><\/span>\n\t\t<\/p>\n\t<\/div>\n\t<div class='wgl_col-6'>\n\t\t<p><span class=\"wpcf7-form-control-wrap\" data-name=\"tel-833\"><input size=\"40\" class=\"wpcf7-form-control wpcf7-tel wpcf7-validates-as-required wpcf7-text wpcf7-validates-as-tel\" aria-required=\"true\" aria-invalid=\"false\" placeholder=\"Telefono*\" value=\"\" type=\"tel\" name=\"tel-833\" \/><\/span>\n\t\t<\/p>\n\t<\/div>\n\t<div class='wgl_col-6'>\n\t\t<p><span class=\"wpcf7-form-control-wrap\" data-name=\"label-settore\"><input size=\"40\" class=\"wpcf7-form-control wpcf7-text\" aria-invalid=\"false\" placeholder=\"Settore di Produzione\" value=\"\" type=\"text\" name=\"label-settore\" \/><\/span>\n\t\t<\/p>\n\t<\/div>\n\t<div class='wgl_col-12'>\n\t\t<p><span class=\"wpcf7-form-control-wrap\" data-name=\"label-textarea\"><textarea cols=\"40\" rows=\"10\" class=\"wpcf7-form-control wpcf7-textarea\" aria-invalid=\"false\" placeholder=\"Messaggio\" name=\"label-textarea\"><\/textarea><\/span>\n\t\t<\/p>\n\t<\/div>\n\t<div class='wgl_col-12'>\n\t\t<p><span class=\"wpcf7-form-control-wrap\" data-name=\"acceptance-190\"><span class=\"wpcf7-form-control wpcf7-acceptance optional\"><span class=\"wpcf7-list-item\"><label><input type=\"checkbox\" name=\"acceptance-190\" value=\"1\" aria-invalid=\"false\" \/><span class=\"wpcf7-list-item-label\">Il\/La sottoscritto\/a acquisite le informazioni di cui al GDPR Regolamento Europeo UE 2016\/679, conferisco il proprio consenso al trattamenti dei dati personali. <a href=\"\/privacy-policy\/\" target=\"blank\" style=\"font-weight:600; color:red;\">Maggiori dettagli<\/a><\/span><\/label><\/span><\/span><\/span>\n\t\t<\/p>\n\t\t<div>\n\t\t\t<p><input class=\"wpcf7-form-control wpcf7-submit has-spinner\" type=\"submit\" value=\"Invia\" \/>\n\t\t\t<\/p>\n\t\t<\/div>\n\t<\/div>\n<\/div>\n<div class=\"wgl_col-12\">\n\t<div style=\"height:30px\">\n\t<\/div>\n\t<p>*Campi obbligatori\n\t<\/p>\n<\/div>\n<style>\ninput[type=\"radio\"] + label::before, input[type=\"radio\"] + span::before, input[type=\"checkbox\"] + label::before, input[type=\"checkbox\"] + span::before {background-color: #e50056;box-shadow: none;}\ninput[type=\"radio\"] + span::before, input[type=\"checkbox\"]+ span::before{color: #e50056;}\n<\/style><p style=\"display: none !important;\"><label>&#916;<textarea name=\"_wpcf7_ak_hp_textarea\" cols=\"45\" rows=\"8\" maxlength=\"100\"><\/textarea><\/label><input type=\"hidden\" id=\"ak_js_1\" name=\"_wpcf7_ak_js\" value=\"43\"\/><script>document.getElementById( \"ak_js_1\" ).setAttribute( \"value\", ( new Date() ).getTime() );<\/script><\/p><div class=\"wpcf7-response-output\" aria-hidden=\"true\"><\/div>\n<\/form>\n<\/div>\n<\/div>\t\t<\/div>\n\t\t\t\t<\/div>\n\t\t\t\t\t<\/div>\n\t\t<\/div>\n\t\t\t\t\t\t\t<\/div>\n\t\t<\/section>\n\t\t\t\t\t<\/div>\n\t\t<\/div>\n\t\t\t\t<div class=\"elementor-column elementor-col-50 elementor-top-column elementor-element elementor-element-6c7439e\" data-id=\"6c7439e\" data-element_type=\"column\">\n\t\t\t<div class=\"elementor-widget-wrap elementor-element-populated\">\n\t\t\t\t\t\t\t\t<div class=\"elementor-element elementor-element-2422d52 elementor-widget elementor-widget-spacer\" data-id=\"2422d52\" data-element_type=\"widget\" data-widget_type=\"spacer.default\">\n\t\t\t\t<div class=\"elementor-widget-container\">\n\t\t\t\t\t<div class=\"elementor-spacer\">\n\t\t\t<div class=\"elementor-spacer-inner\"><\/div>\n\t\t<\/div>\n\t\t\t\t<\/div>\n\t\t\t\t<\/div>\n\t\t\t\t<div class=\"elementor-element elementor-element-ab473d0 aleft elementor-widget elementor-widget-wgl-double-heading\" data-id=\"ab473d0\" data-element_type=\"widget\" data-widget_type=\"wgl-double-heading.default\">\n\t\t\t\t<div class=\"elementor-widget-container\">\n\t\t\t<div class=\"wgl-double-heading\"><div class=\"dblh__subtitle\"><span>Fiera Creattiva<\/span><\/div><h5 class=\"dblh__title-wrapper\"><span class=\"dblh__title dblh__title-1\">SEGRETERIA ORGANIZZATIVA\n<\/span><\/h5><\/div>\t\t<\/div>\n\t\t\t\t<\/div>\n\t\t\t\t<div class=\"elementor-element elementor-element-4d95080 elementor-widget elementor-widget-spacer\" data-id=\"4d95080\" data-element_type=\"widget\" data-widget_type=\"spacer.default\">\n\t\t\t\t<div class=\"elementor-widget-container\">\n\t\t\t\t\t<div class=\"elementor-spacer\">\n\t\t\t<div class=\"elementor-spacer-inner\"><\/div>\n\t\t<\/div>\n\t\t\t\t<\/div>\n\t\t\t\t<\/div>\n\t\t\t\t<div class=\"elementor-element elementor-element-1af4e61 elementor-widget elementor-widget-text-editor\" data-id=\"1af4e61\" data-element_type=\"widget\" data-widget_type=\"text-editor.default\">\n\t\t\t\t<div class=\"elementor-widget-container\">\n\t\t\t\t\t\t\t<p><span style=\"color: #000000;\">Telefono: <a href=\"tel:0353230912\" style=\"color: #000000;\">035 3230912<\/a> \/ <a href=\"tel:0353230911\" style=\"color: #000000;\">035 3230911<\/a><\/span><br \/><span style=\"color: #000000;\">Cellulare: <a href=\"tel:+393493566255\" style=\"color: #000000;\">+39 39 349 356 6255<\/a><\/span><br \/><span style=\"color: #000000;\">Mail: <a href=\"mailto:creattiva@promoberg.it\" style=\"color: #000000;\">creattiva@promoberg.it<\/a> <\/span><\/p>\t\t\t\t\t\t<\/div>\n\t\t\t\t<\/div>\n\t\t\t\t\t<\/div>\n\t\t<\/div>\n\t\t\t\t\t\t\t<\/div>\n\t\t<\/section>\n\t\t\t\t\t\t\t<\/div>\n\t\t","protected":false},"excerpt":{"rendered":"<p>ORGANIZZATORE Promoberg srl \u00e8 la societ\u00e0 che gestisce il Polo fieristico di Bergamo, \u00e8 l\u2019ideatore e organizzatore di tutte le edizioni di Fiera Creattiva, ma non solo. Scopri di pi\u00f9 sull\u2019azienda Via Lunga snc c\/o Fiera di Bergamo\u2028 C.F. e P.IVA 01542150162 035 3230911 &#8211; info@promoberg.it Contattaci Per qualsiasi richiesta di informazioni e necessit\u00e0 di [&hellip;]<\/p>\n","protected":false},"author":1,"featured_media":6184,"parent":0,"menu_order":0,"comment_status":"closed","ping_status":"closed","template":"","meta":{"footnotes":""},"class_list":["post-850","page","type-page","status-publish","has-post-thumbnail","hentry"],"yoast_head":"<!-- This site is optimized with the Yoast SEO plugin v19.6.1 - https:\/\/yoast.com\/wordpress\/plugins\/seo\/ -->\n<title>Contatti - Fiera Creattiva Bergamo<\/title>\n<meta name=\"description\" content=\"I visitatori troverrano tutti i contatti di Fiera Creattiva Bergamo per avere informazioni e scoprire come partecipare ai corsi proposti.\" \/>\n<meta name=\"robots\" content=\"index, follow, max-snippet:-1, max-image-preview:large, max-video-preview:-1\" \/>\n<link rel=\"canonical\" href=\"https:\/\/www.fieracreattiva.it\/bergamo-creattiva\/contatti\/\" \/>\n<meta property=\"og:locale\" content=\"it_IT\" \/>\n<meta property=\"og:type\" content=\"article\" \/>\n<meta property=\"og:title\" content=\"Contatti - Fiera Creattiva Bergamo\" \/>\n<meta property=\"og:description\" content=\"I visitatori troverrano tutti i contatti di Fiera Creattiva Bergamo per avere informazioni e scoprire come partecipare ai corsi proposti.\" \/>\n<meta property=\"og:url\" content=\"https:\/\/www.fieracreattiva.it\/bergamo-creattiva\/contatti\/\" \/>\n<meta property=\"og:site_name\" content=\"Fiera Creattiva Bergamo\" \/>\n<meta property=\"article:publisher\" content=\"https:\/\/www.facebook.com\/FieraCreattiva\" \/>\n<meta property=\"article:modified_time\" content=\"2026-01-16T09:03:47+00:00\" \/>\n<meta property=\"og:image\" content=\"http:\/\/www.fieracreattiva.it\/bergamo-creattiva\/wp-content\/uploads\/2022\/10\/socialspring.jpg\" \/>\n\t<meta property=\"og:image:width\" content=\"1200\" \/>\n\t<meta property=\"og:image:height\" content=\"900\" \/>\n\t<meta property=\"og:image:type\" content=\"image\/jpeg\" \/>\n<meta name=\"twitter:card\" content=\"summary_large_image\" \/>\n<meta name=\"twitter:label1\" content=\"Tempo di lettura stimato\" \/>\n\t<meta name=\"twitter:data1\" content=\"1 minuto\" \/>\n<script type=\"application\/ld+json\" class=\"yoast-schema-graph\">{\"@context\":\"https:\/\/schema.org\",\"@graph\":[{\"@type\":\"WebPage\",\"@id\":\"https:\/\/www.fieracreattiva.it\/bergamo-creattiva\/contatti\/\",\"url\":\"https:\/\/www.fieracreattiva.it\/bergamo-creattiva\/contatti\/\",\"name\":\"Contatti - Fiera Creattiva Bergamo\",\"isPartOf\":{\"@id\":\"https:\/\/www.fieracreattiva.it\/bergamo-creattiva\/#website\"},\"datePublished\":\"2022-03-17T10:04:43+00:00\",\"dateModified\":\"2026-01-16T09:03:47+00:00\",\"description\":\"I visitatori troverrano tutti i contatti di Fiera Creattiva Bergamo per avere informazioni e scoprire come partecipare ai corsi proposti.\",\"breadcrumb\":{\"@id\":\"https:\/\/www.fieracreattiva.it\/bergamo-creattiva\/contatti\/#breadcrumb\"},\"inLanguage\":\"it-IT\",\"potentialAction\":[{\"@type\":\"ReadAction\",\"target\":[\"https:\/\/www.fieracreattiva.it\/bergamo-creattiva\/contatti\/\"]}]},{\"@type\":\"BreadcrumbList\",\"@id\":\"https:\/\/www.fieracreattiva.it\/bergamo-creattiva\/contatti\/#breadcrumb\",\"itemListElement\":[{\"@type\":\"ListItem\",\"position\":1,\"name\":\"Home\",\"item\":\"https:\/\/www.fieracreattiva.it\/bergamo-creattiva\/\"},{\"@type\":\"ListItem\",\"position\":2,\"name\":\"Contatti\"}]},{\"@type\":\"WebSite\",\"@id\":\"https:\/\/www.fieracreattiva.it\/bergamo-creattiva\/#website\",\"url\":\"https:\/\/www.fieracreattiva.it\/bergamo-creattiva\/\",\"name\":\"Fiera Creattiva Bergamo\",\"description\":\"Fiera delle Arti Manuali\",\"publisher\":{\"@id\":\"https:\/\/www.fieracreattiva.it\/bergamo-creattiva\/#organization\"},\"potentialAction\":[{\"@type\":\"SearchAction\",\"target\":{\"@type\":\"EntryPoint\",\"urlTemplate\":\"https:\/\/www.fieracreattiva.it\/bergamo-creattiva\/?s={search_term_string}\"},\"query-input\":\"required name=search_term_string\"}],\"inLanguage\":\"it-IT\"},{\"@type\":\"Organization\",\"@id\":\"https:\/\/www.fieracreattiva.it\/bergamo-creattiva\/#organization\",\"name\":\"Fiera Creattiva Bergamo\",\"url\":\"https:\/\/www.fieracreattiva.it\/bergamo-creattiva\/\",\"sameAs\":[\"https:\/\/www.instagram.com\/fieracreattiva\",\"https:\/\/www.youtube.com\/CreattivaChannel\",\"https:\/\/www.facebook.com\/FieraCreattiva\"],\"logo\":{\"@type\":\"ImageObject\",\"inLanguage\":\"it-IT\",\"@id\":\"https:\/\/www.fieracreattiva.it\/bergamo-creattiva\/#\/schema\/logo\/image\/\",\"url\":\"https:\/\/www.fieracreattiva.it\/bergamo-creattiva\/wp-content\/uploads\/2022\/09\/seo_creattiva_Autunno.jpg\",\"contentUrl\":\"https:\/\/www.fieracreattiva.it\/bergamo-creattiva\/wp-content\/uploads\/2022\/09\/seo_creattiva_Autunno.jpg\",\"width\":1200,\"height\":900,\"caption\":\"Fiera Creattiva Bergamo\"},\"image\":{\"@id\":\"https:\/\/www.fieracreattiva.it\/bergamo-creattiva\/#\/schema\/logo\/image\/\"}}]}<\/script>\n<!-- \/ Yoast SEO plugin. -->","yoast_head_json":{"title":"Contatti - Fiera Creattiva Bergamo","description":"I visitatori troverrano tutti i contatti di Fiera Creattiva Bergamo per avere informazioni e scoprire come partecipare ai corsi proposti.","robots":{"index":"index","follow":"follow","max-snippet":"max-snippet:-1","max-image-preview":"max-image-preview:large","max-video-preview":"max-video-preview:-1"},"canonical":"https:\/\/www.fieracreattiva.it\/bergamo-creattiva\/contatti\/","og_locale":"it_IT","og_type":"article","og_title":"Contatti - Fiera Creattiva Bergamo","og_description":"I visitatori troverrano tutti i contatti di Fiera Creattiva Bergamo per avere informazioni e scoprire come partecipare ai corsi proposti.","og_url":"https:\/\/www.fieracreattiva.it\/bergamo-creattiva\/contatti\/","og_site_name":"Fiera Creattiva Bergamo","article_publisher":"https:\/\/www.facebook.com\/FieraCreattiva","article_modified_time":"2026-01-16T09:03:47+00:00","og_image":[{"width":1200,"height":900,"url":"http:\/\/www.fieracreattiva.it\/bergamo-creattiva\/wp-content\/uploads\/2022\/10\/socialspring.jpg","type":"image\/jpeg"}],"twitter_card":"summary_large_image","twitter_misc":{"Tempo di lettura stimato":"1 minuto"},"schema":{"@context":"https:\/\/schema.org","@graph":[{"@type":"WebPage","@id":"https:\/\/www.fieracreattiva.it\/bergamo-creattiva\/contatti\/","url":"https:\/\/www.fieracreattiva.it\/bergamo-creattiva\/contatti\/","name":"Contatti - Fiera Creattiva Bergamo","isPartOf":{"@id":"https:\/\/www.fieracreattiva.it\/bergamo-creattiva\/#website"},"datePublished":"2022-03-17T10:04:43+00:00","dateModified":"2026-01-16T09:03:47+00:00","description":"I visitatori troverrano tutti i contatti di Fiera Creattiva Bergamo per avere informazioni e scoprire come partecipare ai corsi proposti.","breadcrumb":{"@id":"https:\/\/www.fieracreattiva.it\/bergamo-creattiva\/contatti\/#breadcrumb"},"inLanguage":"it-IT","potentialAction":[{"@type":"ReadAction","target":["https:\/\/www.fieracreattiva.it\/bergamo-creattiva\/contatti\/"]}]},{"@type":"BreadcrumbList","@id":"https:\/\/www.fieracreattiva.it\/bergamo-creattiva\/contatti\/#breadcrumb","itemListElement":[{"@type":"ListItem","position":1,"name":"Home","item":"https:\/\/www.fieracreattiva.it\/bergamo-creattiva\/"},{"@type":"ListItem","position":2,"name":"Contatti"}]},{"@type":"WebSite","@id":"https:\/\/www.fieracreattiva.it\/bergamo-creattiva\/#website","url":"https:\/\/www.fieracreattiva.it\/bergamo-creattiva\/","name":"Fiera Creattiva Bergamo","description":"Fiera delle Arti Manuali","publisher":{"@id":"https:\/\/www.fieracreattiva.it\/bergamo-creattiva\/#organization"},"potentialAction":[{"@type":"SearchAction","target":{"@type":"EntryPoint","urlTemplate":"https:\/\/www.fieracreattiva.it\/bergamo-creattiva\/?s={search_term_string}"},"query-input":"required name=search_term_string"}],"inLanguage":"it-IT"},{"@type":"Organization","@id":"https:\/\/www.fieracreattiva.it\/bergamo-creattiva\/#organization","name":"Fiera Creattiva Bergamo","url":"https:\/\/www.fieracreattiva.it\/bergamo-creattiva\/","sameAs":["https:\/\/www.instagram.com\/fieracreattiva","https:\/\/www.youtube.com\/CreattivaChannel","https:\/\/www.facebook.com\/FieraCreattiva"],"logo":{"@type":"ImageObject","inLanguage":"it-IT","@id":"https:\/\/www.fieracreattiva.it\/bergamo-creattiva\/#\/schema\/logo\/image\/","url":"https:\/\/www.fieracreattiva.it\/bergamo-creattiva\/wp-content\/uploads\/2022\/09\/seo_creattiva_Autunno.jpg","contentUrl":"https:\/\/www.fieracreattiva.it\/bergamo-creattiva\/wp-content\/uploads\/2022\/09\/seo_creattiva_Autunno.jpg","width":1200,"height":900,"caption":"Fiera Creattiva Bergamo"},"image":{"@id":"https:\/\/www.fieracreattiva.it\/bergamo-creattiva\/#\/schema\/logo\/image\/"}}]}},"_links":{"self":[{"href":"https:\/\/www.fieracreattiva.it\/bergamo-creattiva\/wp-json\/wp\/v2\/pages\/850","targetHints":{"allow":["GET"]}}],"collection":[{"href":"https:\/\/www.fieracreattiva.it\/bergamo-creattiva\/wp-json\/wp\/v2\/pages"}],"about":[{"href":"https:\/\/www.fieracreattiva.it\/bergamo-creattiva\/wp-json\/wp\/v2\/types\/page"}],"author":[{"embeddable":true,"href":"https:\/\/www.fieracreattiva.it\/bergamo-creattiva\/wp-json\/wp\/v2\/users\/1"}],"replies":[{"embeddable":true,"href":"https:\/\/www.fieracreattiva.it\/bergamo-creattiva\/wp-json\/wp\/v2\/comments?post=850"}],"version-history":[{"count":119,"href":"https:\/\/www.fieracreattiva.it\/bergamo-creattiva\/wp-json\/wp\/v2\/pages\/850\/revisions"}],"predecessor-version":[{"id":10383,"href":"https:\/\/www.fieracreattiva.it\/bergamo-creattiva\/wp-json\/wp\/v2\/pages\/850\/revisions\/10383"}],"wp:featuredmedia":[{"embeddable":true,"href":"https:\/\/www.fieracreattiva.it\/bergamo-creattiva\/wp-json\/wp\/v2\/media\/6184"}],"wp:attachment":[{"href":"https:\/\/www.fieracreattiva.it\/bergamo-creattiva\/wp-json\/wp\/v2\/media?parent=850"}],"curies":[{"name":"wp","href":"https:\/\/api.w.org\/{rel}","templated":true}]}}