{"id":6333,"date":"2022-12-19T14:17:57","date_gmt":"2022-12-19T13:17:57","guid":{"rendered":"https:\/\/www.fieracreattiva.it\/bergamo-creattiva\/?page_id=6333"},"modified":"2026-03-04T16:55:29","modified_gmt":"2026-03-04T15:55:29","slug":"creattiva-academy","status":"publish","type":"page","link":"https:\/\/www.fieracreattiva.it\/bergamo-creattiva\/creattiva-academy\/","title":{"rendered":"Creattiva Academy"},"content":{"rendered":"\t\t<div data-elementor-type=\"wp-page\" data-elementor-id=\"6333\" class=\"elementor elementor-6333\">\n\t\t\t\t\t\t\t\t\t<section class=\"elementor-section elementor-top-section elementor-element elementor-element-5d3271a elementor-section-boxed elementor-section-height-default elementor-section-height-default\" data-id=\"5d3271a\" data-element_type=\"section\">\n\t\t\t\t\t\t<div class=\"elementor-container elementor-column-gap-default\">\n\t\t\t\t\t<div class=\"elementor-column elementor-col-100 elementor-top-column elementor-element elementor-element-5417ac3\" data-id=\"5417ac3\" data-element_type=\"column\">\n\t\t\t<div class=\"elementor-widget-wrap elementor-element-populated\">\n\t\t\t\t\t\t\t\t<div class=\"elementor-element elementor-element-75c2715 elementor-widget elementor-widget-html\" data-id=\"75c2715\" data-element_type=\"widget\" data-widget_type=\"html.default\">\n\t\t\t\t<div class=\"elementor-widget-container\">\n\t\t\t<style>.page-header_content .page-header_title { display: none;}<\/style>\n\n<!-- CODICE PER LA FISARMONICA CHIUSA DI DEFAULT -->\n<script> jQuery(document).ready(function($) {\nvar delay = 100; setTimeout(function() {\n$('.elementor-tab-title').removeClass('elementor-active'); $('.elementor-tab-content').css('display', 'none'); }, delay);\n});\n<\/script>\t\t<\/div>\n\t\t\t\t<\/div>\n\t\t\t\t\t<\/div>\n\t\t<\/div>\n\t\t\t\t\t\t\t<\/div>\n\t\t<\/section>\n\t\t\t\t<section class=\"elementor-section elementor-top-section elementor-element elementor-element-ea94e3d elementor-section-boxed elementor-section-height-default elementor-section-height-default\" data-id=\"ea94e3d\" data-element_type=\"section\">\n\t\t\t\t\t\t<div class=\"elementor-container elementor-column-gap-default\">\n\t\t\t\t\t<div class=\"elementor-column elementor-col-100 elementor-top-column elementor-element elementor-element-eed3133\" data-id=\"eed3133\" data-element_type=\"column\">\n\t\t\t<div class=\"elementor-widget-wrap\">\n\t\t\t\t\t\t\t\t\t<\/div>\n\t\t<\/div>\n\t\t\t\t\t\t\t<\/div>\n\t\t<\/section>\n\t\t\t\t<section class=\"elementor-section elementor-top-section elementor-element elementor-element-900e9bb elementor-section-boxed elementor-section-height-default elementor-section-height-default\" data-id=\"900e9bb\" data-element_type=\"section\">\n\t\t\t\t\t\t<div class=\"elementor-container elementor-column-gap-default\">\n\t\t\t\t\t<div class=\"elementor-column elementor-col-100 elementor-top-column elementor-element elementor-element-96c5faf\" data-id=\"96c5faf\" data-element_type=\"column\">\n\t\t\t<div class=\"elementor-widget-wrap elementor-element-populated\">\n\t\t\t\t\t\t\t\t<div class=\"elementor-element elementor-element-007bc6c elementor-widget elementor-widget-spacer\" data-id=\"007bc6c\" data-element_type=\"widget\" data-widget_type=\"spacer.default\">\n\t\t\t\t<div class=\"elementor-widget-container\">\n\t\t\t\t\t<div class=\"elementor-spacer\">\n\t\t\t<div class=\"elementor-spacer-inner\"><\/div>\n\t\t<\/div>\n\t\t\t\t<\/div>\n\t\t\t\t<\/div>\n\t\t\t\t<div class=\"elementor-element elementor-element-beb5623 acenter elementor-invisible elementor-widget elementor-widget-wgl-double-heading\" data-id=\"beb5623\" data-element_type=\"widget\" data-settings=\"{&quot;_animation&quot;:&quot;fadeInUp&quot;}\" data-widget_type=\"wgl-double-heading.default\">\n\t\t\t\t<div class=\"elementor-widget-container\">\n\t\t\t<div class=\"wgl-double-heading\"><h4 class=\"dblh__title-wrapper\"><span class=\"dblh__title dblh__title-2\">CORSI PER GLI AMANTI DEL DISEGNO E DELLA COLORAZIONE<\/span><\/h4><\/div>\t\t<\/div>\n\t\t\t\t<\/div>\n\t\t\t\t<div class=\"elementor-element elementor-element-e75ffd8 elementor-widget elementor-widget-spacer\" data-id=\"e75ffd8\" data-element_type=\"widget\" data-widget_type=\"spacer.default\">\n\t\t\t\t<div class=\"elementor-widget-container\">\n\t\t\t\t\t<div class=\"elementor-spacer\">\n\t\t\t<div class=\"elementor-spacer-inner\"><\/div>\n\t\t<\/div>\n\t\t\t\t<\/div>\n\t\t\t\t<\/div>\n\t\t\t\t<section class=\"elementor-section elementor-inner-section elementor-element elementor-element-c1462b7 elementor-section-boxed elementor-section-height-default elementor-section-height-default\" data-id=\"c1462b7\" data-element_type=\"section\">\n\t\t\t\t\t\t<div class=\"elementor-container elementor-column-gap-default\">\n\t\t\t\t\t<div class=\"elementor-column elementor-col-50 elementor-inner-column elementor-element elementor-element-a3c83d1\" data-id=\"a3c83d1\" data-element_type=\"column\">\n\t\t\t<div class=\"elementor-widget-wrap elementor-element-populated\">\n\t\t\t\t\t\t\t\t<div class=\"elementor-element elementor-element-1e786cf elementor-invisible elementor-widget elementor-widget-text-editor\" data-id=\"1e786cf\" data-element_type=\"widget\" data-settings=\"{&quot;_animation&quot;:&quot;fadeInUp&quot;}\" data-widget_type=\"text-editor.default\">\n\t\t\t\t<div class=\"elementor-widget-container\">\n\t\t\t\t\t\t\t<p style=\"text-align: justify;\">L\u2019<span style=\"color: #0069b1;\"><strong>arte del disegno<\/strong><\/span> e <strong><span style=\"color: #0069b1;\">della colorazione<\/span><\/strong> sono la tua passione?<br \/>In occasione dell\u2019edizione di primavera, <span style=\"color: #0069b1;\"><strong>Fiera Creattiva<\/strong><\/span> ti offre l\u2019opportunit\u00e0 di imparare nuove tecniche e di migliorare le tue competenze partecipando alle attivit\u00e0 gratuite organizzate presso l\u2019area di <span style=\"color: #0069b1;\"><strong>Creattiva Academy<\/strong><\/span>.<\/p><p style=\"text-align: justify;\">La partecipazione ai corsi \u00e8 gratuita, previa iscrizione online disponibile dal <strong style=\"color: #0069b1;\">20 febbraio fino al 3 marzo 2026<\/strong>. I corsi hanno un numero limitato di posti a disposizione, quindi affrettati, non perdere il tuo appuntamento con la creativit\u00e0!<\/p>\t\t\t\t\t\t<\/div>\n\t\t\t\t<\/div>\n\t\t\t\t<div class=\"elementor-element elementor-element-4adb8ee elementor-invisible elementor-widget elementor-widget-text-editor\" data-id=\"4adb8ee\" data-element_type=\"widget\" data-settings=\"{&quot;_animation&quot;:&quot;fadeInUp&quot;}\" data-widget_type=\"text-editor.default\">\n\t\t\t\t<div class=\"elementor-widget-container\">\n\t\t\t\t\t\t\t<p><span style=\"color: #0069b1;\"><strong>Conferma dell&#8217;Iscrizione<\/strong><\/span><\/p><p>Dopo aver effettuato l&#8217;iscrizione al portale corsi, riceverai <span style=\"color: #0069b1;\"><strong>una mail di conferma<\/strong><\/span> che ti permetter\u00e0 di accedere e scegliere quindi <strong>gratuitamente il corso a cui vuoi partecipare.<\/strong><\/p>\t\t\t\t\t\t<\/div>\n\t\t\t\t<\/div>\n\t\t\t\t<div class=\"elementor-element elementor-element-242963d elementor-widget elementor-widget-spacer\" data-id=\"242963d\" data-element_type=\"widget\" data-widget_type=\"spacer.default\">\n\t\t\t\t<div class=\"elementor-widget-container\">\n\t\t\t\t\t<div class=\"elementor-spacer\">\n\t\t\t<div class=\"elementor-spacer-inner\"><\/div>\n\t\t<\/div>\n\t\t\t\t<\/div>\n\t\t\t\t<\/div>\n\t\t\t\t\t<\/div>\n\t\t<\/div>\n\t\t\t\t<div class=\"elementor-column elementor-col-50 elementor-inner-column elementor-element elementor-element-7efe592\" data-id=\"7efe592\" data-element_type=\"column\">\n\t\t\t<div class=\"elementor-widget-wrap elementor-element-populated\">\n\t\t\t\t\t\t\t\t<div class=\"elementor-element elementor-element-74eae5e elementor-widget elementor-widget-shortcode\" data-id=\"74eae5e\" data-element_type=\"widget\" data-widget_type=\"shortcode.default\">\n\t\t\t\t<div class=\"elementor-widget-container\">\n\t\t\t\t\t<div class=\"elementor-shortcode\"><style>#jtg-10472 .modula-item .jtg-social a, .lightbox-socials.jtg-social a{ color: #ffffff }#jtg-10472 .modula-item .jtg-social svg, .lightbox-socials.jtg-social svg { height: 16px; width: 16px }#jtg-10472 .modula-item .jtg-social a:not(:last-child), .lightbox-socials.jtg-social a:not(:last-child) { margin-right: 10px }#jtg-10472 .modula-item .figc {color:#ffffff;}#jtg-10472 .modula-item .modula-item-content { transform: scale(1) }#jtg-10472 { width:100%;}#jtg-10472 .modula-items{height:500px;}@media screen and (max-width: 992px) {#jtg-10472 .modula-items{height:500px;}}@media screen and (max-width: 768px) {#jtg-10472 .modula-items{height:500px;}}#jtg-10472 .modula-items .figc p.description { font-size:14px; }#jtg-10472 .modula-items .figc p.description { color:#ffffff;}#jtg-10472.modula-gallery .modula-item > a, #jtg-10472.modula-gallery .modula-item, #jtg-10472.modula-gallery .modula-item-content > a:not(.modula-no-follow) { cursor:zoom-in; } #jtg-10472.modula-gallery .modula-item-content .modula-no-follow { cursor: default; } @media screen and (max-width:480px){#jtg-10472 .modula-item .figc .jtg-title {  font-size: 12px; }#jtg-10472 .modula-items .figc p.description { color:#ffffff;font-size:10px; }}<\/style>\n<!-- Gallery Container -->\r\n<div  id=\"jtg-10472\" class=\"modula modula-gallery modula-creative-gallery\" data-config=\"{&quot;height&quot;:500,&quot;tabletHeight&quot;:500,&quot;mobileHeight&quot;:500,&quot;desktopHeight&quot;:500,&quot;enableTwitter&quot;:false,&quot;enableWhatsapp&quot;:false,&quot;enableFacebook&quot;:false,&quot;enablePinterest&quot;:false,&quot;enableLinkedin&quot;:false,&quot;enableEmail&quot;:false,&quot;randomFactor&quot;:0.5,&quot;type&quot;:&quot;creative-gallery&quot;,&quot;columns&quot;:12,&quot;gutter&quot;:10,&quot;mobileGutter&quot;:10,&quot;tabletGutter&quot;:10,&quot;desktopGutter&quot;:10,&quot;enableResponsive&quot;:&quot;0&quot;,&quot;tabletColumns&quot;:&quot;2&quot;,&quot;mobileColumns&quot;:&quot;1&quot;,&quot;lazyLoad&quot;:&quot;1&quot;,&quot;lightboxOpts&quot;:{&quot;loop&quot;:false,&quot;arrows&quot;:true,&quot;toolbar&quot;:true,&quot;keyboard&quot;:false,&quot;wheel&quot;:false,&quot;buttons&quot;:[&quot;close&quot;],&quot;hash&quot;:false,&quot;lang&quot;:&quot;en&quot;,&quot;touch&quot;:false,&quot;protect&quot;:false,&quot;i18n&quot;:{&quot;en&quot;:{&quot;CLOSE&quot;:&quot;Close&quot;,&quot;NEXT&quot;:&quot;Next&quot;,&quot;PREV&quot;:&quot;Previous&quot;,&quot;Error&quot;:&quot;The requested content cannot be loaded. Please try again later.&quot;,&quot;PLAY_START&quot;:&quot;Start slideshow&quot;,&quot;PLAY_STOP&quot;:&quot;Pause slideshow&quot;,&quot;FULL_SCREEN&quot;:&quot;Full screen&quot;,&quot;THUMBS&quot;:&quot;Thumbnails&quot;,&quot;DOWNLOAD&quot;:&quot;Download&quot;,&quot;SHARE&quot;:&quot;Share&quot;,&quot;ZOOM&quot;:&quot;Zoom&quot;}},&quot;clickSlide&quot;:false,&quot;clickOutside&quot;:false,&quot;dblclickContent&quot;:false,&quot;dblclickSlide&quot;:false,&quot;dblclickOutside&quot;:false,&quot;clickContent&quot;:false,&quot;baseTpl&quot;:&quot;&lt;div class=\\&quot;modula-fancybox-container modula-lightbox-jtg-10472\\&quot; role=\\&quot;dialog\\&quot; tabindex=\\&quot;-1\\&quot;&gt;&lt;div class=\\&quot;modula-fancybox-bg\\&quot;&gt;&lt;\\\/div&gt;&lt;div class=\\&quot;modula-fancybox-inner\\&quot;&gt;&lt;div class=\\&quot;modula-fancybox-infobar\\&quot;&gt;&lt;span data-fancybox-index&gt;&lt;\\\/span&gt;&nbsp;\\\/&nbsp;&lt;span data-fancybox-count&gt;&lt;\\\/span&gt;&lt;\\\/div&gt;&lt;div class=\\&quot;modula-fancybox-toolbar\\&quot;&gt;{{buttons}}&lt;\\\/div&gt;&lt;div class=\\&quot;modula-fancybox-navigation\\&quot;&gt;{{arrows}}&lt;\\\/div&gt;&lt;div class=\\&quot;modula-fancybox-stage\\&quot;&gt;&lt;\\\/div&gt;&lt;div class=\\&quot;modula-fancybox-caption\\&quot;&gt;&lt;div class=\\&quot;modula-fancybox-caption__body\\&quot;&gt;&lt;\\\/div&gt;&lt;\\\/div&gt;&lt;\\\/div&gt;&lt;\\\/div&gt;&quot;},&quot;inView&quot;:false,&quot;email_subject&quot;:&quot;Check out this awesome image !!&quot;,&quot;email_message&quot;:&quot;Here is the link to the image : %%image_link%% and this is the link to the gallery : %%gallery_link%%&quot;,&quot;lightbox&quot;:&quot;fancybox&quot;}\">\r\n\r\n\t\r\n\t<!-- Items Container -->\r\n\t<div  class=\"modula-items\">\r\n\t\t<div class=\"modula-item effect-pufrobo\" >\r\n\t<div class=\"modula-item-overlay\"><\/div>\r\n\r\n\t<div class=\"modula-item-content\">\r\n\r\n\t\t\t\t\r\n\t\t\t\t\t<a data-image-id=\"10473\" href=\"https:\/\/www.fieracreattiva.it\/bergamo-creattiva\/wp-content\/uploads\/2026\/02\/Capelli-in-sile-manga-Alice-Esculapi.jpg\" data-elementor-open-lightbox=\"no\" rel=\"jtg-10472\" data-caption=\"\" aria-label=\"Open image in lightbox\" title=\"Open image in lightbox\" class=\"tile-inner modula-item-link\"><\/a>\r\n\t\t\r\n\t\t<img class=\"pic wp-image-10473 lazyload\"  data-valign=\"middle\" data-halign=\"center\" alt=\"\" data-full=\"http:\/\/www.fieracreattiva.it\/bergamo-creattiva\/wp-content\/uploads\/2026\/02\/Capelli-in-sile-manga-Alice-Esculapi.jpg\" title=\"Capelli-in-sile-manga-Alice-Esculapi\" width=\"300\" height=\"300\" data-src=\"https:\/\/www.fieracreattiva.it\/bergamo-creattiva\/wp-content\/uploads\/2026\/02\/Capelli-in-sile-manga-Alice-Esculapi-300x300.jpg\" data-caption=\"\" data-source=\"modula\" data-srcset=\"https:\/\/www.fieracreattiva.it\/bergamo-creattiva\/wp-content\/uploads\/2026\/02\/Capelli-in-sile-manga-Alice-Esculapi-300x300.jpg 300w, https:\/\/www.fieracreattiva.it\/bergamo-creattiva\/wp-content\/uploads\/2026\/02\/Capelli-in-sile-manga-Alice-Esculapi-150x150.jpg 150w, https:\/\/www.fieracreattiva.it\/bergamo-creattiva\/wp-content\/uploads\/2026\/02\/Capelli-in-sile-manga-Alice-Esculapi-768x768.jpg 768w, https:\/\/www.fieracreattiva.it\/bergamo-creattiva\/wp-content\/uploads\/2026\/02\/Capelli-in-sile-manga-Alice-Esculapi.jpg 800w\" data-sizes=\"(max-width: 300px) 100vw, 300px\" srcset=\"https:\/\/www.fieracreattiva.it\/bergamo-creattiva\/wp-content\/uploads\/2026\/02\/Capelli-in-sile-manga-Alice-Esculapi-300x300.jpg 300w, https:\/\/www.fieracreattiva.it\/bergamo-creattiva\/wp-content\/uploads\/2026\/02\/Capelli-in-sile-manga-Alice-Esculapi-150x150.jpg 150w, https:\/\/www.fieracreattiva.it\/bergamo-creattiva\/wp-content\/uploads\/2026\/02\/Capelli-in-sile-manga-Alice-Esculapi-768x768.jpg 768w, https:\/\/www.fieracreattiva.it\/bergamo-creattiva\/wp-content\/uploads\/2026\/02\/Capelli-in-sile-manga-Alice-Esculapi.jpg 800w\" sizes=\"(max-width: 300px) 100vw, 300px\" \/>\r\n\t\t<div class=\"figc no-description\">\r\n\t\t\t<div class=\"figc-inner\">\r\n\t\t\t\t\t\t\t\t\t\t\t\t\t\t\t<\/div>\r\n\t\t<\/div>\r\n\r\n\t<\/div>\r\n\r\n<\/div><div class=\"modula-item effect-pufrobo\" >\r\n\t<div class=\"modula-item-overlay\"><\/div>\r\n\r\n\t<div class=\"modula-item-content\">\r\n\r\n\t\t\t\t\r\n\t\t\t\t\t<a data-image-id=\"10474\" href=\"https:\/\/www.fieracreattiva.it\/bergamo-creattiva\/wp-content\/uploads\/2026\/02\/Disegnamo-splendidi-fiori-Raffaella-Barboero.jpg\" data-elementor-open-lightbox=\"no\" rel=\"jtg-10472\" data-caption=\"\" aria-label=\"Open image in lightbox\" title=\"Open image in lightbox\" class=\"tile-inner modula-item-link\"><\/a>\r\n\t\t\r\n\t\t<img class=\"pic wp-image-10474 lazyload\"  data-valign=\"middle\" data-halign=\"center\" alt=\"\" data-full=\"http:\/\/www.fieracreattiva.it\/bergamo-creattiva\/wp-content\/uploads\/2026\/02\/Disegnamo-splendidi-fiori-Raffaella-Barboero.jpg\" title=\"Disegnamo-splendidi-fiori-Raffaella-Barboero\" width=\"300\" height=\"300\" data-src=\"https:\/\/www.fieracreattiva.it\/bergamo-creattiva\/wp-content\/uploads\/2026\/02\/Disegnamo-splendidi-fiori-Raffaella-Barboero-300x300.jpg\" data-caption=\"\" data-source=\"modula\" data-srcset=\"https:\/\/www.fieracreattiva.it\/bergamo-creattiva\/wp-content\/uploads\/2026\/02\/Disegnamo-splendidi-fiori-Raffaella-Barboero-300x300.jpg 300w, https:\/\/www.fieracreattiva.it\/bergamo-creattiva\/wp-content\/uploads\/2026\/02\/Disegnamo-splendidi-fiori-Raffaella-Barboero-150x150.jpg 150w, https:\/\/www.fieracreattiva.it\/bergamo-creattiva\/wp-content\/uploads\/2026\/02\/Disegnamo-splendidi-fiori-Raffaella-Barboero-768x768.jpg 768w, https:\/\/www.fieracreattiva.it\/bergamo-creattiva\/wp-content\/uploads\/2026\/02\/Disegnamo-splendidi-fiori-Raffaella-Barboero.jpg 800w\" data-sizes=\"(max-width: 300px) 100vw, 300px\" srcset=\"https:\/\/www.fieracreattiva.it\/bergamo-creattiva\/wp-content\/uploads\/2026\/02\/Disegnamo-splendidi-fiori-Raffaella-Barboero-300x300.jpg 300w, https:\/\/www.fieracreattiva.it\/bergamo-creattiva\/wp-content\/uploads\/2026\/02\/Disegnamo-splendidi-fiori-Raffaella-Barboero-150x150.jpg 150w, https:\/\/www.fieracreattiva.it\/bergamo-creattiva\/wp-content\/uploads\/2026\/02\/Disegnamo-splendidi-fiori-Raffaella-Barboero-768x768.jpg 768w, https:\/\/www.fieracreattiva.it\/bergamo-creattiva\/wp-content\/uploads\/2026\/02\/Disegnamo-splendidi-fiori-Raffaella-Barboero.jpg 800w\" sizes=\"(max-width: 300px) 100vw, 300px\" \/>\r\n\t\t<div class=\"figc no-description\">\r\n\t\t\t<div class=\"figc-inner\">\r\n\t\t\t\t\t\t\t\t\t\t\t\t\t\t\t<\/div>\r\n\t\t<\/div>\r\n\r\n\t<\/div>\r\n\r\n<\/div><div class=\"modula-item effect-pufrobo\" >\r\n\t<div class=\"modula-item-overlay\"><\/div>\r\n\r\n\t<div class=\"modula-item-content\">\r\n\r\n\t\t\t\t\r\n\t\t\t\t\t<a data-image-id=\"10475\" href=\"https:\/\/www.fieracreattiva.it\/bergamo-creattiva\/wp-content\/uploads\/2026\/02\/Fiori-acquerellati-Raffaella-Barbieri.jpg\" data-elementor-open-lightbox=\"no\" rel=\"jtg-10472\" data-caption=\"\" aria-label=\"Open image in lightbox\" title=\"Open image in lightbox\" class=\"tile-inner modula-item-link\"><\/a>\r\n\t\t\r\n\t\t<img class=\"pic wp-image-10475 lazyload\"  data-valign=\"middle\" data-halign=\"center\" alt=\"\" data-full=\"http:\/\/www.fieracreattiva.it\/bergamo-creattiva\/wp-content\/uploads\/2026\/02\/Fiori-acquerellati-Raffaella-Barbieri.jpg\" title=\"Fiori-acquerellati-Raffaella-Barbieri\" width=\"300\" height=\"300\" data-src=\"https:\/\/www.fieracreattiva.it\/bergamo-creattiva\/wp-content\/uploads\/2026\/02\/Fiori-acquerellati-Raffaella-Barbieri-300x300.jpg\" data-caption=\"\" data-source=\"modula\" data-srcset=\"https:\/\/www.fieracreattiva.it\/bergamo-creattiva\/wp-content\/uploads\/2026\/02\/Fiori-acquerellati-Raffaella-Barbieri-300x300.jpg 300w, https:\/\/www.fieracreattiva.it\/bergamo-creattiva\/wp-content\/uploads\/2026\/02\/Fiori-acquerellati-Raffaella-Barbieri-150x150.jpg 150w, https:\/\/www.fieracreattiva.it\/bergamo-creattiva\/wp-content\/uploads\/2026\/02\/Fiori-acquerellati-Raffaella-Barbieri-768x768.jpg 768w, https:\/\/www.fieracreattiva.it\/bergamo-creattiva\/wp-content\/uploads\/2026\/02\/Fiori-acquerellati-Raffaella-Barbieri.jpg 800w\" data-sizes=\"(max-width: 300px) 100vw, 300px\" srcset=\"https:\/\/www.fieracreattiva.it\/bergamo-creattiva\/wp-content\/uploads\/2026\/02\/Fiori-acquerellati-Raffaella-Barbieri-300x300.jpg 300w, https:\/\/www.fieracreattiva.it\/bergamo-creattiva\/wp-content\/uploads\/2026\/02\/Fiori-acquerellati-Raffaella-Barbieri-150x150.jpg 150w, https:\/\/www.fieracreattiva.it\/bergamo-creattiva\/wp-content\/uploads\/2026\/02\/Fiori-acquerellati-Raffaella-Barbieri-768x768.jpg 768w, https:\/\/www.fieracreattiva.it\/bergamo-creattiva\/wp-content\/uploads\/2026\/02\/Fiori-acquerellati-Raffaella-Barbieri.jpg 800w\" sizes=\"(max-width: 300px) 100vw, 300px\" \/>\r\n\t\t<div class=\"figc no-description\">\r\n\t\t\t<div class=\"figc-inner\">\r\n\t\t\t\t\t\t\t\t\t\t\t\t\t\t\t<\/div>\r\n\t\t<\/div>\r\n\r\n\t<\/div>\r\n\r\n<\/div><div class=\"modula-item effect-pufrobo\" >\r\n\t<div class=\"modula-item-overlay\"><\/div>\r\n\r\n\t<div class=\"modula-item-content\">\r\n\r\n\t\t\t\t\r\n\t\t\t\t\t<a data-image-id=\"10476\" href=\"https:\/\/www.fieracreattiva.it\/bergamo-creattiva\/wp-content\/uploads\/2026\/02\/Gatto-in-giardino-Tommaso-Bottalico.jpg\" data-elementor-open-lightbox=\"no\" rel=\"jtg-10472\" data-caption=\"\" aria-label=\"Open image in lightbox\" title=\"Open image in lightbox\" class=\"tile-inner modula-item-link\"><\/a>\r\n\t\t\r\n\t\t<img class=\"pic wp-image-10476 lazyload\"  data-valign=\"middle\" data-halign=\"center\" alt=\"\" data-full=\"http:\/\/www.fieracreattiva.it\/bergamo-creattiva\/wp-content\/uploads\/2026\/02\/Gatto-in-giardino-Tommaso-Bottalico.jpg\" title=\"Gatto-in-giardino-Tommaso-Bottalico\" width=\"300\" height=\"300\" data-src=\"https:\/\/www.fieracreattiva.it\/bergamo-creattiva\/wp-content\/uploads\/2026\/02\/Gatto-in-giardino-Tommaso-Bottalico-300x300.jpg\" data-caption=\"\" data-source=\"modula\" data-srcset=\"https:\/\/www.fieracreattiva.it\/bergamo-creattiva\/wp-content\/uploads\/2026\/02\/Gatto-in-giardino-Tommaso-Bottalico-300x300.jpg 300w, https:\/\/www.fieracreattiva.it\/bergamo-creattiva\/wp-content\/uploads\/2026\/02\/Gatto-in-giardino-Tommaso-Bottalico-150x150.jpg 150w, https:\/\/www.fieracreattiva.it\/bergamo-creattiva\/wp-content\/uploads\/2026\/02\/Gatto-in-giardino-Tommaso-Bottalico-768x768.jpg 768w, https:\/\/www.fieracreattiva.it\/bergamo-creattiva\/wp-content\/uploads\/2026\/02\/Gatto-in-giardino-Tommaso-Bottalico.jpg 800w\" data-sizes=\"(max-width: 300px) 100vw, 300px\" srcset=\"https:\/\/www.fieracreattiva.it\/bergamo-creattiva\/wp-content\/uploads\/2026\/02\/Gatto-in-giardino-Tommaso-Bottalico-300x300.jpg 300w, https:\/\/www.fieracreattiva.it\/bergamo-creattiva\/wp-content\/uploads\/2026\/02\/Gatto-in-giardino-Tommaso-Bottalico-150x150.jpg 150w, https:\/\/www.fieracreattiva.it\/bergamo-creattiva\/wp-content\/uploads\/2026\/02\/Gatto-in-giardino-Tommaso-Bottalico-768x768.jpg 768w, https:\/\/www.fieracreattiva.it\/bergamo-creattiva\/wp-content\/uploads\/2026\/02\/Gatto-in-giardino-Tommaso-Bottalico.jpg 800w\" sizes=\"(max-width: 300px) 100vw, 300px\" \/>\r\n\t\t<div class=\"figc no-description\">\r\n\t\t\t<div class=\"figc-inner\">\r\n\t\t\t\t\t\t\t\t\t\t\t\t\t\t\t<\/div>\r\n\t\t<\/div>\r\n\r\n\t<\/div>\r\n\r\n<\/div><div class=\"modula-item effect-pufrobo\" >\r\n\t<div class=\"modula-item-overlay\"><\/div>\r\n\r\n\t<div class=\"modula-item-content\">\r\n\r\n\t\t\t\t\r\n\t\t\t\t\t<a data-image-id=\"10477\" href=\"https:\/\/www.fieracreattiva.it\/bergamo-creattiva\/wp-content\/uploads\/2026\/02\/Manga-Girl-Alice-Esculapi.jpg\" data-elementor-open-lightbox=\"no\" rel=\"jtg-10472\" data-caption=\"\" aria-label=\"Open image in lightbox\" title=\"Open image in lightbox\" class=\"tile-inner modula-item-link\"><\/a>\r\n\t\t\r\n\t\t<img class=\"pic wp-image-10477 lazyload\"  data-valign=\"middle\" data-halign=\"center\" alt=\"\" data-full=\"http:\/\/www.fieracreattiva.it\/bergamo-creattiva\/wp-content\/uploads\/2026\/02\/Manga-Girl-Alice-Esculapi.jpg\" title=\"Manga-Girl-Alice-Esculapi\" width=\"300\" height=\"300\" data-src=\"https:\/\/www.fieracreattiva.it\/bergamo-creattiva\/wp-content\/uploads\/2026\/02\/Manga-Girl-Alice-Esculapi-300x300.jpg\" data-caption=\"\" data-source=\"modula\" data-srcset=\"https:\/\/www.fieracreattiva.it\/bergamo-creattiva\/wp-content\/uploads\/2026\/02\/Manga-Girl-Alice-Esculapi-300x300.jpg 300w, https:\/\/www.fieracreattiva.it\/bergamo-creattiva\/wp-content\/uploads\/2026\/02\/Manga-Girl-Alice-Esculapi-150x150.jpg 150w, https:\/\/www.fieracreattiva.it\/bergamo-creattiva\/wp-content\/uploads\/2026\/02\/Manga-Girl-Alice-Esculapi-768x768.jpg 768w, https:\/\/www.fieracreattiva.it\/bergamo-creattiva\/wp-content\/uploads\/2026\/02\/Manga-Girl-Alice-Esculapi.jpg 800w\" data-sizes=\"(max-width: 300px) 100vw, 300px\" srcset=\"https:\/\/www.fieracreattiva.it\/bergamo-creattiva\/wp-content\/uploads\/2026\/02\/Manga-Girl-Alice-Esculapi-300x300.jpg 300w, https:\/\/www.fieracreattiva.it\/bergamo-creattiva\/wp-content\/uploads\/2026\/02\/Manga-Girl-Alice-Esculapi-150x150.jpg 150w, https:\/\/www.fieracreattiva.it\/bergamo-creattiva\/wp-content\/uploads\/2026\/02\/Manga-Girl-Alice-Esculapi-768x768.jpg 768w, https:\/\/www.fieracreattiva.it\/bergamo-creattiva\/wp-content\/uploads\/2026\/02\/Manga-Girl-Alice-Esculapi.jpg 800w\" sizes=\"(max-width: 300px) 100vw, 300px\" \/>\r\n\t\t<div class=\"figc no-description\">\r\n\t\t\t<div class=\"figc-inner\">\r\n\t\t\t\t\t\t\t\t\t\t\t\t\t\t\t<\/div>\r\n\t\t<\/div>\r\n\r\n\t<\/div>\r\n\r\n<\/div><div class=\"modula-item effect-pufrobo\" >\r\n\t<div class=\"modula-item-overlay\"><\/div>\r\n\r\n\t<div class=\"modula-item-content\">\r\n\r\n\t\t\t\t\r\n\t\t\t\t\t<a data-image-id=\"10478\" href=\"https:\/\/www.fieracreattiva.it\/bergamo-creattiva\/wp-content\/uploads\/2026\/02\/Occhi-in-sile-manga-Alice-Esculapi.jpg\" data-elementor-open-lightbox=\"no\" rel=\"jtg-10472\" data-caption=\"\" aria-label=\"Open image in lightbox\" title=\"Open image in lightbox\" class=\"tile-inner modula-item-link\"><\/a>\r\n\t\t\r\n\t\t<img class=\"pic wp-image-10478 lazyload\"  data-valign=\"middle\" data-halign=\"center\" alt=\"\" data-full=\"http:\/\/www.fieracreattiva.it\/bergamo-creattiva\/wp-content\/uploads\/2026\/02\/Occhi-in-sile-manga-Alice-Esculapi.jpg\" title=\"Occhi-in-sile-manga-Alice-Esculapi\" width=\"300\" height=\"300\" data-src=\"https:\/\/www.fieracreattiva.it\/bergamo-creattiva\/wp-content\/uploads\/2026\/02\/Occhi-in-sile-manga-Alice-Esculapi-300x300.jpg\" data-caption=\"\" data-source=\"modula\" data-srcset=\"https:\/\/www.fieracreattiva.it\/bergamo-creattiva\/wp-content\/uploads\/2026\/02\/Occhi-in-sile-manga-Alice-Esculapi-300x300.jpg 300w, https:\/\/www.fieracreattiva.it\/bergamo-creattiva\/wp-content\/uploads\/2026\/02\/Occhi-in-sile-manga-Alice-Esculapi-150x150.jpg 150w, https:\/\/www.fieracreattiva.it\/bergamo-creattiva\/wp-content\/uploads\/2026\/02\/Occhi-in-sile-manga-Alice-Esculapi-768x768.jpg 768w, https:\/\/www.fieracreattiva.it\/bergamo-creattiva\/wp-content\/uploads\/2026\/02\/Occhi-in-sile-manga-Alice-Esculapi.jpg 800w\" data-sizes=\"(max-width: 300px) 100vw, 300px\" srcset=\"https:\/\/www.fieracreattiva.it\/bergamo-creattiva\/wp-content\/uploads\/2026\/02\/Occhi-in-sile-manga-Alice-Esculapi-300x300.jpg 300w, https:\/\/www.fieracreattiva.it\/bergamo-creattiva\/wp-content\/uploads\/2026\/02\/Occhi-in-sile-manga-Alice-Esculapi-150x150.jpg 150w, https:\/\/www.fieracreattiva.it\/bergamo-creattiva\/wp-content\/uploads\/2026\/02\/Occhi-in-sile-manga-Alice-Esculapi-768x768.jpg 768w, https:\/\/www.fieracreattiva.it\/bergamo-creattiva\/wp-content\/uploads\/2026\/02\/Occhi-in-sile-manga-Alice-Esculapi.jpg 800w\" sizes=\"(max-width: 300px) 100vw, 300px\" \/>\r\n\t\t<div class=\"figc no-description\">\r\n\t\t\t<div class=\"figc-inner\">\r\n\t\t\t\t\t\t\t\t\t\t\t\t\t\t\t<\/div>\r\n\t\t<\/div>\r\n\r\n\t<\/div>\r\n\r\n<\/div><div class=\"modula-item effect-pufrobo\" >\r\n\t<div class=\"modula-item-overlay\"><\/div>\r\n\r\n\t<div class=\"modula-item-content\">\r\n\r\n\t\t\t\t\r\n\t\t\t\t\t<a data-image-id=\"10479\" href=\"https:\/\/www.fieracreattiva.it\/bergamo-creattiva\/wp-content\/uploads\/2026\/02\/Paesaggi-con-soft-pastel-Raffaella-Babrbieri.jpg\" data-elementor-open-lightbox=\"no\" rel=\"jtg-10472\" data-caption=\"\" aria-label=\"Open image in lightbox\" title=\"Open image in lightbox\" class=\"tile-inner modula-item-link\"><\/a>\r\n\t\t\r\n\t\t<img class=\"pic wp-image-10479 lazyload\"  data-valign=\"middle\" data-halign=\"center\" alt=\"\" data-full=\"http:\/\/www.fieracreattiva.it\/bergamo-creattiva\/wp-content\/uploads\/2026\/02\/Paesaggi-con-soft-pastel-Raffaella-Babrbieri.jpg\" title=\"Paesaggi-con-soft-pastel-Raffaella-Babrbieri\" width=\"300\" height=\"300\" data-src=\"https:\/\/www.fieracreattiva.it\/bergamo-creattiva\/wp-content\/uploads\/2026\/02\/Paesaggi-con-soft-pastel-Raffaella-Babrbieri-300x300.jpg\" data-caption=\"\" data-source=\"modula\" data-srcset=\"https:\/\/www.fieracreattiva.it\/bergamo-creattiva\/wp-content\/uploads\/2026\/02\/Paesaggi-con-soft-pastel-Raffaella-Babrbieri-300x300.jpg 300w, https:\/\/www.fieracreattiva.it\/bergamo-creattiva\/wp-content\/uploads\/2026\/02\/Paesaggi-con-soft-pastel-Raffaella-Babrbieri-150x150.jpg 150w, https:\/\/www.fieracreattiva.it\/bergamo-creattiva\/wp-content\/uploads\/2026\/02\/Paesaggi-con-soft-pastel-Raffaella-Babrbieri-768x768.jpg 768w, https:\/\/www.fieracreattiva.it\/bergamo-creattiva\/wp-content\/uploads\/2026\/02\/Paesaggi-con-soft-pastel-Raffaella-Babrbieri.jpg 800w\" data-sizes=\"(max-width: 300px) 100vw, 300px\" srcset=\"https:\/\/www.fieracreattiva.it\/bergamo-creattiva\/wp-content\/uploads\/2026\/02\/Paesaggi-con-soft-pastel-Raffaella-Babrbieri-300x300.jpg 300w, https:\/\/www.fieracreattiva.it\/bergamo-creattiva\/wp-content\/uploads\/2026\/02\/Paesaggi-con-soft-pastel-Raffaella-Babrbieri-150x150.jpg 150w, https:\/\/www.fieracreattiva.it\/bergamo-creattiva\/wp-content\/uploads\/2026\/02\/Paesaggi-con-soft-pastel-Raffaella-Babrbieri-768x768.jpg 768w, https:\/\/www.fieracreattiva.it\/bergamo-creattiva\/wp-content\/uploads\/2026\/02\/Paesaggi-con-soft-pastel-Raffaella-Babrbieri.jpg 800w\" sizes=\"(max-width: 300px) 100vw, 300px\" \/>\r\n\t\t<div class=\"figc no-description\">\r\n\t\t\t<div class=\"figc-inner\">\r\n\t\t\t\t\t\t\t\t\t\t\t\t\t\t\t<\/div>\r\n\t\t<\/div>\r\n\r\n\t<\/div>\r\n\r\n<\/div><div class=\"modula-item effect-pufrobo\" >\r\n\t<div class=\"modula-item-overlay\"><\/div>\r\n\r\n\t<div class=\"modula-item-content\">\r\n\r\n\t\t\t\t\r\n\t\t\t\t\t<a data-image-id=\"10480\" href=\"https:\/\/www.fieracreattiva.it\/bergamo-creattiva\/wp-content\/uploads\/2026\/02\/Sapore-di-mare-Tommaso-Bottalico.jpg\" data-elementor-open-lightbox=\"no\" rel=\"jtg-10472\" data-caption=\"\" aria-label=\"Open image in lightbox\" title=\"Open image in lightbox\" class=\"tile-inner modula-item-link\"><\/a>\r\n\t\t\r\n\t\t<img class=\"pic wp-image-10480 lazyload\"  data-valign=\"middle\" data-halign=\"center\" alt=\"\" data-full=\"http:\/\/www.fieracreattiva.it\/bergamo-creattiva\/wp-content\/uploads\/2026\/02\/Sapore-di-mare-Tommaso-Bottalico.jpg\" title=\"Sapore-di-mare-Tommaso-Bottalico\" width=\"300\" height=\"300\" data-src=\"https:\/\/www.fieracreattiva.it\/bergamo-creattiva\/wp-content\/uploads\/2026\/02\/Sapore-di-mare-Tommaso-Bottalico-300x300.jpg\" data-caption=\"\" data-source=\"modula\" data-srcset=\"https:\/\/www.fieracreattiva.it\/bergamo-creattiva\/wp-content\/uploads\/2026\/02\/Sapore-di-mare-Tommaso-Bottalico-300x300.jpg 300w, https:\/\/www.fieracreattiva.it\/bergamo-creattiva\/wp-content\/uploads\/2026\/02\/Sapore-di-mare-Tommaso-Bottalico-150x150.jpg 150w, https:\/\/www.fieracreattiva.it\/bergamo-creattiva\/wp-content\/uploads\/2026\/02\/Sapore-di-mare-Tommaso-Bottalico-768x768.jpg 768w, https:\/\/www.fieracreattiva.it\/bergamo-creattiva\/wp-content\/uploads\/2026\/02\/Sapore-di-mare-Tommaso-Bottalico.jpg 800w\" data-sizes=\"(max-width: 300px) 100vw, 300px\" srcset=\"https:\/\/www.fieracreattiva.it\/bergamo-creattiva\/wp-content\/uploads\/2026\/02\/Sapore-di-mare-Tommaso-Bottalico-300x300.jpg 300w, https:\/\/www.fieracreattiva.it\/bergamo-creattiva\/wp-content\/uploads\/2026\/02\/Sapore-di-mare-Tommaso-Bottalico-150x150.jpg 150w, https:\/\/www.fieracreattiva.it\/bergamo-creattiva\/wp-content\/uploads\/2026\/02\/Sapore-di-mare-Tommaso-Bottalico-768x768.jpg 768w, https:\/\/www.fieracreattiva.it\/bergamo-creattiva\/wp-content\/uploads\/2026\/02\/Sapore-di-mare-Tommaso-Bottalico.jpg 800w\" sizes=\"(max-width: 300px) 100vw, 300px\" \/>\r\n\t\t<div class=\"figc no-description\">\r\n\t\t\t<div class=\"figc-inner\">\r\n\t\t\t\t\t\t\t\t\t\t\t\t\t\t\t<\/div>\r\n\t\t<\/div>\r\n\r\n\t<\/div>\r\n\r\n<\/div><div class=\"modula-item effect-pufrobo\" >\r\n\t<div class=\"modula-item-overlay\"><\/div>\r\n\r\n\t<div class=\"modula-item-content\">\r\n\r\n\t\t\t\t\r\n\t\t\t\t\t<a data-image-id=\"10481\" href=\"https:\/\/www.fieracreattiva.it\/bergamo-creattiva\/wp-content\/uploads\/2026\/02\/Uccellino-Richolly-Rosazza-.jpg\" data-elementor-open-lightbox=\"no\" rel=\"jtg-10472\" data-caption=\"\" aria-label=\"Open image in lightbox\" title=\"Open image in lightbox\" class=\"tile-inner modula-item-link\"><\/a>\r\n\t\t\r\n\t\t<img class=\"pic wp-image-10481 lazyload\"  data-valign=\"middle\" data-halign=\"center\" alt=\"\" data-full=\"http:\/\/www.fieracreattiva.it\/bergamo-creattiva\/wp-content\/uploads\/2026\/02\/Uccellino-Richolly-Rosazza-.jpg\" title=\"Uccellino-Richolly-Rosazza-\" width=\"300\" height=\"300\" data-src=\"https:\/\/www.fieracreattiva.it\/bergamo-creattiva\/wp-content\/uploads\/2026\/02\/Uccellino-Richolly-Rosazza--300x300.jpg\" data-caption=\"\" data-source=\"modula\" data-srcset=\"https:\/\/www.fieracreattiva.it\/bergamo-creattiva\/wp-content\/uploads\/2026\/02\/Uccellino-Richolly-Rosazza--300x300.jpg 300w, https:\/\/www.fieracreattiva.it\/bergamo-creattiva\/wp-content\/uploads\/2026\/02\/Uccellino-Richolly-Rosazza--150x150.jpg 150w, https:\/\/www.fieracreattiva.it\/bergamo-creattiva\/wp-content\/uploads\/2026\/02\/Uccellino-Richolly-Rosazza--768x768.jpg 768w, https:\/\/www.fieracreattiva.it\/bergamo-creattiva\/wp-content\/uploads\/2026\/02\/Uccellino-Richolly-Rosazza-.jpg 800w\" data-sizes=\"(max-width: 300px) 100vw, 300px\" srcset=\"https:\/\/www.fieracreattiva.it\/bergamo-creattiva\/wp-content\/uploads\/2026\/02\/Uccellino-Richolly-Rosazza--300x300.jpg 300w, https:\/\/www.fieracreattiva.it\/bergamo-creattiva\/wp-content\/uploads\/2026\/02\/Uccellino-Richolly-Rosazza--150x150.jpg 150w, https:\/\/www.fieracreattiva.it\/bergamo-creattiva\/wp-content\/uploads\/2026\/02\/Uccellino-Richolly-Rosazza--768x768.jpg 768w, https:\/\/www.fieracreattiva.it\/bergamo-creattiva\/wp-content\/uploads\/2026\/02\/Uccellino-Richolly-Rosazza-.jpg 800w\" sizes=\"(max-width: 300px) 100vw, 300px\" \/>\r\n\t\t<div class=\"figc no-description\">\r\n\t\t\t<div class=\"figc-inner\">\r\n\t\t\t\t\t\t\t\t\t\t\t\t\t\t\t<\/div>\r\n\t\t<\/div>\r\n\r\n\t<\/div>\r\n\r\n<\/div>\t\t\r\n\t<\/div>\r\n\r\n\t\r\n\t\r\n\t<script type=\"application\/ld+json\">\r\n\t{\r\n\t\t\"@context\": \"http:\/\/schema.org\",\r\n\t\t\"@type\"   : \"ImageGallery\",\r\n\t\t\"id\"      : \"https:\/\/www.fieracreattiva.it\/bergamo-creattiva\/wp-json\/wp\/v2\/pages\/6333\",\r\n\t\t\"url\"     : \"https:\/\/www.fieracreattiva.it\/bergamo-creattiva\/wp-json\/wp\/v2\/pages\/6333\"\r\n\t}\r\n\r\n    <\/script>\r\n\r\n\t\r\n<\/div><\/div>\n\t\t\t\t<\/div>\n\t\t\t\t<\/div>\n\t\t\t\t\t<\/div>\n\t\t<\/div>\n\t\t\t\t\t\t\t<\/div>\n\t\t<\/section>\n\t\t\t\t<div class=\"elementor-element elementor-element-b339031 elementor-widget elementor-widget-spacer\" data-id=\"b339031\" data-element_type=\"widget\" data-widget_type=\"spacer.default\">\n\t\t\t\t<div class=\"elementor-widget-container\">\n\t\t\t\t\t<div class=\"elementor-spacer\">\n\t\t\t<div class=\"elementor-spacer-inner\"><\/div>\n\t\t<\/div>\n\t\t\t\t<\/div>\n\t\t\t\t<\/div>\n\t\t\t\t<div class=\"elementor-element elementor-element-795cd56 acenter has-animated-bg elementor-invisible elementor-widget elementor-widget-wgl-button\" data-id=\"795cd56\" data-element_type=\"widget\" data-settings=\"{&quot;_animation&quot;:&quot;fadeInUp&quot;}\" data-widget_type=\"wgl-button.default\">\n\t\t\t\t<div class=\"elementor-widget-container\">\n\t\t\t<a  class=\"wgl-button btn-size-xl \" role=\"button\"><div class=\"button__content \"><span class=\"button__text\">LE ISCRIZIONI SONO CHIUSE<\/span><\/div><\/a>\t\t<\/div>\n\t\t\t\t<\/div>\n\t\t\t\t\t<\/div>\n\t\t<\/div>\n\t\t\t\t\t\t\t<\/div>\n\t\t<\/section>\n\t\t\t\t<section class=\"elementor-section elementor-top-section elementor-element elementor-element-45537f7 elementor-section-boxed elementor-section-height-default elementor-section-height-default\" data-id=\"45537f7\" data-element_type=\"section\">\n\t\t\t\t\t\t<div class=\"elementor-container elementor-column-gap-default\">\n\t\t\t\t\t<div class=\"elementor-column elementor-col-100 elementor-top-column elementor-element elementor-element-c097fb7\" data-id=\"c097fb7\" data-element_type=\"column\">\n\t\t\t<div class=\"elementor-widget-wrap elementor-element-populated\">\n\t\t\t\t\t\t\t\t<div class=\"elementor-element elementor-element-363a033 elementor-widget elementor-widget-spacer\" data-id=\"363a033\" data-element_type=\"widget\" data-widget_type=\"spacer.default\">\n\t\t\t\t<div class=\"elementor-widget-container\">\n\t\t\t\t\t<div class=\"elementor-spacer\">\n\t\t\t<div class=\"elementor-spacer-inner\"><\/div>\n\t\t<\/div>\n\t\t\t\t<\/div>\n\t\t\t\t<\/div>\n\t\t\t\t\t<\/div>\n\t\t<\/div>\n\t\t\t\t\t\t\t<\/div>\n\t\t<\/section>\n\t\t\t\t<section class=\"elementor-section elementor-top-section elementor-element elementor-element-0898170 elementor-hidden-desktop elementor-hidden-tablet elementor-hidden-mobile elementor-section-boxed elementor-section-height-default elementor-section-height-default\" data-id=\"0898170\" data-element_type=\"section\">\n\t\t\t\t\t\t<div class=\"elementor-container elementor-column-gap-default\">\n\t\t\t\t\t<div class=\"elementor-column elementor-col-50 elementor-top-column elementor-element elementor-element-4388408\" data-id=\"4388408\" data-element_type=\"column\">\n\t\t\t<div class=\"elementor-widget-wrap elementor-element-populated\">\n\t\t\t\t\t\t\t\t<div class=\"elementor-element elementor-element-f6bbf7b elementor-widget elementor-widget-spacer\" data-id=\"f6bbf7b\" data-element_type=\"widget\" data-widget_type=\"spacer.default\">\n\t\t\t\t<div class=\"elementor-widget-container\">\n\t\t\t\t\t<div class=\"elementor-spacer\">\n\t\t\t<div class=\"elementor-spacer-inner\"><\/div>\n\t\t<\/div>\n\t\t\t\t<\/div>\n\t\t\t\t<\/div>\n\t\t\t\t<div class=\"elementor-element elementor-element-7eee666 aleft elementor-invisible elementor-widget elementor-widget-wgl-double-heading\" data-id=\"7eee666\" data-element_type=\"widget\" data-settings=\"{&quot;_animation&quot;:&quot;fadeInUp&quot;}\" data-widget_type=\"wgl-double-heading.default\">\n\t\t\t\t<div class=\"elementor-widget-container\">\n\t\t\t<div class=\"wgl-double-heading\"><h4 class=\"dblh__title-wrapper\"><span class=\"dblh__title dblh__title-2\">Orari dei corsi<\/span><\/h4><\/div>\t\t<\/div>\n\t\t\t\t<\/div>\n\t\t\t\t<div class=\"elementor-element elementor-element-9c2777e elementor-widget elementor-widget-wgl-tabs\" data-id=\"9c2777e\" data-element_type=\"widget\" data-widget_type=\"wgl-tabs.default\">\n\t\t\t\t<div class=\"elementor-widget-container\">\n\t\t\t        <div class=\"wgl-tabs wgl-tabs_swiper-wrapper  tabs_align-left   icon_position-top    has-lavalamp \">\n            <div class=\"wgl-tabs_headings-wrap\">\n                <div class=\"wgl-tabs_headings swiper-wrapper\">                    <h5 data-tab-id=\"wgl-tab_1631\" class=\"wgl-tabs_header swiper-slide\">\n                    <span class=\"wgl-tabs_title\">GIOVED\u00cc<\/span>\n\n                    \n                    <\/h5>\n\n                                        <h5 data-tab-id=\"wgl-tab_1632\" class=\"wgl-tabs_header swiper-slide\">\n                    <span class=\"wgl-tabs_title\">VENERD\u00cc<\/span>\n\n                    \n                    <\/h5>\n\n                                        <h5 data-tab-id=\"wgl-tab_1633\" class=\"wgl-tabs_header swiper-slide\">\n                    <span class=\"wgl-tabs_title\">SABATO<\/span>\n\n                    \n                    <\/h5>\n\n                                        <h5 data-tab-id=\"wgl-tab_1634\" class=\"wgl-tabs_header swiper-slide\">\n                    <span class=\"wgl-tabs_title\">DOMENICA<\/span>\n\n                    \n                    <\/h5>\n\n                                    <\/div>\n            <\/div>\n\n            <div class=\"wgl-tabs_content-wrap\">                <div data-tab-id=\"wgl-tab_1631\" class=\"wgl-tabs_content\">\n                    <ul><li><strong>Ore 10 - <\/strong>Acquerello Floreale (Giulia Kushnir - villaggio del sogno)<\/li><li><strong>Ore 12<\/strong> - Aspettando il Natale colorazione con pennarelli ad alcol OLO (loshakeratoalberto)<\/li><li><strong>Ore 14 -<\/strong> Teoria del colore (Laura Cortinovis)<\/li><li><strong>Ore 16 -<\/strong> Magie d'Autunno: Dipingere una Volpe in Acquerello (Laura Cortinovis)<\/li><\/ul>                <\/div>\n\n                            <div data-tab-id=\"wgl-tab_1632\" class=\"wgl-tabs_content\">\n                    <ul><li><strong>Ore 10 - <\/strong>Acquerello Floreale (Giulia Kushnir - villaggio del sogno)<\/li><li><strong>Ore 12<\/strong> - Tecniche di colorazione con inchiostri acquarellabili (Tommaso Bottalico)<\/li><li><strong>Ore 14 -\u00a0<\/strong>Aspettando il Natale colorazione con pennarelli ad alcol OLO (loshakeratoalberto) <\/li><li><strong>Ore 16 -<\/strong> Tramonto ad acquerello (Felice Felatracco)<\/li><\/ul>                <\/div>\n\n                            <div data-tab-id=\"wgl-tab_1633\" class=\"wgl-tabs_content\">\n                    <ul><li><strong>Ore 10 -\u00a0<\/strong>Tramonto ad acquerello (Felice Feltracco)<\/li><li><strong>Ore 12<\/strong> - Aspettando il Natale colorazione con pennarelli ad alcol OLO (loshakeratoalberto)<\/li><li><strong>Ore 14 -\u00a0<\/strong>Magie d'Autunno: Dipingere una Volpe in Acquerello (Laura Cortinovis)<\/li><li><strong>Ore 16 -<\/strong> Teoria del colore (Laura Cortinovis)<\/li><\/ul>                <\/div>\n\n                            <div data-tab-id=\"wgl-tab_1634\" class=\"wgl-tabs_content\">\n                    <ul><li><strong>Ore 10 -\u00a0<\/strong>Aspettando il Natale colorazione con pennarelli ad alcol OLO (loshakeratoalberto)<\/li><li><strong>Ore 12<\/strong> - Tecniche di colorazione con inchiostri acquarellabili (Tommaso Bottalico)<\/li><li><strong>Ore 14 -\u00a0<\/strong>Teoria del colore (Laura Cortinovis)<\/li><li><strong>Ore 16 -<\/strong> Magie d'Autunno: Dipingere una Volpe in Acquerello (Laura Cortinovis)<\/li><\/ul>                <\/div>\n\n                        <\/div>\n        <\/div><!-- .wgl-tabs -->\n\t\t\t\t<\/div>\n\t\t\t\t<\/div>\n\t\t\t\t\t<\/div>\n\t\t<\/div>\n\t\t\t\t<div class=\"elementor-column elementor-col-50 elementor-top-column elementor-element elementor-element-1b25284\" data-id=\"1b25284\" data-element_type=\"column\">\n\t\t\t<div class=\"elementor-widget-wrap elementor-element-populated\">\n\t\t\t\t\t\t\t\t<div class=\"elementor-element elementor-element-c6bb43a elementor-widget elementor-widget-spacer\" data-id=\"c6bb43a\" data-element_type=\"widget\" data-widget_type=\"spacer.default\">\n\t\t\t\t<div class=\"elementor-widget-container\">\n\t\t\t\t\t<div class=\"elementor-spacer\">\n\t\t\t<div class=\"elementor-spacer-inner\"><\/div>\n\t\t<\/div>\n\t\t\t\t<\/div>\n\t\t\t\t<\/div>\n\t\t\t\t<div class=\"elementor-element elementor-element-5c848b6 aleft elementor-invisible elementor-widget elementor-widget-wgl-double-heading\" data-id=\"5c848b6\" data-element_type=\"widget\" data-settings=\"{&quot;_animation&quot;:&quot;fadeInUp&quot;}\" data-widget_type=\"wgl-double-heading.default\">\n\t\t\t\t<div class=\"elementor-widget-container\">\n\t\t\t<div class=\"wgl-double-heading\"><h4 class=\"dblh__title-wrapper\"><span class=\"dblh__title dblh__title-2\">Descrizione dei corsi<\/span><\/h4><\/div>\t\t<\/div>\n\t\t\t\t<\/div>\n\t\t\t\t<div class=\"elementor-element elementor-element-a28b7dd elementor-widget elementor-widget-spacer\" data-id=\"a28b7dd\" data-element_type=\"widget\" data-widget_type=\"spacer.default\">\n\t\t\t\t<div class=\"elementor-widget-container\">\n\t\t\t\t\t<div class=\"elementor-spacer\">\n\t\t\t<div class=\"elementor-spacer-inner\"><\/div>\n\t\t<\/div>\n\t\t\t\t<\/div>\n\t\t\t\t<\/div>\n\t\t\t\t<div class=\"elementor-element elementor-element-1775a7d elementor-widget elementor-widget-accordion\" data-id=\"1775a7d\" data-element_type=\"widget\" data-widget_type=\"accordion.default\">\n\t\t\t\t<div class=\"elementor-widget-container\">\n\t\t\t\t\t<div class=\"elementor-accordion\" role=\"tablist\">\n\t\t\t\t\t\t\t<div class=\"elementor-accordion-item\">\n\t\t\t\t\t<div id=\"elementor-tab-title-2451\" class=\"elementor-tab-title\" data-tab=\"1\" role=\"tab\" aria-controls=\"elementor-tab-content-2451\" aria-expanded=\"false\">\n\t\t\t\t\t\t\t\t\t\t\t\t\t<span class=\"elementor-accordion-icon elementor-accordion-icon-left\" aria-hidden=\"true\">\n\t\t\t\t\t\t\t\t\t\t\t\t\t\t\t<span class=\"elementor-accordion-icon-closed\"><i class=\"fas fa-plus\"><\/i><\/span>\n\t\t\t\t\t\t\t\t<span class=\"elementor-accordion-icon-opened\"><i class=\"fas fa-minus\"><\/i><\/span>\n\t\t\t\t\t\t\t\t\t\t\t\t\t\t<\/span>\n\t\t\t\t\t\t\t\t\t\t\t\t<a class=\"elementor-accordion-title\" href=\"\">ACQUERELLO FLOREALE<\/a>\n\t\t\t\t\t<\/div>\n\t\t\t\t\t<div id=\"elementor-tab-content-2451\" class=\"elementor-tab-content elementor-clearfix\" data-tab=\"1\" role=\"tabpanel\" aria-labelledby=\"elementor-tab-title-2451\"><p><strong>Condotto dall\u2019artista Giulia Kushnir (Villaggio del sogno)<br \/><\/strong><br \/>Esplora la magia dell&#8217;acquerello in questo corso dedicato alla creazione di un incantevole Tag floreale. In questa esperienza unica, ti guideremo attraverso le tecniche fondamentali dell&#8217;acquerello, permettendoti di dare vita a foglie, alberi e bacche incantevoli.<\/p><p>Durante il corso, imparerai a miscelare colori, creare sfondi e ombreggiature che daranno vita a questo fiore. Ogni partecipante avr\u00e0 l&#8217;opportunit\u00e0 di esprimere la propria creativit\u00e0, dando vita a un&#8217;opera unica e personale.<\/p><p>Che tu sia un principiante assoluto o un artista pi\u00f9 esperto, questo corso \u00e8 aperto a tutti. Unisciti a noi per una lezione immersa nella bellezza della pittura ad acquerello e lasciati ispirare dalla natura mentre creiamo insieme un fiore incantato sulla carta.<\/p><\/div>\n\t\t\t\t<\/div>\n\t\t\t\t\t\t\t<div class=\"elementor-accordion-item\">\n\t\t\t\t\t<div id=\"elementor-tab-title-2452\" class=\"elementor-tab-title\" data-tab=\"2\" role=\"tab\" aria-controls=\"elementor-tab-content-2452\" aria-expanded=\"false\">\n\t\t\t\t\t\t\t\t\t\t\t\t\t<span class=\"elementor-accordion-icon elementor-accordion-icon-left\" aria-hidden=\"true\">\n\t\t\t\t\t\t\t\t\t\t\t\t\t\t\t<span class=\"elementor-accordion-icon-closed\"><i class=\"fas fa-plus\"><\/i><\/span>\n\t\t\t\t\t\t\t\t<span class=\"elementor-accordion-icon-opened\"><i class=\"fas fa-minus\"><\/i><\/span>\n\t\t\t\t\t\t\t\t\t\t\t\t\t\t<\/span>\n\t\t\t\t\t\t\t\t\t\t\t\t<a class=\"elementor-accordion-title\" href=\"\">TEORIA DEL COLORE<\/a>\n\t\t\t\t\t<\/div>\n\t\t\t\t\t<div id=\"elementor-tab-content-2452\" class=\"elementor-tab-content elementor-clearfix\" data-tab=\"2\" role=\"tabpanel\" aria-labelledby=\"elementor-tab-title-2452\"><p><strong>Condotto dall\u2019illustratrice Laura Cortinovis (docente di Spazio Cam)<\/strong><\/p><p>Durante questo corso affronterai un piccolo viaggio nel mondo della Teoria del Colore. Riceverai un immagine che rappresenta il famoso CERCHIO DI ITTEN, uno strumento per imparare a fare e \u201cleggere\u201d colore a partire dai tre colori primari. L\u2019illustratrice ti guidera\u0300 passo passo nella colorazione del cerchio con un metodo che ti permettera\u0300 di comprendere la teoria e applicarla alle tue immagini.<\/p><\/div>\n\t\t\t\t<\/div>\n\t\t\t\t\t\t\t<div class=\"elementor-accordion-item\">\n\t\t\t\t\t<div id=\"elementor-tab-title-2453\" class=\"elementor-tab-title\" data-tab=\"3\" role=\"tab\" aria-controls=\"elementor-tab-content-2453\" aria-expanded=\"false\">\n\t\t\t\t\t\t\t\t\t\t\t\t\t<span class=\"elementor-accordion-icon elementor-accordion-icon-left\" aria-hidden=\"true\">\n\t\t\t\t\t\t\t\t\t\t\t\t\t\t\t<span class=\"elementor-accordion-icon-closed\"><i class=\"fas fa-plus\"><\/i><\/span>\n\t\t\t\t\t\t\t\t<span class=\"elementor-accordion-icon-opened\"><i class=\"fas fa-minus\"><\/i><\/span>\n\t\t\t\t\t\t\t\t\t\t\t\t\t\t<\/span>\n\t\t\t\t\t\t\t\t\t\t\t\t<a class=\"elementor-accordion-title\" href=\"\">TRAMONTO AD ACQUERELLO<\/a>\n\t\t\t\t\t<\/div>\n\t\t\t\t\t<div id=\"elementor-tab-content-2453\" class=\"elementor-tab-content elementor-clearfix\" data-tab=\"3\" role=\"tabpanel\" aria-labelledby=\"elementor-tab-title-2453\"><p><strong>Condotto dall\u2019artista Felice Feltracco<\/strong><\/p><p>In questo corso base di acquerello, impareremo a realizzare un cielo al tramonto, esplorando tecniche fondamentali per creare sfumature e contrasti tipici di questo momento della giornata. Partiremo dalla scelta dei colori e dalla preparazione della tavolozza, per poi passare alla stesura delle prime velature, studiando come miscelare i pigmenti per ottenere tonalit\u00e0 calde e armoniose. Scopriremo come gestire i tempi di asciugatura e come aggiungere dettagli che renderanno il nostro cielo al tramonto realistico e coinvolgente. Un corso perfetto per chi desidera avvicinarsi al mondo dell&#8217;acquerello!<\/p><\/div>\n\t\t\t\t<\/div>\n\t\t\t\t\t\t\t<div class=\"elementor-accordion-item\">\n\t\t\t\t\t<div id=\"elementor-tab-title-2454\" class=\"elementor-tab-title\" data-tab=\"4\" role=\"tab\" aria-controls=\"elementor-tab-content-2454\" aria-expanded=\"false\">\n\t\t\t\t\t\t\t\t\t\t\t\t\t<span class=\"elementor-accordion-icon elementor-accordion-icon-left\" aria-hidden=\"true\">\n\t\t\t\t\t\t\t\t\t\t\t\t\t\t\t<span class=\"elementor-accordion-icon-closed\"><i class=\"fas fa-plus\"><\/i><\/span>\n\t\t\t\t\t\t\t\t<span class=\"elementor-accordion-icon-opened\"><i class=\"fas fa-minus\"><\/i><\/span>\n\t\t\t\t\t\t\t\t\t\t\t\t\t\t<\/span>\n\t\t\t\t\t\t\t\t\t\t\t\t<a class=\"elementor-accordion-title\" href=\"\">MAGIE D\u2019AUTUNNO: DIPINGERE UNA VOLPE IN ACQUERELLO<\/a>\n\t\t\t\t\t<\/div>\n\t\t\t\t\t<div id=\"elementor-tab-content-2454\" class=\"elementor-tab-content elementor-clearfix\" data-tab=\"4\" role=\"tabpanel\" aria-labelledby=\"elementor-tab-title-2454\"><p><strong>Condotto dall\u2019illustratrice Laura Cortinovis (docente di Spazio Cam)<\/strong><\/p><p>Immergiamoci nei caldi colori autunnali realizzando insieme una dolce volpina. In questo corso introduttivo, esploreremo le tecniche fondamentali dell&#8217;acquerello che ci aiuteranno a dare vita a questo affascinante soggetto. Scopriremo come scegliere e preparare i colori, stendere le prime pennellate e aggiungere i dettagli per creare un effetto magico e suggestivo.<\/p><\/div>\n\t\t\t\t<\/div>\n\t\t\t\t\t\t\t<div class=\"elementor-accordion-item\">\n\t\t\t\t\t<div id=\"elementor-tab-title-2455\" class=\"elementor-tab-title\" data-tab=\"5\" role=\"tab\" aria-controls=\"elementor-tab-content-2455\" aria-expanded=\"false\">\n\t\t\t\t\t\t\t\t\t\t\t\t\t<span class=\"elementor-accordion-icon elementor-accordion-icon-left\" aria-hidden=\"true\">\n\t\t\t\t\t\t\t\t\t\t\t\t\t\t\t<span class=\"elementor-accordion-icon-closed\"><i class=\"fas fa-plus\"><\/i><\/span>\n\t\t\t\t\t\t\t\t<span class=\"elementor-accordion-icon-opened\"><i class=\"fas fa-minus\"><\/i><\/span>\n\t\t\t\t\t\t\t\t\t\t\t\t\t\t<\/span>\n\t\t\t\t\t\t\t\t\t\t\t\t<a class=\"elementor-accordion-title\" href=\"\">TECNICHE DI COLORAZIONE<\/a>\n\t\t\t\t\t<\/div>\n\t\t\t\t\t<div id=\"elementor-tab-content-2455\" class=\"elementor-tab-content elementor-clearfix\" data-tab=\"5\" role=\"tabpanel\" aria-labelledby=\"elementor-tab-title-2455\"><p><strong>Condotto dall\u2019artista Tommaso Bottalico<\/strong><br \/><br \/>Gli inchiostri acquarellabili sono un potente e versatile strumento, ideale per chi desidera ottenere effetti fluidi e sfumature morbide in modo semplice e immediato. Durante questo corso, impareremo ad utilizzarli al meglio, realizzando insieme uno splendido decoro floreale. Questo progetto \u00e8 perfetto per introdurre l\u2019atmosfera delle feste natalizie, con colori vivaci e un tocco delicato. Scopriremo come dosare e stendere l&#8217;inchiostro per ottenere sfumature armoniose e dettagli che renderanno la vostra composizione un\u2019opera unica ed elegante.<\/p><\/div>\n\t\t\t\t<\/div>\n\t\t\t\t\t\t\t<div class=\"elementor-accordion-item\">\n\t\t\t\t\t<div id=\"elementor-tab-title-2456\" class=\"elementor-tab-title\" data-tab=\"6\" role=\"tab\" aria-controls=\"elementor-tab-content-2456\" aria-expanded=\"false\">\n\t\t\t\t\t\t\t\t\t\t\t\t\t<span class=\"elementor-accordion-icon elementor-accordion-icon-left\" aria-hidden=\"true\">\n\t\t\t\t\t\t\t\t\t\t\t\t\t\t\t<span class=\"elementor-accordion-icon-closed\"><i class=\"fas fa-plus\"><\/i><\/span>\n\t\t\t\t\t\t\t\t<span class=\"elementor-accordion-icon-opened\"><i class=\"fas fa-minus\"><\/i><\/span>\n\t\t\t\t\t\t\t\t\t\t\t\t\t\t<\/span>\n\t\t\t\t\t\t\t\t\t\t\t\t<a class=\"elementor-accordion-title\" href=\"\">ASPETTANDO IL NATALE colorazione con pennarelli ad alcol OLO<\/a>\n\t\t\t\t\t<\/div>\n\t\t\t\t\t<div id=\"elementor-tab-content-2456\" class=\"elementor-tab-content elementor-clearfix\" data-tab=\"6\" role=\"tabpanel\" aria-labelledby=\"elementor-tab-title-2456\"><p><strong>Condotto dall\u2019artista Alberto Gava (loshakeratoalberto)<\/strong><br \/><br \/>In questo corso dedicato ai pennarelli professionali a base alcolica, impareremo a realizzare una splendida card natalizia decorata con una stella di Natale. Durante la lezione, esploreremo le tecniche di sfumatura e colorazione tipiche di questi strumenti, per ottenere profondit\u00e0 e dettagli realistici. Scopriremo come combinare diverse tonalit\u00e0, creare ombreggiature perfette e dare vita a una composizione armoniosa e festosa, ideale per i vostri progetti creativi durante le festivit\u00e0.<\/p><\/div>\n\t\t\t\t<\/div>\n\t\t\t\t\t\t\t\t<\/div>\n\t\t\t\t<\/div>\n\t\t\t\t<\/div>\n\t\t\t\t\t<\/div>\n\t\t<\/div>\n\t\t\t\t\t\t\t<\/div>\n\t\t<\/section>\n\t\t\t\t<section class=\"elementor-section elementor-top-section elementor-element elementor-element-a68d873 elementor-section-boxed elementor-section-height-default elementor-section-height-default\" data-id=\"a68d873\" data-element_type=\"section\">\n\t\t\t\t\t\t<div class=\"elementor-container elementor-column-gap-default\">\n\t\t\t\t\t<div class=\"elementor-column elementor-col-100 elementor-top-column elementor-element elementor-element-ba483e0\" data-id=\"ba483e0\" data-element_type=\"column\">\n\t\t\t<div class=\"elementor-widget-wrap elementor-element-populated\">\n\t\t\t\t\t\t\t\t<div class=\"elementor-element elementor-element-d8be541 elementor-invisible elementor-widget elementor-widget-text-editor\" data-id=\"d8be541\" data-element_type=\"widget\" data-settings=\"{&quot;_animation&quot;:&quot;fadeInUp&quot;}\" data-widget_type=\"text-editor.default\">\n\t\t\t\t<div class=\"elementor-widget-container\">\n\t\t\t\t\t\t\t<p><strong>In collaborazione con:<\/strong><\/p>\t\t\t\t\t\t<\/div>\n\t\t\t\t<\/div>\n\t\t\t\t\t<\/div>\n\t\t<\/div>\n\t\t\t\t\t\t\t<\/div>\n\t\t<\/section>\n\t\t\t\t<section class=\"elementor-section elementor-top-section elementor-element elementor-element-c81bf39 elementor-section-boxed elementor-section-height-default elementor-section-height-default\" data-id=\"c81bf39\" data-element_type=\"section\">\n\t\t\t\t\t\t<div class=\"elementor-container elementor-column-gap-default\">\n\t\t\t\t\t<div class=\"elementor-column elementor-col-16 elementor-top-column elementor-element elementor-element-9f4e233\" data-id=\"9f4e233\" data-element_type=\"column\">\n\t\t\t<div class=\"elementor-widget-wrap elementor-element-populated\">\n\t\t\t\t\t\t\t\t<div class=\"elementor-element elementor-element-cdc996f elementor-widget elementor-widget-image\" data-id=\"cdc996f\" data-element_type=\"widget\" data-widget_type=\"image.default\">\n\t\t\t\t<div class=\"elementor-widget-container\">\n\t\t\t\t\t\t\t\t\t\t\t\t<figure class=\"wp-caption\">\n\t\t\t\t\t\t\t\t\t\t\t<a href=\"https:\/\/www.tommyart.it\/\" target=\"_blank\">\n\t\t\t\t\t\t\t<img loading=\"lazy\" decoding=\"async\" width=\"300\" height=\"300\" src=\"https:\/\/www.fieracreattiva.it\/bergamo-creattiva\/wp-content\/uploads\/2026\/02\/BOTTALICO-300x300.jpg\" class=\"attachment-medium size-medium\" alt=\"\" srcset=\"https:\/\/www.fieracreattiva.it\/bergamo-creattiva\/wp-content\/uploads\/2026\/02\/BOTTALICO-300x300.jpg 300w, https:\/\/www.fieracreattiva.it\/bergamo-creattiva\/wp-content\/uploads\/2026\/02\/BOTTALICO-150x150.jpg 150w, https:\/\/www.fieracreattiva.it\/bergamo-creattiva\/wp-content\/uploads\/2026\/02\/BOTTALICO.jpg 400w\" sizes=\"auto, (max-width: 300px) 100vw, 300px\" \/>\t\t\t\t\t\t\t\t<\/a>\n\t\t\t\t\t\t\t\t\t\t\t<figcaption class=\"widget-image-caption wp-caption-text\">TOMMASO<\/figcaption>\n\t\t\t\t\t\t\t\t\t\t<\/figure>\n\t\t\t\t\t\t\t\t\t<\/div>\n\t\t\t\t<\/div>\n\t\t\t\t\t<\/div>\n\t\t<\/div>\n\t\t\t\t<div class=\"elementor-column elementor-col-16 elementor-top-column elementor-element elementor-element-7cb8543\" data-id=\"7cb8543\" data-element_type=\"column\">\n\t\t\t<div class=\"elementor-widget-wrap elementor-element-populated\">\n\t\t\t\t\t\t\t\t<div class=\"elementor-element elementor-element-5813a9c elementor-widget elementor-widget-image\" data-id=\"5813a9c\" data-element_type=\"widget\" data-widget_type=\"image.default\">\n\t\t\t\t<div class=\"elementor-widget-container\">\n\t\t\t\t\t\t\t\t\t\t\t\t<figure class=\"wp-caption\">\n\t\t\t\t\t\t\t\t\t\t\t<a href=\"https:\/\/www.instagram.com\/raffbarbieri\/\" target=\"_blank\">\n\t\t\t\t\t\t\t<img loading=\"lazy\" decoding=\"async\" width=\"300\" height=\"300\" src=\"https:\/\/www.fieracreattiva.it\/bergamo-creattiva\/wp-content\/uploads\/2026\/02\/Raffaella-Barbieri-300x300.jpg\" class=\"attachment-medium size-medium\" alt=\"\" srcset=\"https:\/\/www.fieracreattiva.it\/bergamo-creattiva\/wp-content\/uploads\/2026\/02\/Raffaella-Barbieri-300x300.jpg 300w, https:\/\/www.fieracreattiva.it\/bergamo-creattiva\/wp-content\/uploads\/2026\/02\/Raffaella-Barbieri-150x150.jpg 150w, https:\/\/www.fieracreattiva.it\/bergamo-creattiva\/wp-content\/uploads\/2026\/02\/Raffaella-Barbieri.jpg 400w\" sizes=\"auto, (max-width: 300px) 100vw, 300px\" \/>\t\t\t\t\t\t\t\t<\/a>\n\t\t\t\t\t\t\t\t\t\t\t<figcaption class=\"widget-image-caption wp-caption-text\">RAFFAELLA BARBIERI<\/figcaption>\n\t\t\t\t\t\t\t\t\t\t<\/figure>\n\t\t\t\t\t\t\t\t\t<\/div>\n\t\t\t\t<\/div>\n\t\t\t\t\t<\/div>\n\t\t<\/div>\n\t\t\t\t<div class=\"elementor-column elementor-col-16 elementor-top-column elementor-element elementor-element-05c5cf0\" data-id=\"05c5cf0\" data-element_type=\"column\">\n\t\t\t<div class=\"elementor-widget-wrap elementor-element-populated\">\n\t\t\t\t\t\t\t\t<div class=\"elementor-element elementor-element-f045807 elementor-widget elementor-widget-image\" data-id=\"f045807\" data-element_type=\"widget\" data-widget_type=\"image.default\">\n\t\t\t\t<div class=\"elementor-widget-container\">\n\t\t\t\t\t\t\t\t\t\t\t\t<figure class=\"wp-caption\">\n\t\t\t\t\t\t\t\t\t\t\t<a href=\"https:\/\/www.instagram.com\/richollyrosazza\/\" target=\"_blank\">\n\t\t\t\t\t\t\t<img loading=\"lazy\" decoding=\"async\" width=\"300\" height=\"300\" src=\"https:\/\/www.fieracreattiva.it\/bergamo-creattiva\/wp-content\/uploads\/2026\/02\/foto_rosazza-300x300.jpg\" class=\"attachment-medium size-medium\" alt=\"\" srcset=\"https:\/\/www.fieracreattiva.it\/bergamo-creattiva\/wp-content\/uploads\/2026\/02\/foto_rosazza-300x300.jpg 300w, https:\/\/www.fieracreattiva.it\/bergamo-creattiva\/wp-content\/uploads\/2026\/02\/foto_rosazza-150x150.jpg 150w, https:\/\/www.fieracreattiva.it\/bergamo-creattiva\/wp-content\/uploads\/2026\/02\/foto_rosazza.jpg 400w\" sizes=\"auto, (max-width: 300px) 100vw, 300px\" \/>\t\t\t\t\t\t\t\t<\/a>\n\t\t\t\t\t\t\t\t\t\t\t<figcaption class=\"widget-image-caption wp-caption-text\">ROSAZZA<\/figcaption>\n\t\t\t\t\t\t\t\t\t\t<\/figure>\n\t\t\t\t\t\t\t\t\t<\/div>\n\t\t\t\t<\/div>\n\t\t\t\t\t<\/div>\n\t\t<\/div>\n\t\t\t\t<div class=\"elementor-column elementor-col-16 elementor-top-column elementor-element elementor-element-426fc77\" data-id=\"426fc77\" data-element_type=\"column\">\n\t\t\t<div class=\"elementor-widget-wrap elementor-element-populated\">\n\t\t\t\t\t\t\t\t<div class=\"elementor-element elementor-element-bc10517 elementor-widget elementor-widget-image\" data-id=\"bc10517\" data-element_type=\"widget\" data-widget_type=\"image.default\">\n\t\t\t\t<div class=\"elementor-widget-container\">\n\t\t\t\t\t\t\t\t\t\t\t\t<figure class=\"wp-caption\">\n\t\t\t\t\t\t\t\t\t\t\t<a href=\"https:\/\/fumettodautore.com\/magazine\/planet-o\/3248-alice-esculapi-italian-mangaka\" target=\"_blank\">\n\t\t\t\t\t\t\t<img loading=\"lazy\" decoding=\"async\" width=\"300\" height=\"300\" src=\"https:\/\/www.fieracreattiva.it\/bergamo-creattiva\/wp-content\/uploads\/2026\/02\/avatar-300x300.jpg\" class=\"attachment-medium size-medium\" alt=\"\" srcset=\"https:\/\/www.fieracreattiva.it\/bergamo-creattiva\/wp-content\/uploads\/2026\/02\/avatar-300x300.jpg 300w, https:\/\/www.fieracreattiva.it\/bergamo-creattiva\/wp-content\/uploads\/2026\/02\/avatar-150x150.jpg 150w, https:\/\/www.fieracreattiva.it\/bergamo-creattiva\/wp-content\/uploads\/2026\/02\/avatar.jpg 400w\" sizes=\"auto, (max-width: 300px) 100vw, 300px\" \/>\t\t\t\t\t\t\t\t<\/a>\n\t\t\t\t\t\t\t\t\t\t\t<figcaption class=\"widget-image-caption wp-caption-text\">ALICE ESCULAPI<\/figcaption>\n\t\t\t\t\t\t\t\t\t\t<\/figure>\n\t\t\t\t\t\t\t\t\t<\/div>\n\t\t\t\t<\/div>\n\t\t\t\t\t<\/div>\n\t\t<\/div>\n\t\t\t\t<div class=\"elementor-column elementor-col-16 elementor-top-column elementor-element elementor-element-a466634\" data-id=\"a466634\" data-element_type=\"column\">\n\t\t\t<div class=\"elementor-widget-wrap\">\n\t\t\t\t\t\t\t\t\t<\/div>\n\t\t<\/div>\n\t\t\t\t<div class=\"elementor-column elementor-col-16 elementor-top-column elementor-element elementor-element-f0e9b72\" data-id=\"f0e9b72\" data-element_type=\"column\">\n\t\t\t<div class=\"elementor-widget-wrap\">\n\t\t\t\t\t\t\t\t\t<\/div>\n\t\t<\/div>\n\t\t\t\t\t\t\t<\/div>\n\t\t<\/section>\n\t\t\t\t<section class=\"elementor-section elementor-top-section elementor-element elementor-element-f4c38fd elementor-section-boxed elementor-section-height-default elementor-section-height-default\" data-id=\"f4c38fd\" data-element_type=\"section\" data-settings=\"{&quot;background_background&quot;:&quot;classic&quot;}\">\n\t\t\t\t\t\t<div class=\"elementor-container elementor-column-gap-default\">\n\t\t\t\t\t<div class=\"elementor-column elementor-col-100 elementor-top-column elementor-element elementor-element-bb9201d\" data-id=\"bb9201d\" data-element_type=\"column\">\n\t\t\t<div class=\"elementor-widget-wrap elementor-element-populated\">\n\t\t\t\t\t\t\t\t<div class=\"elementor-element elementor-element-6f394de elementor-invisible elementor-widget elementor-widget-text-editor\" data-id=\"6f394de\" data-element_type=\"widget\" data-settings=\"{&quot;_animation&quot;:&quot;fadeInUp&quot;}\" data-widget_type=\"text-editor.default\">\n\t\t\t\t<div class=\"elementor-widget-container\">\n\t\t\t\t\t\t\t<strong>Sponsor Tecnici:<\/strong>\t\t\t\t\t\t<\/div>\n\t\t\t\t<\/div>\n\t\t\t\t\t<\/div>\n\t\t<\/div>\n\t\t\t\t\t\t\t<\/div>\n\t\t<\/section>\n\t\t\t\t<section class=\"elementor-section elementor-top-section elementor-element elementor-element-be25aac elementor-section-boxed elementor-section-height-default elementor-section-height-default elementor-invisible\" data-id=\"be25aac\" data-element_type=\"section\" data-settings=\"{&quot;animation&quot;:&quot;fadeInUp&quot;,&quot;background_background&quot;:&quot;classic&quot;}\">\n\t\t\t\t\t\t<div class=\"elementor-container elementor-column-gap-default\">\n\t\t\t\t\t<div class=\"elementor-column elementor-col-16 elementor-top-column elementor-element elementor-element-13f9879\" data-id=\"13f9879\" data-element_type=\"column\">\n\t\t\t<div class=\"elementor-widget-wrap elementor-element-populated\">\n\t\t\t\t\t\t\t\t<div class=\"elementor-element elementor-element-2cd13dc elementor-widget elementor-widget-image\" data-id=\"2cd13dc\" data-element_type=\"widget\" data-widget_type=\"image.default\">\n\t\t\t\t<div class=\"elementor-widget-container\">\n\t\t\t\t\t\t\t\t\t\t\t\t\t\t\t\t<a href=\"https:\/\/www.abralux.it\/\" target=\"_blank\">\n\t\t\t\t\t\t\t<img loading=\"lazy\" decoding=\"async\" width=\"300\" height=\"300\" src=\"https:\/\/www.fieracreattiva.it\/bergamo-creattiva\/wp-content\/uploads\/2025\/01\/Abralux_Logo-300x300.jpg\" class=\"attachment-medium size-medium\" alt=\"\" srcset=\"https:\/\/www.fieracreattiva.it\/bergamo-creattiva\/wp-content\/uploads\/2025\/01\/Abralux_Logo-300x300.jpg 300w, https:\/\/www.fieracreattiva.it\/bergamo-creattiva\/wp-content\/uploads\/2025\/01\/Abralux_Logo-150x150.jpg 150w, https:\/\/www.fieracreattiva.it\/bergamo-creattiva\/wp-content\/uploads\/2025\/01\/Abralux_Logo.jpg 400w\" sizes=\"auto, (max-width: 300px) 100vw, 300px\" \/>\t\t\t\t\t\t\t\t<\/a>\n\t\t\t\t\t\t\t\t\t\t\t\t\t\t\t<\/div>\n\t\t\t\t<\/div>\n\t\t\t\t\t<\/div>\n\t\t<\/div>\n\t\t\t\t<div class=\"elementor-column elementor-col-16 elementor-top-column elementor-element elementor-element-c9d3e87\" data-id=\"c9d3e87\" data-element_type=\"column\">\n\t\t\t<div class=\"elementor-widget-wrap elementor-element-populated\">\n\t\t\t\t\t\t\t\t<div class=\"elementor-element elementor-element-037e8cd elementor-widget elementor-widget-image\" data-id=\"037e8cd\" data-element_type=\"widget\" data-widget_type=\"image.default\">\n\t\t\t\t<div class=\"elementor-widget-container\">\n\t\t\t\t\t\t\t\t\t\t\t\t\t\t\t\t<a href=\"https:\/\/www.borcianiebonazzi.com\/it\/\" target=\"_blank\">\n\t\t\t\t\t\t\t<img loading=\"lazy\" decoding=\"async\" width=\"300\" height=\"300\" src=\"https:\/\/www.fieracreattiva.it\/bergamo-creattiva\/wp-content\/uploads\/2025\/01\/BorcianiBonazzi_logo-300x300.jpg\" class=\"attachment-medium size-medium\" alt=\"\" srcset=\"https:\/\/www.fieracreattiva.it\/bergamo-creattiva\/wp-content\/uploads\/2025\/01\/BorcianiBonazzi_logo-300x300.jpg 300w, https:\/\/www.fieracreattiva.it\/bergamo-creattiva\/wp-content\/uploads\/2025\/01\/BorcianiBonazzi_logo-150x150.jpg 150w, https:\/\/www.fieracreattiva.it\/bergamo-creattiva\/wp-content\/uploads\/2025\/01\/BorcianiBonazzi_logo.jpg 400w\" sizes=\"auto, (max-width: 300px) 100vw, 300px\" \/>\t\t\t\t\t\t\t\t<\/a>\n\t\t\t\t\t\t\t\t\t\t\t\t\t\t\t<\/div>\n\t\t\t\t<\/div>\n\t\t\t\t\t<\/div>\n\t\t<\/div>\n\t\t\t\t<div class=\"elementor-column elementor-col-16 elementor-top-column elementor-element elementor-element-b0bfa6c\" data-id=\"b0bfa6c\" data-element_type=\"column\">\n\t\t\t<div class=\"elementor-widget-wrap elementor-element-populated\">\n\t\t\t\t\t\t\t\t<div class=\"elementor-element elementor-element-391c968 elementor-widget elementor-widget-image\" data-id=\"391c968\" data-element_type=\"widget\" data-widget_type=\"image.default\">\n\t\t\t\t<div class=\"elementor-widget-container\">\n\t\t\t\t\t\t\t\t\t\t\t\t\t\t\t\t<a href=\"https:\/\/olomarker.com\/\" target=\"_blank\">\n\t\t\t\t\t\t\t<img loading=\"lazy\" decoding=\"async\" width=\"200\" height=\"200\" src=\"https:\/\/www.fieracreattiva.it\/bergamo-creattiva\/wp-content\/uploads\/2024\/09\/olo.png\" class=\"attachment-medium size-medium\" alt=\"\" srcset=\"https:\/\/www.fieracreattiva.it\/bergamo-creattiva\/wp-content\/uploads\/2024\/09\/olo.png 200w, https:\/\/www.fieracreattiva.it\/bergamo-creattiva\/wp-content\/uploads\/2024\/09\/olo-150x150.png 150w\" sizes=\"auto, (max-width: 200px) 100vw, 200px\" \/>\t\t\t\t\t\t\t\t<\/a>\n\t\t\t\t\t\t\t\t\t\t\t\t\t\t\t<\/div>\n\t\t\t\t<\/div>\n\t\t\t\t\t<\/div>\n\t\t<\/div>\n\t\t\t\t<div class=\"elementor-column elementor-col-16 elementor-top-column elementor-element elementor-element-3e0872d\" data-id=\"3e0872d\" data-element_type=\"column\">\n\t\t\t<div class=\"elementor-widget-wrap elementor-element-populated\">\n\t\t\t\t\t\t\t\t<div class=\"elementor-element elementor-element-f99cea7 elementor-widget elementor-widget-image\" data-id=\"f99cea7\" data-element_type=\"widget\" data-widget_type=\"image.default\">\n\t\t\t\t<div class=\"elementor-widget-container\">\n\t\t\t\t\t\t\t\t\t\t\t\t\t\t\t\t<a href=\"https:\/\/www.fabbricadelcolore.it\/\" target=\"_blank\">\n\t\t\t\t\t\t\t<img loading=\"lazy\" decoding=\"async\" width=\"300\" height=\"300\" src=\"https:\/\/www.fieracreattiva.it\/bergamo-creattiva\/wp-content\/uploads\/2025\/01\/Logo-fabbrica-del-colore-def-1-300x300.jpg\" class=\"attachment-medium size-medium\" alt=\"\" srcset=\"https:\/\/www.fieracreattiva.it\/bergamo-creattiva\/wp-content\/uploads\/2025\/01\/Logo-fabbrica-del-colore-def-1-300x300.jpg 300w, https:\/\/www.fieracreattiva.it\/bergamo-creattiva\/wp-content\/uploads\/2025\/01\/Logo-fabbrica-del-colore-def-1-150x150.jpg 150w, https:\/\/www.fieracreattiva.it\/bergamo-creattiva\/wp-content\/uploads\/2025\/01\/Logo-fabbrica-del-colore-def-1.jpg 400w\" sizes=\"auto, (max-width: 300px) 100vw, 300px\" \/>\t\t\t\t\t\t\t\t<\/a>\n\t\t\t\t\t\t\t\t\t\t\t\t\t\t\t<\/div>\n\t\t\t\t<\/div>\n\t\t\t\t\t<\/div>\n\t\t<\/div>\n\t\t\t\t<div class=\"elementor-column elementor-col-16 elementor-top-column elementor-element elementor-element-b211ae6\" data-id=\"b211ae6\" data-element_type=\"column\">\n\t\t\t<div class=\"elementor-widget-wrap elementor-element-populated\">\n\t\t\t\t\t\t\t\t<div class=\"elementor-element elementor-element-364656d elementor-widget elementor-widget-image\" data-id=\"364656d\" data-element_type=\"widget\" data-widget_type=\"image.default\">\n\t\t\t\t<div class=\"elementor-widget-container\">\n\t\t\t\t\t\t\t\t\t\t\t\t\t\t\t\t<a href=\"https:\/\/www.kin.it\/\" target=\"_blank\">\n\t\t\t\t\t\t\t<img loading=\"lazy\" decoding=\"async\" width=\"300\" height=\"300\" src=\"https:\/\/www.fieracreattiva.it\/bergamo-creattiva\/wp-content\/uploads\/2025\/01\/K-i-n_Logo_quadrato-300x300.jpg\" class=\"attachment-medium size-medium\" alt=\"\" srcset=\"https:\/\/www.fieracreattiva.it\/bergamo-creattiva\/wp-content\/uploads\/2025\/01\/K-i-n_Logo_quadrato-300x300.jpg 300w, https:\/\/www.fieracreattiva.it\/bergamo-creattiva\/wp-content\/uploads\/2025\/01\/K-i-n_Logo_quadrato-150x150.jpg 150w, https:\/\/www.fieracreattiva.it\/bergamo-creattiva\/wp-content\/uploads\/2025\/01\/K-i-n_Logo_quadrato.jpg 400w\" sizes=\"auto, (max-width: 300px) 100vw, 300px\" \/>\t\t\t\t\t\t\t\t<\/a>\n\t\t\t\t\t\t\t\t\t\t\t\t\t\t\t<\/div>\n\t\t\t\t<\/div>\n\t\t\t\t\t<\/div>\n\t\t<\/div>\n\t\t\t\t<div class=\"elementor-column elementor-col-16 elementor-top-column elementor-element elementor-element-5906cd2\" data-id=\"5906cd2\" data-element_type=\"column\">\n\t\t\t<div class=\"elementor-widget-wrap elementor-element-populated\">\n\t\t\t\t\t\t\t\t<div class=\"elementor-element elementor-element-c506ee6 elementor-widget elementor-widget-image\" data-id=\"c506ee6\" data-element_type=\"widget\" data-widget_type=\"image.default\">\n\t\t\t\t<div class=\"elementor-widget-container\">\n\t\t\t\t\t\t\t\t\t\t\t\t\t\t\t\t<a href=\"https:\/\/it.canson.com\/\" target=\"_blank\">\n\t\t\t\t\t\t\t<img loading=\"lazy\" decoding=\"async\" width=\"300\" height=\"300\" src=\"https:\/\/www.fieracreattiva.it\/bergamo-creattiva\/wp-content\/uploads\/2026\/02\/sanson-300x300.jpg\" class=\"attachment-medium size-medium\" alt=\"\" srcset=\"https:\/\/www.fieracreattiva.it\/bergamo-creattiva\/wp-content\/uploads\/2026\/02\/sanson-300x300.jpg 300w, https:\/\/www.fieracreattiva.it\/bergamo-creattiva\/wp-content\/uploads\/2026\/02\/sanson-150x150.jpg 150w, https:\/\/www.fieracreattiva.it\/bergamo-creattiva\/wp-content\/uploads\/2026\/02\/sanson.jpg 400w\" sizes=\"auto, (max-width: 300px) 100vw, 300px\" \/>\t\t\t\t\t\t\t\t<\/a>\n\t\t\t\t\t\t\t\t\t\t\t\t\t\t\t<\/div>\n\t\t\t\t<\/div>\n\t\t\t\t\t<\/div>\n\t\t<\/div>\n\t\t\t\t\t\t\t<\/div>\n\t\t<\/section>\n\t\t\t\t<section class=\"elementor-section elementor-top-section elementor-element elementor-element-89d46e9 elementor-section-boxed elementor-section-height-default elementor-section-height-default\" data-id=\"89d46e9\" data-element_type=\"section\">\n\t\t\t\t\t\t<div class=\"elementor-container elementor-column-gap-default\">\n\t\t\t\t\t<div class=\"elementor-column elementor-col-100 elementor-top-column elementor-element elementor-element-e69f7ef\" data-id=\"e69f7ef\" data-element_type=\"column\">\n\t\t\t<div class=\"elementor-widget-wrap elementor-element-populated\">\n\t\t\t\t\t\t\t\t<div class=\"elementor-element elementor-element-bd77b19 elementor-widget elementor-widget-spacer\" data-id=\"bd77b19\" data-element_type=\"widget\" data-widget_type=\"spacer.default\">\n\t\t\t\t<div class=\"elementor-widget-container\">\n\t\t\t\t\t<div class=\"elementor-spacer\">\n\t\t\t<div class=\"elementor-spacer-inner\"><\/div>\n\t\t<\/div>\n\t\t\t\t<\/div>\n\t\t\t\t<\/div>\n\t\t\t\t\t<\/div>\n\t\t<\/div>\n\t\t\t\t\t\t\t<\/div>\n\t\t<\/section>\n\t\t\t\t<section class=\"elementor-section elementor-top-section elementor-element elementor-element-fa94edb elementor-section-boxed elementor-section-height-default elementor-section-height-default\" data-id=\"fa94edb\" data-element_type=\"section\">\n\t\t\t\t\t\t<div class=\"elementor-container elementor-column-gap-default\">\n\t\t\t\t\t<div class=\"elementor-column elementor-col-100 elementor-top-column elementor-element elementor-element-377c6e5\" data-id=\"377c6e5\" data-element_type=\"column\">\n\t\t\t<div class=\"elementor-widget-wrap elementor-element-populated\">\n\t\t\t\t\t\t\t\t<section class=\"elementor-section elementor-inner-section elementor-element elementor-element-526fb3c elementor-section-boxed elementor-section-height-default elementor-section-height-default\" data-id=\"526fb3c\" data-element_type=\"section\">\n\t\t\t\t\t\t<div class=\"elementor-container elementor-column-gap-default\">\n\t\t\t\t\t<div class=\"elementor-column elementor-col-50 elementor-inner-column elementor-element elementor-element-298e564\" data-id=\"298e564\" data-element_type=\"column\">\n\t\t\t<div class=\"elementor-widget-wrap elementor-element-populated\">\n\t\t\t\t\t\t\t\t<div class=\"elementor-element elementor-element-f1b6c62 aleft elementor-invisible elementor-widget elementor-widget-wgl-double-heading\" data-id=\"f1b6c62\" data-element_type=\"widget\" data-settings=\"{&quot;_animation&quot;:&quot;fadeInUp&quot;}\" data-widget_type=\"wgl-double-heading.default\">\n\t\t\t\t<div class=\"elementor-widget-container\">\n\t\t\t<div class=\"wgl-double-heading\"><h5 class=\"dblh__title-wrapper\"><span class=\"dblh__title dblh__title-1\">Info utili<\/span><\/h5><\/div>\t\t<\/div>\n\t\t\t\t<\/div>\n\t\t\t\t<div class=\"elementor-element elementor-element-a2f2f4d elementor-invisible elementor-widget elementor-widget-text-editor\" data-id=\"a2f2f4d\" data-element_type=\"widget\" data-settings=\"{&quot;_animation&quot;:&quot;fadeInUp&quot;}\" data-widget_type=\"text-editor.default\">\n\t\t\t\t<div class=\"elementor-widget-container\">\n\t\t\t\t\t\t\t<ul><li style=\"text-align: justify;\">Per l\u2019accesso a Creattiva Academy sar\u00e0 sufficiente essere in possesso di un biglietto di ingresso a Fiera Creattiva (<a href=\"https:\/\/www.fieracreattiva.it\/bergamo-creattiva\/date-orari-costi\/\"><strong>acquistabile qui<\/strong><\/a>).<\/li><li style=\"text-align: justify;\">I partecipanti ai corsi dovranno presentarsi 10 minuti prima dell\u2019inizio del corso presso l\u2019info-point allestito in prossimit\u00e0 dell\u2019area dedicata per il controllo delle iscrizioni (verr\u00e0 richiesto il badge in formato cartaceo o digitale).<\/li><\/ul>\t\t\t\t\t\t<\/div>\n\t\t\t\t<\/div>\n\t\t\t\t\t<\/div>\n\t\t<\/div>\n\t\t\t\t<div class=\"elementor-column elementor-col-50 elementor-inner-column elementor-element elementor-element-4ac00a6\" data-id=\"4ac00a6\" data-element_type=\"column\">\n\t\t\t<div class=\"elementor-widget-wrap elementor-element-populated\">\n\t\t\t\t\t\t\t\t<div class=\"elementor-element elementor-element-134f0c0 elementor-widget elementor-widget-spacer\" data-id=\"134f0c0\" data-element_type=\"widget\" data-widget_type=\"spacer.default\">\n\t\t\t\t<div class=\"elementor-widget-container\">\n\t\t\t\t\t<div class=\"elementor-spacer\">\n\t\t\t<div class=\"elementor-spacer-inner\"><\/div>\n\t\t<\/div>\n\t\t\t\t<\/div>\n\t\t\t\t<\/div>\n\t\t\t\t<div class=\"elementor-element elementor-element-1bcf5a2 elementor-invisible elementor-widget elementor-widget-text-editor\" data-id=\"1bcf5a2\" data-element_type=\"widget\" data-settings=\"{&quot;_animation&quot;:&quot;fadeInUp&quot;}\" data-widget_type=\"text-editor.default\">\n\t\t\t\t<div class=\"elementor-widget-container\">\n\t\t\t\t\t\t\t<ul><li style=\"text-align: justify;\">I posti disponibili sono limitati; per consentire al maggior numero di persone di frequentare i corsi, ogni visitatore potr\u00e0 iscriversi ad una sola attivit\u00e0.<\/li><li style=\"text-align: justify;\">Entro il 3 marzo 2026 sar\u00e0 possibile modificare o annullare l\u2019iscrizione effettuata accedendo al portale dedicato con le proprie credenziali.<\/li><\/ul>\t\t\t\t\t\t<\/div>\n\t\t\t\t<\/div>\n\t\t\t\t\t<\/div>\n\t\t<\/div>\n\t\t\t\t\t\t\t<\/div>\n\t\t<\/section>\n\t\t\t\t\t<\/div>\n\t\t<\/div>\n\t\t\t\t\t\t\t<\/div>\n\t\t<\/section>\n\t\t\t\t\t\t\t<\/div>\n\t\t","protected":false},"excerpt":{"rendered":"<p>CORSI PER GLI AMANTI DEL DISEGNO E DELLA COLORAZIONE L\u2019arte del disegno e della colorazione sono la tua passione?In occasione dell\u2019edizione di primavera, Fiera Creattiva ti offre l\u2019opportunit\u00e0 di imparare nuove tecniche e di migliorare le tue competenze partecipando alle attivit\u00e0 gratuite organizzate presso l\u2019area di Creattiva Academy. La partecipazione ai corsi \u00e8 gratuita, previa [&hellip;]<\/p>\n","protected":false},"author":1,"featured_media":0,"parent":0,"menu_order":0,"comment_status":"closed","ping_status":"closed","template":"","meta":{"footnotes":""},"class_list":["post-6333","page","type-page","status-publish","hentry"],"yoast_head":"<!-- This site is optimized with the Yoast SEO plugin v19.6.1 - https:\/\/yoast.com\/wordpress\/plugins\/seo\/ -->\n<title>Creattiva Academy - Fiera Creattiva Bergamo<\/title>\n<meta name=\"robots\" content=\"index, follow, max-snippet:-1, max-image-preview:large, max-video-preview:-1\" \/>\n<link rel=\"canonical\" href=\"https:\/\/www.fieracreattiva.it\/bergamo-creattiva\/creattiva-academy\/\" \/>\n<meta property=\"og:locale\" content=\"it_IT\" \/>\n<meta property=\"og:type\" content=\"article\" \/>\n<meta property=\"og:title\" content=\"Creattiva Academy - Fiera Creattiva Bergamo\" \/>\n<meta property=\"og:description\" content=\"CORSI PER GLI AMANTI DEL DISEGNO E DELLA COLORAZIONE L\u2019arte del disegno e della colorazione sono la tua passione?In occasione dell\u2019edizione di primavera, Fiera Creattiva ti offre l\u2019opportunit\u00e0 di imparare nuove tecniche e di migliorare le tue competenze partecipando alle attivit\u00e0 gratuite organizzate presso l\u2019area di Creattiva Academy. La partecipazione ai corsi \u00e8 gratuita, previa [&hellip;]\" \/>\n<meta property=\"og:url\" content=\"https:\/\/www.fieracreattiva.it\/bergamo-creattiva\/creattiva-academy\/\" \/>\n<meta property=\"og:site_name\" content=\"Fiera Creattiva Bergamo\" \/>\n<meta property=\"article:publisher\" content=\"https:\/\/www.facebook.com\/FieraCreattiva\" \/>\n<meta property=\"article:modified_time\" content=\"2026-03-04T15:55:29+00:00\" \/>\n<meta property=\"og:image\" content=\"http:\/\/www.fieracreattiva.it\/bergamo-creattiva\/wp-content\/uploads\/2026\/02\/BOTTALICO-300x300.jpg\" \/>\n<meta name=\"twitter:card\" content=\"summary_large_image\" \/>\n<meta name=\"twitter:label1\" content=\"Tempo di lettura stimato\" \/>\n\t<meta name=\"twitter:data1\" content=\"10 minuti\" \/>\n<script type=\"application\/ld+json\" class=\"yoast-schema-graph\">{\"@context\":\"https:\/\/schema.org\",\"@graph\":[{\"@type\":\"WebPage\",\"@id\":\"https:\/\/www.fieracreattiva.it\/bergamo-creattiva\/creattiva-academy\/\",\"url\":\"https:\/\/www.fieracreattiva.it\/bergamo-creattiva\/creattiva-academy\/\",\"name\":\"Creattiva Academy - Fiera Creattiva Bergamo\",\"isPartOf\":{\"@id\":\"https:\/\/www.fieracreattiva.it\/bergamo-creattiva\/#website\"},\"datePublished\":\"2022-12-19T13:17:57+00:00\",\"dateModified\":\"2026-03-04T15:55:29+00:00\",\"breadcrumb\":{\"@id\":\"https:\/\/www.fieracreattiva.it\/bergamo-creattiva\/creattiva-academy\/#breadcrumb\"},\"inLanguage\":\"it-IT\",\"potentialAction\":[{\"@type\":\"ReadAction\",\"target\":[\"https:\/\/www.fieracreattiva.it\/bergamo-creattiva\/creattiva-academy\/\"]}]},{\"@type\":\"BreadcrumbList\",\"@id\":\"https:\/\/www.fieracreattiva.it\/bergamo-creattiva\/creattiva-academy\/#breadcrumb\",\"itemListElement\":[{\"@type\":\"ListItem\",\"position\":1,\"name\":\"Home\",\"item\":\"https:\/\/www.fieracreattiva.it\/bergamo-creattiva\/\"},{\"@type\":\"ListItem\",\"position\":2,\"name\":\"Creattiva Academy\"}]},{\"@type\":\"WebSite\",\"@id\":\"https:\/\/www.fieracreattiva.it\/bergamo-creattiva\/#website\",\"url\":\"https:\/\/www.fieracreattiva.it\/bergamo-creattiva\/\",\"name\":\"Fiera Creattiva Bergamo\",\"description\":\"Fiera delle Arti Manuali\",\"publisher\":{\"@id\":\"https:\/\/www.fieracreattiva.it\/bergamo-creattiva\/#organization\"},\"potentialAction\":[{\"@type\":\"SearchAction\",\"target\":{\"@type\":\"EntryPoint\",\"urlTemplate\":\"https:\/\/www.fieracreattiva.it\/bergamo-creattiva\/?s={search_term_string}\"},\"query-input\":\"required name=search_term_string\"}],\"inLanguage\":\"it-IT\"},{\"@type\":\"Organization\",\"@id\":\"https:\/\/www.fieracreattiva.it\/bergamo-creattiva\/#organization\",\"name\":\"Fiera Creattiva Bergamo\",\"url\":\"https:\/\/www.fieracreattiva.it\/bergamo-creattiva\/\",\"sameAs\":[\"https:\/\/www.instagram.com\/fieracreattiva\",\"https:\/\/www.youtube.com\/CreattivaChannel\",\"https:\/\/www.facebook.com\/FieraCreattiva\"],\"logo\":{\"@type\":\"ImageObject\",\"inLanguage\":\"it-IT\",\"@id\":\"https:\/\/www.fieracreattiva.it\/bergamo-creattiva\/#\/schema\/logo\/image\/\",\"url\":\"https:\/\/www.fieracreattiva.it\/bergamo-creattiva\/wp-content\/uploads\/2022\/09\/seo_creattiva_Autunno.jpg\",\"contentUrl\":\"https:\/\/www.fieracreattiva.it\/bergamo-creattiva\/wp-content\/uploads\/2022\/09\/seo_creattiva_Autunno.jpg\",\"width\":1200,\"height\":900,\"caption\":\"Fiera Creattiva Bergamo\"},\"image\":{\"@id\":\"https:\/\/www.fieracreattiva.it\/bergamo-creattiva\/#\/schema\/logo\/image\/\"}}]}<\/script>\n<!-- \/ Yoast SEO plugin. -->","yoast_head_json":{"title":"Creattiva Academy - Fiera Creattiva Bergamo","robots":{"index":"index","follow":"follow","max-snippet":"max-snippet:-1","max-image-preview":"max-image-preview:large","max-video-preview":"max-video-preview:-1"},"canonical":"https:\/\/www.fieracreattiva.it\/bergamo-creattiva\/creattiva-academy\/","og_locale":"it_IT","og_type":"article","og_title":"Creattiva Academy - Fiera Creattiva Bergamo","og_description":"CORSI PER GLI AMANTI DEL DISEGNO E DELLA COLORAZIONE L\u2019arte del disegno e della colorazione sono la tua passione?In occasione dell\u2019edizione di primavera, Fiera Creattiva ti offre l\u2019opportunit\u00e0 di imparare nuove tecniche e di migliorare le tue competenze partecipando alle attivit\u00e0 gratuite organizzate presso l\u2019area di Creattiva Academy. La partecipazione ai corsi \u00e8 gratuita, previa [&hellip;]","og_url":"https:\/\/www.fieracreattiva.it\/bergamo-creattiva\/creattiva-academy\/","og_site_name":"Fiera Creattiva Bergamo","article_publisher":"https:\/\/www.facebook.com\/FieraCreattiva","article_modified_time":"2026-03-04T15:55:29+00:00","og_image":[{"url":"http:\/\/www.fieracreattiva.it\/bergamo-creattiva\/wp-content\/uploads\/2026\/02\/BOTTALICO-300x300.jpg"}],"twitter_card":"summary_large_image","twitter_misc":{"Tempo di lettura stimato":"10 minuti"},"schema":{"@context":"https:\/\/schema.org","@graph":[{"@type":"WebPage","@id":"https:\/\/www.fieracreattiva.it\/bergamo-creattiva\/creattiva-academy\/","url":"https:\/\/www.fieracreattiva.it\/bergamo-creattiva\/creattiva-academy\/","name":"Creattiva Academy - Fiera Creattiva Bergamo","isPartOf":{"@id":"https:\/\/www.fieracreattiva.it\/bergamo-creattiva\/#website"},"datePublished":"2022-12-19T13:17:57+00:00","dateModified":"2026-03-04T15:55:29+00:00","breadcrumb":{"@id":"https:\/\/www.fieracreattiva.it\/bergamo-creattiva\/creattiva-academy\/#breadcrumb"},"inLanguage":"it-IT","potentialAction":[{"@type":"ReadAction","target":["https:\/\/www.fieracreattiva.it\/bergamo-creattiva\/creattiva-academy\/"]}]},{"@type":"BreadcrumbList","@id":"https:\/\/www.fieracreattiva.it\/bergamo-creattiva\/creattiva-academy\/#breadcrumb","itemListElement":[{"@type":"ListItem","position":1,"name":"Home","item":"https:\/\/www.fieracreattiva.it\/bergamo-creattiva\/"},{"@type":"ListItem","position":2,"name":"Creattiva Academy"}]},{"@type":"WebSite","@id":"https:\/\/www.fieracreattiva.it\/bergamo-creattiva\/#website","url":"https:\/\/www.fieracreattiva.it\/bergamo-creattiva\/","name":"Fiera Creattiva Bergamo","description":"Fiera delle Arti Manuali","publisher":{"@id":"https:\/\/www.fieracreattiva.it\/bergamo-creattiva\/#organization"},"potentialAction":[{"@type":"SearchAction","target":{"@type":"EntryPoint","urlTemplate":"https:\/\/www.fieracreattiva.it\/bergamo-creattiva\/?s={search_term_string}"},"query-input":"required name=search_term_string"}],"inLanguage":"it-IT"},{"@type":"Organization","@id":"https:\/\/www.fieracreattiva.it\/bergamo-creattiva\/#organization","name":"Fiera Creattiva Bergamo","url":"https:\/\/www.fieracreattiva.it\/bergamo-creattiva\/","sameAs":["https:\/\/www.instagram.com\/fieracreattiva","https:\/\/www.youtube.com\/CreattivaChannel","https:\/\/www.facebook.com\/FieraCreattiva"],"logo":{"@type":"ImageObject","inLanguage":"it-IT","@id":"https:\/\/www.fieracreattiva.it\/bergamo-creattiva\/#\/schema\/logo\/image\/","url":"https:\/\/www.fieracreattiva.it\/bergamo-creattiva\/wp-content\/uploads\/2022\/09\/seo_creattiva_Autunno.jpg","contentUrl":"https:\/\/www.fieracreattiva.it\/bergamo-creattiva\/wp-content\/uploads\/2022\/09\/seo_creattiva_Autunno.jpg","width":1200,"height":900,"caption":"Fiera Creattiva Bergamo"},"image":{"@id":"https:\/\/www.fieracreattiva.it\/bergamo-creattiva\/#\/schema\/logo\/image\/"}}]}},"_links":{"self":[{"href":"https:\/\/www.fieracreattiva.it\/bergamo-creattiva\/wp-json\/wp\/v2\/pages\/6333","targetHints":{"allow":["GET"]}}],"collection":[{"href":"https:\/\/www.fieracreattiva.it\/bergamo-creattiva\/wp-json\/wp\/v2\/pages"}],"about":[{"href":"https:\/\/www.fieracreattiva.it\/bergamo-creattiva\/wp-json\/wp\/v2\/types\/page"}],"author":[{"embeddable":true,"href":"https:\/\/www.fieracreattiva.it\/bergamo-creattiva\/wp-json\/wp\/v2\/users\/1"}],"replies":[{"embeddable":true,"href":"https:\/\/www.fieracreattiva.it\/bergamo-creattiva\/wp-json\/wp\/v2\/comments?post=6333"}],"version-history":[{"count":278,"href":"https:\/\/www.fieracreattiva.it\/bergamo-creattiva\/wp-json\/wp\/v2\/pages\/6333\/revisions"}],"predecessor-version":[{"id":10662,"href":"https:\/\/www.fieracreattiva.it\/bergamo-creattiva\/wp-json\/wp\/v2\/pages\/6333\/revisions\/10662"}],"wp:attachment":[{"href":"https:\/\/www.fieracreattiva.it\/bergamo-creattiva\/wp-json\/wp\/v2\/media?parent=6333"}],"curies":[{"name":"wp","href":"https:\/\/api.w.org\/{rel}","templated":true}]}}