{"id":4513,"date":"2022-08-22T13:52:37","date_gmt":"2022-08-22T11:52:37","guid":{"rendered":"http:\/\/www.fieracreattiva.it\/bergamo-creattiva\/?page_id=4513"},"modified":"2025-01-16T08:58:53","modified_gmt":"2025-01-16T07:58:53","slug":"programma-corsi","status":"publish","type":"page","link":"https:\/\/www.fieracreattiva.it\/bergamo-creattiva\/programma-corsi\/","title":{"rendered":"Corsi e Dimostrazioni"},"content":{"rendered":"\t\t<div data-elementor-type=\"wp-page\" data-elementor-id=\"4513\" class=\"elementor elementor-4513\">\n\t\t\t\t\t\t\t\t\t<section class=\"elementor-section elementor-top-section elementor-element elementor-element-8a63d63 elementor-section-boxed elementor-section-height-default elementor-section-height-default\" data-id=\"8a63d63\" data-element_type=\"section\">\n\t\t\t\t\t\t<div class=\"elementor-container elementor-column-gap-default\">\n\t\t\t\t\t<div class=\"elementor-column elementor-col-100 elementor-top-column elementor-element elementor-element-61bcb1c\" data-id=\"61bcb1c\" data-element_type=\"column\">\n\t\t\t<div class=\"elementor-widget-wrap elementor-element-populated\">\n\t\t\t\t\t\t\t\t<div class=\"elementor-element elementor-element-c3c8609 elementor-widget elementor-widget-spacer\" data-id=\"c3c8609\" data-element_type=\"widget\" data-widget_type=\"spacer.default\">\n\t\t\t\t<div class=\"elementor-widget-container\">\n\t\t\t\t\t<div class=\"elementor-spacer\">\n\t\t\t<div class=\"elementor-spacer-inner\"><\/div>\n\t\t<\/div>\n\t\t\t\t<\/div>\n\t\t\t\t<\/div>\n\t\t\t\t\t<\/div>\n\t\t<\/div>\n\t\t\t\t\t\t\t<\/div>\n\t\t<\/section>\n\t\t\t\t<section class=\"elementor-section elementor-top-section elementor-element elementor-element-d6d098c elementor-section-boxed elementor-section-height-default elementor-section-height-default elementor-invisible\" data-id=\"d6d098c\" data-element_type=\"section\" data-settings=\"{&quot;animation&quot;:&quot;fadeInUp&quot;}\">\n\t\t\t\t\t\t<div class=\"elementor-container elementor-column-gap-default\">\n\t\t\t\t\t<div class=\"elementor-column elementor-col-100 elementor-top-column elementor-element elementor-element-5ba1420\" data-id=\"5ba1420\" data-element_type=\"column\">\n\t\t\t<div class=\"elementor-widget-wrap elementor-element-populated\">\n\t\t\t\t\t\t\t\t<div class=\"elementor-element elementor-element-483552b elementor-widget elementor-widget-text-editor\" data-id=\"483552b\" data-element_type=\"widget\" data-widget_type=\"text-editor.default\">\n\t\t\t\t<div class=\"elementor-widget-container\">\n\t\t\t\t\t\t\t<p style=\"text-align: justify;\">I nostri espositori organizzano direttamente presso i propri stand attivit\u00e0 che consentono ai visitatori di sperimentare con mano la nascita di veri e propri capolavori creativi.<\/p><p style=\"text-align: justify;\">Le attivit\u00e0 si dividono in:<\/p><ul><li style=\"text-align: justify;\"><strong>CORSI<\/strong>, durante i quali i visitatori realizzano essi stessi i progetti proposti dagli espositori,<\/li><li style=\"text-align: justify;\"><strong>DIMOSTRAZIONI<\/strong>, attivit\u00e0 pi\u00f9 veloci durante le quali gli utenti assistono all\u2019esecuzione da parte degli esperti.<\/li><\/ul><p>Temi, orari, costi e modalit\u00e0 di partecipazione sono gestiti direttamente dai singoli espositori che potrete contattare direttamente per prenotare ed avere informazioni pi\u00f9 dettagliate (i loro riferimenti sono visibili cliccando sul titolo dell\u2019attivit\u00e0 di interesse)<\/p>\t\t\t\t\t\t<\/div>\n\t\t\t\t<\/div>\n\t\t\t\t<div class=\"elementor-element elementor-element-94051ba aleft has-animated-bg elementor-invisible elementor-widget elementor-widget-wgl-button\" data-id=\"94051ba\" data-element_type=\"widget\" data-settings=\"{&quot;_animation&quot;:&quot;fadeInUp&quot;}\" data-widget_type=\"wgl-button.default\">\n\t\t\t\t<div class=\"elementor-widget-container\">\n\t\t\t<a  class=\"wgl-button btn-size-xl \" role=\"button\" href=\"https:\/\/workshop.fieracreattiva.it\/bergamo\" target=\"_blank\"><div class=\"button__content \"><span class=\"button__text\">Guarda il programma dei corsi e dimostrazioni dei nostri espositori<\/span><\/div><\/a>\t\t<\/div>\n\t\t\t\t<\/div>\n\t\t\t\t<div class=\"elementor-element elementor-element-dfeca15 elementor-widget elementor-widget-spacer\" data-id=\"dfeca15\" data-element_type=\"widget\" data-widget_type=\"spacer.default\">\n\t\t\t\t<div class=\"elementor-widget-container\">\n\t\t\t\t\t<div class=\"elementor-spacer\">\n\t\t\t<div class=\"elementor-spacer-inner\"><\/div>\n\t\t<\/div>\n\t\t\t\t<\/div>\n\t\t\t\t<\/div>\n\t\t\t\t\t<\/div>\n\t\t<\/div>\n\t\t\t\t\t\t\t<\/div>\n\t\t<\/section>\n\t\t\t\t<section class=\"elementor-section elementor-top-section elementor-element elementor-element-f3dbb46 elementor-section-boxed elementor-section-height-default elementor-section-height-default\" data-id=\"f3dbb46\" data-element_type=\"section\">\n\t\t\t\t\t\t<div class=\"elementor-container elementor-column-gap-default\">\n\t\t\t\t\t<div class=\"elementor-column elementor-col-100 elementor-top-column elementor-element elementor-element-bc15bff\" data-id=\"bc15bff\" data-element_type=\"column\">\n\t\t\t<div class=\"elementor-widget-wrap\">\n\t\t\t\t\t\t\t\t\t<\/div>\n\t\t<\/div>\n\t\t\t\t\t\t\t<\/div>\n\t\t<\/section>\n\t\t\t\t<section class=\"elementor-section elementor-top-section elementor-element elementor-element-067ceed elementor-section-boxed elementor-section-height-default elementor-section-height-default\" data-id=\"067ceed\" data-element_type=\"section\">\n\t\t\t\t\t\t<div class=\"elementor-container elementor-column-gap-default\">\n\t\t\t\t\t<div class=\"elementor-column elementor-col-100 elementor-top-column elementor-element elementor-element-1850688\" data-id=\"1850688\" data-element_type=\"column\">\n\t\t\t<div class=\"elementor-widget-wrap elementor-element-populated\">\n\t\t\t\t\t\t\t\t<div class=\"elementor-element elementor-element-ef0bd29 elementor-widget elementor-widget-text-editor\" data-id=\"ef0bd29\" data-element_type=\"widget\" data-widget_type=\"text-editor.default\">\n\t\t\t\t<div class=\"elementor-widget-container\">\n\t\t\t\t\t\t\t<p style=\"text-align: justify;\">Per l\u2019edizione di Bergamo, Fiera Creattiva organizza aree tematiche speciali, interattive e coinvolgenti!<\/p>\t\t\t\t\t\t<\/div>\n\t\t\t\t<\/div>\n\t\t\t\t\t<\/div>\n\t\t<\/div>\n\t\t\t\t\t\t\t<\/div>\n\t\t<\/section>\n\t\t\t\t<section class=\"elementor-section elementor-top-section elementor-element elementor-element-792af6d elementor-section-boxed elementor-section-height-default elementor-section-height-default\" data-id=\"792af6d\" data-element_type=\"section\">\n\t\t\t\t\t\t<div class=\"elementor-container elementor-column-gap-default\">\n\t\t\t\t\t<div class=\"elementor-column elementor-col-100 elementor-top-column elementor-element elementor-element-2bc4c18\" data-id=\"2bc4c18\" data-element_type=\"column\">\n\t\t\t<div class=\"elementor-widget-wrap elementor-element-populated\">\n\t\t\t\t\t\t\t\t<div class=\"elementor-element elementor-element-31c8700 elementor-widget elementor-widget-spacer\" data-id=\"31c8700\" data-element_type=\"widget\" data-widget_type=\"spacer.default\">\n\t\t\t\t<div class=\"elementor-widget-container\">\n\t\t\t\t\t<div class=\"elementor-spacer\">\n\t\t\t<div class=\"elementor-spacer-inner\"><\/div>\n\t\t<\/div>\n\t\t\t\t<\/div>\n\t\t\t\t<\/div>\n\t\t\t\t\t<\/div>\n\t\t<\/div>\n\t\t\t\t\t\t\t<\/div>\n\t\t<\/section>\n\t\t\t\t<section class=\"elementor-section elementor-top-section elementor-element elementor-element-65e6a4f elementor-section-boxed elementor-section-height-default elementor-section-height-default\" data-id=\"65e6a4f\" data-element_type=\"section\">\n\t\t\t\t\t\t<div class=\"elementor-container elementor-column-gap-default\">\n\t\t\t\t\t<div class=\"elementor-column elementor-col-100 elementor-top-column elementor-element elementor-element-20ee0da\" data-id=\"20ee0da\" data-element_type=\"column\">\n\t\t\t<div class=\"elementor-widget-wrap elementor-element-populated\">\n\t\t\t\t\t\t\t\t<div class=\"elementor-element elementor-element-43549c5 elementor-widget elementor-widget-spacer\" data-id=\"43549c5\" data-element_type=\"widget\" data-widget_type=\"spacer.default\">\n\t\t\t\t<div class=\"elementor-widget-container\">\n\t\t\t\t\t<div class=\"elementor-spacer\">\n\t\t\t<div class=\"elementor-spacer-inner\"><\/div>\n\t\t<\/div>\n\t\t\t\t<\/div>\n\t\t\t\t<\/div>\n\t\t\t\t\t<\/div>\n\t\t<\/div>\n\t\t\t\t\t\t\t<\/div>\n\t\t<\/section>\n\t\t\t\t<section class=\"elementor-section elementor-top-section elementor-element elementor-element-3f4036f elementor-section-boxed elementor-section-height-default elementor-section-height-default\" data-id=\"3f4036f\" data-element_type=\"section\">\n\t\t\t\t\t\t<div class=\"elementor-container elementor-column-gap-default\">\n\t\t\t\t\t<div class=\"elementor-column elementor-col-100 elementor-top-column elementor-element elementor-element-b93a7f7\" data-id=\"b93a7f7\" data-element_type=\"column\">\n\t\t\t<div class=\"elementor-widget-wrap\">\n\t\t\t\t\t\t\t\t\t<\/div>\n\t\t<\/div>\n\t\t\t\t\t\t\t<\/div>\n\t\t<\/section>\n\t\t\t\t<section class=\"elementor-section elementor-top-section elementor-element elementor-element-92b2280 elementor-hidden-desktop elementor-hidden-tablet elementor-hidden-mobile elementor-section-boxed elementor-section-height-default elementor-section-height-default\" data-id=\"92b2280\" data-element_type=\"section\">\n\t\t\t\t\t\t<div class=\"elementor-container elementor-column-gap-default\">\n\t\t\t\t\t<div class=\"elementor-column elementor-col-50 elementor-top-column elementor-element elementor-element-903fc01\" data-id=\"903fc01\" data-element_type=\"column\">\n\t\t\t<div class=\"elementor-widget-wrap elementor-element-populated\">\n\t\t\t\t\t\t\t\t<div class=\"elementor-element elementor-element-0101a78 aleft elementor-invisible elementor-widget elementor-widget-wgl-double-heading\" data-id=\"0101a78\" data-element_type=\"widget\" data-settings=\"{&quot;_animation&quot;:&quot;fadeInUp&quot;}\" data-widget_type=\"wgl-double-heading.default\">\n\t\t\t\t<div class=\"elementor-widget-container\">\n\t\t\t<div class=\"wgl-double-heading\"><div class=\"dblh__subtitle\"><span>Edizione Bergamo<\/span><\/div><h5 class=\"dblh__title-wrapper\"><span class=\"dblh__title dblh__title-1\">Fashion Half Marathon<\/span><\/h5><\/div>\t\t<\/div>\n\t\t\t\t<\/div>\n\t\t\t\t<div class=\"elementor-element elementor-element-599a6e2 elementor-widget elementor-widget-text-editor\" data-id=\"599a6e2\" data-element_type=\"widget\" data-widget_type=\"text-editor.default\">\n\t\t\t\t<div class=\"elementor-widget-container\">\n\t\t\t\t\t\t\t<p style=\"text-align: justify;\">6a edizione della competizione di creativit\u00e0 che vede 21 giovani stilisti sfidarsi per tre giorni in un duello di ago e filo, per confezionare un abito ispirato al tema stabilito dagli organizzatori. Nella giornata conclusiva: sfilata in passerella e premiazione delle tre migliori creazioni.Nella giornata conclusiva: sfilata in passerella e premiazione delle tre migliori creazioni<\/p>\t\t\t\t\t\t<\/div>\n\t\t\t\t<\/div>\n\t\t\t\t<div class=\"elementor-element elementor-element-09444fd aleft has-animated-bg elementor-invisible elementor-widget elementor-widget-wgl-button\" data-id=\"09444fd\" data-element_type=\"widget\" data-settings=\"{&quot;_animation&quot;:&quot;fadeInUp&quot;}\" data-widget_type=\"wgl-button.default\">\n\t\t\t\t<div class=\"elementor-widget-container\">\n\t\t\t<a  class=\"wgl-button btn-size-xl \" role=\"button\" href=\"\/bergamo-creattiva\/fashion-half-marathon\/\"><div class=\"button__content \"><span class=\"button__text\">Scopri di pi\u00f9<\/span><\/div><\/a>\t\t<\/div>\n\t\t\t\t<\/div>\n\t\t\t\t<div class=\"elementor-element elementor-element-bc93413 elementor-widget elementor-widget-spacer\" data-id=\"bc93413\" data-element_type=\"widget\" data-widget_type=\"spacer.default\">\n\t\t\t\t<div class=\"elementor-widget-container\">\n\t\t\t\t\t<div class=\"elementor-spacer\">\n\t\t\t<div class=\"elementor-spacer-inner\"><\/div>\n\t\t<\/div>\n\t\t\t\t<\/div>\n\t\t\t\t<\/div>\n\t\t\t\t\t<\/div>\n\t\t<\/div>\n\t\t\t\t<div class=\"elementor-column elementor-col-50 elementor-top-column elementor-element elementor-element-c4d5194\" data-id=\"c4d5194\" data-element_type=\"column\">\n\t\t\t<div class=\"elementor-widget-wrap elementor-element-populated\">\n\t\t\t\t\t\t\t\t<div class=\"elementor-element elementor-element-df506ac aleft elementor-invisible elementor-widget elementor-widget-wgl-double-heading\" data-id=\"df506ac\" data-element_type=\"widget\" data-settings=\"{&quot;_animation&quot;:&quot;fadeInUp&quot;}\" data-widget_type=\"wgl-double-heading.default\">\n\t\t\t\t<div class=\"elementor-widget-container\">\n\t\t\t<div class=\"wgl-double-heading\"><div class=\"dblh__subtitle\"><span>Edizione Bergamo <\/span><\/div><h5 class=\"dblh__title-wrapper\"><span class=\"dblh__title dblh__title-1\">Casa Creattiva - Decora la Tavola delle Feste<\/span><\/h5><\/div>\t\t<\/div>\n\t\t\t\t<\/div>\n\t\t\t\t<div class=\"elementor-element elementor-element-ba79bab elementor-widget elementor-widget-text-editor\" data-id=\"ba79bab\" data-element_type=\"widget\" data-widget_type=\"text-editor.default\">\n\t\t\t\t<div class=\"elementor-widget-container\">\n\t\t\t\t\t\t\t<p style=\"text-align: justify;\">Una nuova area corsi gratuiti dove potrai scoprire tecniche e idee per allestire la tua tavola per le feste.<br \/>Si realizzeranno segnaposti, ferma tovaglioli e piccoli centrotavola, utilizzando diversi materiali come carta, feltro, legno, stoffa, termovinile e nastri decorativi.<br \/><br \/><\/p>\t\t\t\t\t\t<\/div>\n\t\t\t\t<\/div>\n\t\t\t\t<div class=\"elementor-element elementor-element-79d5900 aleft has-animated-bg elementor-invisible elementor-widget elementor-widget-wgl-button\" data-id=\"79d5900\" data-element_type=\"widget\" data-settings=\"{&quot;_animation&quot;:&quot;fadeInUp&quot;}\" data-widget_type=\"wgl-button.default\">\n\t\t\t\t<div class=\"elementor-widget-container\">\n\t\t\t<a  class=\"wgl-button btn-size-xl \" role=\"button\" href=\"\/bergamo-creattiva\/casa-creattiva\/\"><div class=\"button__content \"><span class=\"button__text\">Scopri di pi\u00f9<\/span><\/div><\/a>\t\t<\/div>\n\t\t\t\t<\/div>\n\t\t\t\t<div class=\"elementor-element elementor-element-651f682 elementor-widget elementor-widget-spacer\" data-id=\"651f682\" data-element_type=\"widget\" data-widget_type=\"spacer.default\">\n\t\t\t\t<div class=\"elementor-widget-container\">\n\t\t\t\t\t<div class=\"elementor-spacer\">\n\t\t\t<div class=\"elementor-spacer-inner\"><\/div>\n\t\t<\/div>\n\t\t\t\t<\/div>\n\t\t\t\t<\/div>\n\t\t\t\t\t<\/div>\n\t\t<\/div>\n\t\t\t\t\t\t\t<\/div>\n\t\t<\/section>\n\t\t\t\t<section class=\"elementor-section elementor-top-section elementor-element elementor-element-43e12b3 elementor-hidden-desktop elementor-hidden-tablet elementor-hidden-mobile elementor-section-boxed elementor-section-height-default elementor-section-height-default\" data-id=\"43e12b3\" data-element_type=\"section\">\n\t\t\t\t\t\t<div class=\"elementor-container elementor-column-gap-default\">\n\t\t\t\t\t<div class=\"elementor-column elementor-col-50 elementor-top-column elementor-element elementor-element-260e90e\" data-id=\"260e90e\" data-element_type=\"column\">\n\t\t\t<div class=\"elementor-widget-wrap elementor-element-populated\">\n\t\t\t\t\t\t\t\t<div class=\"elementor-element elementor-element-65b54e7 aleft elementor-invisible elementor-widget elementor-widget-wgl-double-heading\" data-id=\"65b54e7\" data-element_type=\"widget\" data-settings=\"{&quot;_animation&quot;:&quot;fadeInUp&quot;}\" data-widget_type=\"wgl-double-heading.default\">\n\t\t\t\t<div class=\"elementor-widget-container\">\n\t\t\t<div class=\"wgl-double-heading\"><div class=\"dblh__subtitle\"><span>Edizione Bergamo<\/span><\/div><h5 class=\"dblh__title-wrapper\"><span class=\"dblh__title dblh__title-1\">Master PicS \n<\/span><\/h5><\/div>\t\t<\/div>\n\t\t\t\t<\/div>\n\t\t\t\t<div class=\"elementor-element elementor-element-94e594d elementor-widget elementor-widget-text-editor\" data-id=\"94e594d\" data-element_type=\"widget\" data-widget_type=\"text-editor.default\">\n\t\t\t\t<div class=\"elementor-widget-container\">\n\t\t\t\t\t\t\t<p style=\"text-align: justify;\">Area corsi gratuiti di fotografia per imparare nuove tecniche o affinare quelle gi\u00e0 in possesso.<br \/>Scopri come attirare nuovi clienti e followers tramite foto e video accattivanti, partecipando alle attivit\u00e0 gratuite organizzate presso l\u2019area dedicata.<\/p>\t\t\t\t\t\t<\/div>\n\t\t\t\t<\/div>\n\t\t\t\t<div class=\"elementor-element elementor-element-78f443e aleft has-animated-bg elementor-invisible elementor-widget elementor-widget-wgl-button\" data-id=\"78f443e\" data-element_type=\"widget\" data-settings=\"{&quot;_animation&quot;:&quot;fadeInUp&quot;}\" data-widget_type=\"wgl-button.default\">\n\t\t\t\t<div class=\"elementor-widget-container\">\n\t\t\t<a  class=\"wgl-button btn-size-xl \" role=\"button\" href=\"\/bergamo-creattiva\/master-pics\/\"><div class=\"button__content \"><span class=\"button__text\">Scopri di pi\u00f9<\/span><\/div><\/a>\t\t<\/div>\n\t\t\t\t<\/div>\n\t\t\t\t<div class=\"elementor-element elementor-element-56c9264 elementor-widget elementor-widget-spacer\" data-id=\"56c9264\" data-element_type=\"widget\" data-widget_type=\"spacer.default\">\n\t\t\t\t<div class=\"elementor-widget-container\">\n\t\t\t\t\t<div class=\"elementor-spacer\">\n\t\t\t<div class=\"elementor-spacer-inner\"><\/div>\n\t\t<\/div>\n\t\t\t\t<\/div>\n\t\t\t\t<\/div>\n\t\t\t\t\t<\/div>\n\t\t<\/div>\n\t\t\t\t<div class=\"elementor-column elementor-col-50 elementor-top-column elementor-element elementor-element-9c860b8\" data-id=\"9c860b8\" data-element_type=\"column\">\n\t\t\t<div class=\"elementor-widget-wrap elementor-element-populated\">\n\t\t\t\t\t\t\t\t<div class=\"elementor-element elementor-element-6d7ba41 aleft elementor-invisible elementor-widget elementor-widget-wgl-double-heading\" data-id=\"6d7ba41\" data-element_type=\"widget\" data-settings=\"{&quot;_animation&quot;:&quot;fadeInUp&quot;}\" data-widget_type=\"wgl-double-heading.default\">\n\t\t\t\t<div class=\"elementor-widget-container\">\n\t\t\t<div class=\"wgl-double-heading\"><div class=\"dblh__subtitle\"><span>Edizione Bergamo <\/span><\/div><h5 class=\"dblh__title-wrapper\"><span class=\"dblh__title dblh__title-1\">Teachers\u2019 Day <\/span><\/h5><\/div>\t\t<\/div>\n\t\t\t\t<\/div>\n\t\t\t\t<div class=\"elementor-element elementor-element-ec8f1c2 elementor-widget elementor-widget-text-editor\" data-id=\"ec8f1c2\" data-element_type=\"widget\" data-widget_type=\"text-editor.default\">\n\t\t\t\t<div class=\"elementor-widget-container\">\n\t\t\t\t\t\t\t<p style=\"text-align: justify;\">Come sempre, Fiera Creattiva vuole valorizzare la giornata mondiale dedicata agli insegnanti perch\u00e9 ne riconosce la preziosit\u00e0 del ruolo nella societ\u00e0, nella quotidianit\u00e0 e per il futuro. Sabato 8 ottobre celebriamo insieme il World Teachers\u2019 Day!<br \/><br \/><\/p>\t\t\t\t\t\t<\/div>\n\t\t\t\t<\/div>\n\t\t\t\t<div class=\"elementor-element elementor-element-54282e1 aleft has-animated-bg elementor-invisible elementor-widget elementor-widget-wgl-button\" data-id=\"54282e1\" data-element_type=\"widget\" data-settings=\"{&quot;_animation&quot;:&quot;fadeInUp&quot;}\" data-widget_type=\"wgl-button.default\">\n\t\t\t\t<div class=\"elementor-widget-container\">\n\t\t\t<a  class=\"wgl-button btn-size-xl \" role=\"button\" href=\"https:\/\/www.fieracreattiva.it\/bergamo-creattiva\/teachers-day\/\" te=\"\"><div class=\"button__content \"><span class=\"button__text\">Scopri di pi\u00f9<\/span><\/div><\/a>\t\t<\/div>\n\t\t\t\t<\/div>\n\t\t\t\t<div class=\"elementor-element elementor-element-6e26cfb elementor-widget elementor-widget-spacer\" data-id=\"6e26cfb\" data-element_type=\"widget\" data-widget_type=\"spacer.default\">\n\t\t\t\t<div class=\"elementor-widget-container\">\n\t\t\t\t\t<div class=\"elementor-spacer\">\n\t\t\t<div class=\"elementor-spacer-inner\"><\/div>\n\t\t<\/div>\n\t\t\t\t<\/div>\n\t\t\t\t<\/div>\n\t\t\t\t\t<\/div>\n\t\t<\/div>\n\t\t\t\t\t\t\t<\/div>\n\t\t<\/section>\n\t\t\t\t<section class=\"elementor-section elementor-top-section elementor-element elementor-element-8e84573 elementor-hidden-desktop elementor-hidden-tablet elementor-hidden-mobile elementor-section-boxed elementor-section-height-default elementor-section-height-default\" data-id=\"8e84573\" data-element_type=\"section\">\n\t\t\t\t\t\t<div class=\"elementor-container elementor-column-gap-default\">\n\t\t\t\t\t<div class=\"elementor-column elementor-col-50 elementor-top-column elementor-element elementor-element-bc0c85c\" data-id=\"bc0c85c\" data-element_type=\"column\">\n\t\t\t<div class=\"elementor-widget-wrap elementor-element-populated\">\n\t\t\t\t\t\t\t\t<div class=\"elementor-element elementor-element-1720175 aleft elementor-invisible elementor-widget elementor-widget-wgl-double-heading\" data-id=\"1720175\" data-element_type=\"widget\" data-settings=\"{&quot;_animation&quot;:&quot;fadeInUp&quot;}\" data-widget_type=\"wgl-double-heading.default\">\n\t\t\t\t<div class=\"elementor-widget-container\">\n\t\t\t<div class=\"wgl-double-heading\"><div class=\"dblh__subtitle\"><span>Edizione Bergamo<\/span><\/div><h5 class=\"dblh__title-wrapper\"><span class=\"dblh__title dblh__title-1\">QuiltMART\n<br>&nbsp;<\/span><\/h5><\/div>\t\t<\/div>\n\t\t\t\t<\/div>\n\t\t\t\t<div class=\"elementor-element elementor-element-79090c0 elementor-widget elementor-widget-text-editor\" data-id=\"79090c0\" data-element_type=\"widget\" data-widget_type=\"text-editor.default\">\n\t\t\t\t<div class=\"elementor-widget-container\">\n\t\t\t\t\t\t\t<p style=\"text-align: justify;\">Fiera italiana di patchwork e quilting organizzata da TTS Quilt Fabrics e realizzata in contemporanea e in collaborazione con Bergamo Creattiva. Nell\u2019 area dedicata del padiglione B potrai trovare tessuti, accessori, imbottiture, libri, schemi e tutto il necessario.<br \/><br \/><\/p>\t\t\t\t\t\t<\/div>\n\t\t\t\t<\/div>\n\t\t\t\t<div class=\"elementor-element elementor-element-0615b99 aleft has-animated-bg elementor-invisible elementor-widget elementor-widget-wgl-button\" data-id=\"0615b99\" data-element_type=\"widget\" data-settings=\"{&quot;_animation&quot;:&quot;fadeInUp&quot;}\" data-widget_type=\"wgl-button.default\">\n\t\t\t\t<div class=\"elementor-widget-container\">\n\t\t\t<a  class=\"wgl-button btn-size-xl \" role=\"button\" href=\"https:\/\/www.quiltmart.it\/\" target=\"_blank\"><div class=\"button__content \"><span class=\"button__text\">Scopri di pi\u00f9<\/span><\/div><\/a>\t\t<\/div>\n\t\t\t\t<\/div>\n\t\t\t\t<div class=\"elementor-element elementor-element-8c9ef71 elementor-widget elementor-widget-spacer\" data-id=\"8c9ef71\" data-element_type=\"widget\" data-widget_type=\"spacer.default\">\n\t\t\t\t<div class=\"elementor-widget-container\">\n\t\t\t\t\t<div class=\"elementor-spacer\">\n\t\t\t<div class=\"elementor-spacer-inner\"><\/div>\n\t\t<\/div>\n\t\t\t\t<\/div>\n\t\t\t\t<\/div>\n\t\t\t\t\t<\/div>\n\t\t<\/div>\n\t\t\t\t<div class=\"elementor-column elementor-col-50 elementor-top-column elementor-element elementor-element-61b90d0\" data-id=\"61b90d0\" data-element_type=\"column\">\n\t\t\t<div class=\"elementor-widget-wrap elementor-element-populated\">\n\t\t\t\t\t\t\t\t<div class=\"elementor-element elementor-element-4ce948b aleft elementor-invisible elementor-widget elementor-widget-wgl-double-heading\" data-id=\"4ce948b\" data-element_type=\"widget\" data-settings=\"{&quot;_animation&quot;:&quot;fadeInUp&quot;}\" data-widget_type=\"wgl-double-heading.default\">\n\t\t\t\t<div class=\"elementor-widget-container\">\n\t\t\t<div class=\"wgl-double-heading\"><div class=\"dblh__subtitle\"><span>Edizione Bergamo <\/span><\/div><h5 class=\"dblh__title-wrapper\"><span class=\"dblh__title dblh__title-1\">Atelier del crochet \u201cTutto uncinetto: prepariamoci al Natale\u201d <\/span><\/h5><\/div>\t\t<\/div>\n\t\t\t\t<\/div>\n\t\t\t\t<div class=\"elementor-element elementor-element-4f045fe elementor-widget elementor-widget-text-editor\" data-id=\"4f045fe\" data-element_type=\"widget\" data-widget_type=\"text-editor.default\">\n\t\t\t\t<div class=\"elementor-widget-container\">\n\t\t\t\t\t\t\t<p style=\"text-align: justify;\">Presentazione delle proposte decorative pi\u00f9 innovative e di tendenza ispirate al Natale e realizzate con un mix di tecniche tessili (una tra tutte il crochet) a cura dell\u2019artista e designer triestina Luisa De Santi, di Crochetdoll. Vieni nel Padiglione A allo stand n. 146, mettiti in gioco e preparati per le feste!<\/p>\t\t\t\t\t\t<\/div>\n\t\t\t\t<\/div>\n\t\t\t\t<div class=\"elementor-element elementor-element-0ac6d04 elementor-widget elementor-widget-spacer\" data-id=\"0ac6d04\" data-element_type=\"widget\" data-widget_type=\"spacer.default\">\n\t\t\t\t<div class=\"elementor-widget-container\">\n\t\t\t\t\t<div class=\"elementor-spacer\">\n\t\t\t<div class=\"elementor-spacer-inner\"><\/div>\n\t\t<\/div>\n\t\t\t\t<\/div>\n\t\t\t\t<\/div>\n\t\t\t\t\t<\/div>\n\t\t<\/div>\n\t\t\t\t\t\t\t<\/div>\n\t\t<\/section>\n\t\t\t\t<section class=\"elementor-section elementor-top-section elementor-element elementor-element-b80fb4e elementor-hidden-desktop elementor-hidden-tablet elementor-hidden-mobile elementor-section-boxed elementor-section-height-default elementor-section-height-default\" data-id=\"b80fb4e\" data-element_type=\"section\">\n\t\t\t\t\t\t<div class=\"elementor-container elementor-column-gap-default\">\n\t\t\t\t\t<div class=\"elementor-column elementor-col-50 elementor-top-column elementor-element elementor-element-4b6486e\" data-id=\"4b6486e\" data-element_type=\"column\">\n\t\t\t<div class=\"elementor-widget-wrap elementor-element-populated\">\n\t\t\t\t\t\t\t\t<div class=\"elementor-element elementor-element-06def9e aleft elementor-invisible elementor-widget elementor-widget-wgl-double-heading\" data-id=\"06def9e\" data-element_type=\"widget\" data-settings=\"{&quot;_animation&quot;:&quot;fadeInUp&quot;}\" data-widget_type=\"wgl-double-heading.default\">\n\t\t\t\t<div class=\"elementor-widget-container\">\n\t\t\t<div class=\"wgl-double-heading\"><div class=\"dblh__subtitle\"><span>Edizione Bergamo<\/span><\/div><h5 class=\"dblh__title-wrapper\"><span class=\"dblh__title dblh__title-1\">KINTSUGI \u2013 Le Cicatrici d\u2019Oro <\/span><\/h5><\/div>\t\t<\/div>\n\t\t\t\t<\/div>\n\t\t\t\t<div class=\"elementor-element elementor-element-387ebad elementor-widget elementor-widget-text-editor\" data-id=\"387ebad\" data-element_type=\"widget\" data-widget_type=\"text-editor.default\">\n\t\t\t\t<div class=\"elementor-widget-container\">\n\t\t\t\t\t\t\t<p style=\"text-align: justify;\">Mostra di quilt curata da Marta Anzolla, risultato di un progetto finalizzato a traslare l\u2019arte del kintsugi dalla ceramica al tessuto e volto alla valorizzazione delle cicatrici d\u2019oro, ossia la trasformazione delle avversit\u00e0\/difficolt\u00e0 in un prezioso arricchimento. Vieni a vedere la Mostra nel Padiglione B allo stand n. 38! <\/p>\t\t\t\t\t\t<\/div>\n\t\t\t\t<\/div>\n\t\t\t\t<div class=\"elementor-element elementor-element-6019cc2 elementor-widget elementor-widget-spacer\" data-id=\"6019cc2\" data-element_type=\"widget\" data-widget_type=\"spacer.default\">\n\t\t\t\t<div class=\"elementor-widget-container\">\n\t\t\t\t\t<div class=\"elementor-spacer\">\n\t\t\t<div class=\"elementor-spacer-inner\"><\/div>\n\t\t<\/div>\n\t\t\t\t<\/div>\n\t\t\t\t<\/div>\n\t\t\t\t\t<\/div>\n\t\t<\/div>\n\t\t\t\t<div class=\"elementor-column elementor-col-50 elementor-top-column elementor-element elementor-element-38a5247\" data-id=\"38a5247\" data-element_type=\"column\">\n\t\t\t<div class=\"elementor-widget-wrap elementor-element-populated\">\n\t\t\t\t\t\t\t\t<div class=\"elementor-element elementor-element-ec11e04 elementor-widget elementor-widget-spacer\" data-id=\"ec11e04\" data-element_type=\"widget\" data-widget_type=\"spacer.default\">\n\t\t\t\t<div class=\"elementor-widget-container\">\n\t\t\t\t\t<div class=\"elementor-spacer\">\n\t\t\t<div class=\"elementor-spacer-inner\"><\/div>\n\t\t<\/div>\n\t\t\t\t<\/div>\n\t\t\t\t<\/div>\n\t\t\t\t\t<\/div>\n\t\t<\/div>\n\t\t\t\t\t\t\t<\/div>\n\t\t<\/section>\n\t\t\t\t\t\t\t<\/div>\n\t\t","protected":false},"excerpt":{"rendered":"<p>I nostri espositori organizzano direttamente presso i propri stand attivit\u00e0 che consentono ai visitatori di sperimentare con mano la nascita di veri e propri capolavori creativi. Le attivit\u00e0 si dividono in: CORSI, durante i quali i visitatori realizzano essi stessi i progetti proposti dagli espositori, DIMOSTRAZIONI, attivit\u00e0 pi\u00f9 veloci durante le quali gli utenti assistono [&hellip;]<\/p>\n","protected":false},"author":1,"featured_media":0,"parent":0,"menu_order":0,"comment_status":"closed","ping_status":"closed","template":"","meta":{"footnotes":""},"class_list":["post-4513","page","type-page","status-publish","hentry"],"yoast_head":"<!-- This site is optimized with the Yoast SEO plugin v19.6.1 - https:\/\/yoast.com\/wordpress\/plugins\/seo\/ -->\n<title>Corsi e Dimostrazioni - Fiera Creattiva Bergamo<\/title>\n<meta name=\"description\" content=\"Vuoi partecipare ai corsi e dimostrazioni offerti dai nostri esperti? Controlla il programma dei corsi e prenota la tua visita.\" \/>\n<meta name=\"robots\" content=\"index, follow, max-snippet:-1, max-image-preview:large, max-video-preview:-1\" \/>\n<link rel=\"canonical\" href=\"https:\/\/www.fieracreattiva.it\/bergamo-creattiva\/programma-corsi\/\" \/>\n<meta property=\"og:locale\" content=\"it_IT\" \/>\n<meta property=\"og:type\" content=\"article\" \/>\n<meta property=\"og:title\" content=\"Corsi e Dimostrazioni - Fiera Creattiva Bergamo\" \/>\n<meta property=\"og:description\" content=\"Vuoi partecipare ai corsi e dimostrazioni offerti dai nostri esperti? Controlla il programma dei corsi e prenota la tua visita.\" \/>\n<meta property=\"og:url\" content=\"https:\/\/www.fieracreattiva.it\/bergamo-creattiva\/programma-corsi\/\" \/>\n<meta property=\"og:site_name\" content=\"Fiera Creattiva Bergamo\" \/>\n<meta property=\"article:publisher\" content=\"https:\/\/www.facebook.com\/FieraCreattiva\" \/>\n<meta property=\"article:modified_time\" content=\"2025-01-16T07:58:53+00:00\" \/>\n<meta property=\"og:image\" content=\"https:\/\/www.fieracreattiva.it\/bergamo-creattiva\/wp-content\/uploads\/2022\/10\/socialspring.jpg\" \/>\n\t<meta property=\"og:image:width\" content=\"1200\" \/>\n\t<meta property=\"og:image:height\" content=\"900\" \/>\n\t<meta property=\"og:image:type\" content=\"image\/jpeg\" \/>\n<meta name=\"twitter:card\" content=\"summary_large_image\" \/>\n<meta name=\"twitter:label1\" content=\"Tempo di lettura stimato\" \/>\n\t<meta name=\"twitter:data1\" content=\"3 minuti\" \/>\n<script type=\"application\/ld+json\" class=\"yoast-schema-graph\">{\"@context\":\"https:\/\/schema.org\",\"@graph\":[{\"@type\":\"WebPage\",\"@id\":\"https:\/\/www.fieracreattiva.it\/bergamo-creattiva\/programma-corsi\/\",\"url\":\"https:\/\/www.fieracreattiva.it\/bergamo-creattiva\/programma-corsi\/\",\"name\":\"Corsi e Dimostrazioni - Fiera Creattiva Bergamo\",\"isPartOf\":{\"@id\":\"https:\/\/www.fieracreattiva.it\/bergamo-creattiva\/#website\"},\"datePublished\":\"2022-08-22T11:52:37+00:00\",\"dateModified\":\"2025-01-16T07:58:53+00:00\",\"description\":\"Vuoi partecipare ai corsi e dimostrazioni offerti dai nostri esperti? Controlla il programma dei corsi e prenota la tua visita.\",\"breadcrumb\":{\"@id\":\"https:\/\/www.fieracreattiva.it\/bergamo-creattiva\/programma-corsi\/#breadcrumb\"},\"inLanguage\":\"it-IT\",\"potentialAction\":[{\"@type\":\"ReadAction\",\"target\":[\"https:\/\/www.fieracreattiva.it\/bergamo-creattiva\/programma-corsi\/\"]}]},{\"@type\":\"BreadcrumbList\",\"@id\":\"https:\/\/www.fieracreattiva.it\/bergamo-creattiva\/programma-corsi\/#breadcrumb\",\"itemListElement\":[{\"@type\":\"ListItem\",\"position\":1,\"name\":\"Home\",\"item\":\"https:\/\/www.fieracreattiva.it\/bergamo-creattiva\/\"},{\"@type\":\"ListItem\",\"position\":2,\"name\":\"Corsi e Dimostrazioni\"}]},{\"@type\":\"WebSite\",\"@id\":\"https:\/\/www.fieracreattiva.it\/bergamo-creattiva\/#website\",\"url\":\"https:\/\/www.fieracreattiva.it\/bergamo-creattiva\/\",\"name\":\"Fiera Creattiva Bergamo\",\"description\":\"Fiera delle Arti Manuali\",\"publisher\":{\"@id\":\"https:\/\/www.fieracreattiva.it\/bergamo-creattiva\/#organization\"},\"potentialAction\":[{\"@type\":\"SearchAction\",\"target\":{\"@type\":\"EntryPoint\",\"urlTemplate\":\"https:\/\/www.fieracreattiva.it\/bergamo-creattiva\/?s={search_term_string}\"},\"query-input\":\"required name=search_term_string\"}],\"inLanguage\":\"it-IT\"},{\"@type\":\"Organization\",\"@id\":\"https:\/\/www.fieracreattiva.it\/bergamo-creattiva\/#organization\",\"name\":\"Fiera Creattiva Bergamo\",\"url\":\"https:\/\/www.fieracreattiva.it\/bergamo-creattiva\/\",\"sameAs\":[\"https:\/\/www.instagram.com\/fieracreattiva\",\"https:\/\/www.youtube.com\/CreattivaChannel\",\"https:\/\/www.facebook.com\/FieraCreattiva\"],\"logo\":{\"@type\":\"ImageObject\",\"inLanguage\":\"it-IT\",\"@id\":\"https:\/\/www.fieracreattiva.it\/bergamo-creattiva\/#\/schema\/logo\/image\/\",\"url\":\"https:\/\/www.fieracreattiva.it\/bergamo-creattiva\/wp-content\/uploads\/2022\/09\/seo_creattiva_Autunno.jpg\",\"contentUrl\":\"https:\/\/www.fieracreattiva.it\/bergamo-creattiva\/wp-content\/uploads\/2022\/09\/seo_creattiva_Autunno.jpg\",\"width\":1200,\"height\":900,\"caption\":\"Fiera Creattiva Bergamo\"},\"image\":{\"@id\":\"https:\/\/www.fieracreattiva.it\/bergamo-creattiva\/#\/schema\/logo\/image\/\"}}]}<\/script>\n<!-- \/ Yoast SEO plugin. -->","yoast_head_json":{"title":"Corsi e Dimostrazioni - Fiera Creattiva Bergamo","description":"Vuoi partecipare ai corsi e dimostrazioni offerti dai nostri esperti? Controlla il programma dei corsi e prenota la tua visita.","robots":{"index":"index","follow":"follow","max-snippet":"max-snippet:-1","max-image-preview":"max-image-preview:large","max-video-preview":"max-video-preview:-1"},"canonical":"https:\/\/www.fieracreattiva.it\/bergamo-creattiva\/programma-corsi\/","og_locale":"it_IT","og_type":"article","og_title":"Corsi e Dimostrazioni - Fiera Creattiva Bergamo","og_description":"Vuoi partecipare ai corsi e dimostrazioni offerti dai nostri esperti? Controlla il programma dei corsi e prenota la tua visita.","og_url":"https:\/\/www.fieracreattiva.it\/bergamo-creattiva\/programma-corsi\/","og_site_name":"Fiera Creattiva Bergamo","article_publisher":"https:\/\/www.facebook.com\/FieraCreattiva","article_modified_time":"2025-01-16T07:58:53+00:00","og_image":[{"width":1200,"height":900,"url":"https:\/\/www.fieracreattiva.it\/bergamo-creattiva\/wp-content\/uploads\/2022\/10\/socialspring.jpg","type":"image\/jpeg"}],"twitter_card":"summary_large_image","twitter_misc":{"Tempo di lettura stimato":"3 minuti"},"schema":{"@context":"https:\/\/schema.org","@graph":[{"@type":"WebPage","@id":"https:\/\/www.fieracreattiva.it\/bergamo-creattiva\/programma-corsi\/","url":"https:\/\/www.fieracreattiva.it\/bergamo-creattiva\/programma-corsi\/","name":"Corsi e Dimostrazioni - Fiera Creattiva Bergamo","isPartOf":{"@id":"https:\/\/www.fieracreattiva.it\/bergamo-creattiva\/#website"},"datePublished":"2022-08-22T11:52:37+00:00","dateModified":"2025-01-16T07:58:53+00:00","description":"Vuoi partecipare ai corsi e dimostrazioni offerti dai nostri esperti? Controlla il programma dei corsi e prenota la tua visita.","breadcrumb":{"@id":"https:\/\/www.fieracreattiva.it\/bergamo-creattiva\/programma-corsi\/#breadcrumb"},"inLanguage":"it-IT","potentialAction":[{"@type":"ReadAction","target":["https:\/\/www.fieracreattiva.it\/bergamo-creattiva\/programma-corsi\/"]}]},{"@type":"BreadcrumbList","@id":"https:\/\/www.fieracreattiva.it\/bergamo-creattiva\/programma-corsi\/#breadcrumb","itemListElement":[{"@type":"ListItem","position":1,"name":"Home","item":"https:\/\/www.fieracreattiva.it\/bergamo-creattiva\/"},{"@type":"ListItem","position":2,"name":"Corsi e Dimostrazioni"}]},{"@type":"WebSite","@id":"https:\/\/www.fieracreattiva.it\/bergamo-creattiva\/#website","url":"https:\/\/www.fieracreattiva.it\/bergamo-creattiva\/","name":"Fiera Creattiva Bergamo","description":"Fiera delle Arti Manuali","publisher":{"@id":"https:\/\/www.fieracreattiva.it\/bergamo-creattiva\/#organization"},"potentialAction":[{"@type":"SearchAction","target":{"@type":"EntryPoint","urlTemplate":"https:\/\/www.fieracreattiva.it\/bergamo-creattiva\/?s={search_term_string}"},"query-input":"required name=search_term_string"}],"inLanguage":"it-IT"},{"@type":"Organization","@id":"https:\/\/www.fieracreattiva.it\/bergamo-creattiva\/#organization","name":"Fiera Creattiva Bergamo","url":"https:\/\/www.fieracreattiva.it\/bergamo-creattiva\/","sameAs":["https:\/\/www.instagram.com\/fieracreattiva","https:\/\/www.youtube.com\/CreattivaChannel","https:\/\/www.facebook.com\/FieraCreattiva"],"logo":{"@type":"ImageObject","inLanguage":"it-IT","@id":"https:\/\/www.fieracreattiva.it\/bergamo-creattiva\/#\/schema\/logo\/image\/","url":"https:\/\/www.fieracreattiva.it\/bergamo-creattiva\/wp-content\/uploads\/2022\/09\/seo_creattiva_Autunno.jpg","contentUrl":"https:\/\/www.fieracreattiva.it\/bergamo-creattiva\/wp-content\/uploads\/2022\/09\/seo_creattiva_Autunno.jpg","width":1200,"height":900,"caption":"Fiera Creattiva Bergamo"},"image":{"@id":"https:\/\/www.fieracreattiva.it\/bergamo-creattiva\/#\/schema\/logo\/image\/"}}]}},"_links":{"self":[{"href":"https:\/\/www.fieracreattiva.it\/bergamo-creattiva\/wp-json\/wp\/v2\/pages\/4513","targetHints":{"allow":["GET"]}}],"collection":[{"href":"https:\/\/www.fieracreattiva.it\/bergamo-creattiva\/wp-json\/wp\/v2\/pages"}],"about":[{"href":"https:\/\/www.fieracreattiva.it\/bergamo-creattiva\/wp-json\/wp\/v2\/types\/page"}],"author":[{"embeddable":true,"href":"https:\/\/www.fieracreattiva.it\/bergamo-creattiva\/wp-json\/wp\/v2\/users\/1"}],"replies":[{"embeddable":true,"href":"https:\/\/www.fieracreattiva.it\/bergamo-creattiva\/wp-json\/wp\/v2\/comments?post=4513"}],"version-history":[{"count":141,"href":"https:\/\/www.fieracreattiva.it\/bergamo-creattiva\/wp-json\/wp\/v2\/pages\/4513\/revisions"}],"predecessor-version":[{"id":9137,"href":"https:\/\/www.fieracreattiva.it\/bergamo-creattiva\/wp-json\/wp\/v2\/pages\/4513\/revisions\/9137"}],"wp:attachment":[{"href":"https:\/\/www.fieracreattiva.it\/bergamo-creattiva\/wp-json\/wp\/v2\/media?parent=4513"}],"curies":[{"name":"wp","href":"https:\/\/api.w.org\/{rel}","templated":true}]}}