{"id":4480,"date":"2022-08-22T12:30:39","date_gmt":"2022-08-22T10:30:39","guid":{"rendered":"http:\/\/www.fieracreattiva.it\/bergamo-creattiva\/?page_id=4480"},"modified":"2025-07-18T18:05:29","modified_gmt":"2025-07-18T16:05:29","slug":"faq-creattiva-bergamo","status":"publish","type":"page","link":"https:\/\/www.fieracreattiva.it\/bergamo-creattiva\/faq-creattiva-bergamo\/","title":{"rendered":"FAQ"},"content":{"rendered":"\t\t<div data-elementor-type=\"wp-page\" data-elementor-id=\"4480\" class=\"elementor elementor-4480\">\n\t\t\t\t\t\t\t\t\t<section class=\"elementor-section elementor-top-section elementor-element elementor-element-643de43 elementor-section-boxed elementor-section-height-default elementor-section-height-default\" data-id=\"643de43\" data-element_type=\"section\">\n\t\t\t\t\t\t<div class=\"elementor-container elementor-column-gap-default\">\n\t\t\t\t\t<div class=\"elementor-column elementor-col-100 elementor-top-column elementor-element elementor-element-bf21616\" data-id=\"bf21616\" data-element_type=\"column\">\n\t\t\t<div class=\"elementor-widget-wrap elementor-element-populated\">\n\t\t\t\t\t\t\t\t<div class=\"elementor-element elementor-element-18653d4 elementor-widget elementor-widget-spacer\" data-id=\"18653d4\" data-element_type=\"widget\" data-widget_type=\"spacer.default\">\n\t\t\t\t<div class=\"elementor-widget-container\">\n\t\t\t\t\t<div class=\"elementor-spacer\">\n\t\t\t<div class=\"elementor-spacer-inner\"><\/div>\n\t\t<\/div>\n\t\t\t\t<\/div>\n\t\t\t\t<\/div>\n\t\t\t\t\t<\/div>\n\t\t<\/div>\n\t\t\t\t\t\t\t<\/div>\n\t\t<\/section>\n\t\t\t\t<section class=\"elementor-section elementor-top-section elementor-element elementor-element-aae8791 elementor-section-boxed elementor-section-height-default elementor-section-height-default\" data-id=\"aae8791\" data-element_type=\"section\">\n\t\t\t\t\t\t<div class=\"elementor-container elementor-column-gap-default\">\n\t\t\t\t\t<div class=\"elementor-column elementor-col-100 elementor-top-column elementor-element elementor-element-f783bb1\" data-id=\"f783bb1\" data-element_type=\"column\">\n\t\t\t<div class=\"elementor-widget-wrap elementor-element-populated\">\n\t\t\t\t\t\t\t\t<div class=\"elementor-element elementor-element-59bb63f aleft elementor-invisible elementor-widget elementor-widget-wgl-double-heading\" data-id=\"59bb63f\" data-element_type=\"widget\" data-settings=\"{&quot;_animation&quot;:&quot;fadeInUp&quot;}\" data-widget_type=\"wgl-double-heading.default\">\n\t\t\t\t<div class=\"elementor-widget-container\">\n\t\t\t<div class=\"wgl-double-heading\"><div class=\"dblh__subtitle\"><span>Bergamo Creattiva sta arrivando:<\/span><\/div><h4 class=\"dblh__title-wrapper\"><span class=\"dblh__title dblh__title-1\">Prepara al meglio la tua visita<\/span><\/h4><\/div>\t\t<\/div>\n\t\t\t\t<\/div>\n\t\t\t\t<div class=\"elementor-element elementor-element-002d332 elementor-invisible elementor-widget elementor-widget-text-editor\" data-id=\"002d332\" data-element_type=\"widget\" data-settings=\"{&quot;_animation&quot;:&quot;fadeInUp&quot;}\" data-widget_type=\"text-editor.default\">\n\t\t\t\t<div class=\"elementor-widget-container\">\n\t\t\t\t\t\t\t<p><strong>Verifica se tra le domande pi\u00f9 frequenti trovi la risposta che cerchi. Se non \u00e8 cos\u00ec, <a href=\"\/contatti\">contattaci<\/a> e saremo felici di risponderti.<\/strong><\/p>\t\t\t\t\t\t<\/div>\n\t\t\t\t<\/div>\n\t\t\t\t\t<\/div>\n\t\t<\/div>\n\t\t\t\t\t\t\t<\/div>\n\t\t<\/section>\n\t\t\t\t<section class=\"elementor-section elementor-top-section elementor-element elementor-element-4212a21 elementor-section-boxed elementor-section-height-default elementor-section-height-default\" data-id=\"4212a21\" data-element_type=\"section\">\n\t\t\t\t\t\t<div class=\"elementor-container elementor-column-gap-default\">\n\t\t\t\t\t<div class=\"elementor-column elementor-col-100 elementor-top-column elementor-element elementor-element-01752d8\" data-id=\"01752d8\" data-element_type=\"column\">\n\t\t\t<div class=\"elementor-widget-wrap elementor-element-populated\">\n\t\t\t\t\t\t\t\t<div class=\"elementor-element elementor-element-aae7612 elementor-widget elementor-widget-spacer\" data-id=\"aae7612\" data-element_type=\"widget\" data-widget_type=\"spacer.default\">\n\t\t\t\t<div class=\"elementor-widget-container\">\n\t\t\t\t\t<div class=\"elementor-spacer\">\n\t\t\t<div class=\"elementor-spacer-inner\"><\/div>\n\t\t<\/div>\n\t\t\t\t<\/div>\n\t\t\t\t<\/div>\n\t\t\t\t\t<\/div>\n\t\t<\/div>\n\t\t\t\t\t\t\t<\/div>\n\t\t<\/section>\n\t\t\t\t<section class=\"elementor-section elementor-top-section elementor-element elementor-element-1da7967 elementor-section-boxed elementor-section-height-default elementor-section-height-default\" data-id=\"1da7967\" data-element_type=\"section\">\n\t\t\t\t\t\t<div class=\"elementor-container elementor-column-gap-default\">\n\t\t\t\t\t<div class=\"elementor-column elementor-col-100 elementor-top-column elementor-element elementor-element-e4ed514\" data-id=\"e4ed514\" data-element_type=\"column\">\n\t\t\t<div class=\"elementor-widget-wrap elementor-element-populated\">\n\t\t\t\t\t\t\t\t<div class=\"elementor-element elementor-element-2485b11 elementor-invisible elementor-widget elementor-widget-accordion\" data-id=\"2485b11\" data-element_type=\"widget\" data-settings=\"{&quot;_animation&quot;:&quot;fadeInUp&quot;}\" data-widget_type=\"accordion.default\">\n\t\t\t\t<div class=\"elementor-widget-container\">\n\t\t\t\t\t<div class=\"elementor-accordion\" role=\"tablist\">\n\t\t\t\t\t\t\t<div class=\"elementor-accordion-item\">\n\t\t\t\t\t<div id=\"elementor-tab-title-3821\" class=\"elementor-tab-title\" data-tab=\"1\" role=\"tab\" aria-controls=\"elementor-tab-content-3821\" aria-expanded=\"false\">\n\t\t\t\t\t\t\t\t\t\t\t\t\t<span class=\"elementor-accordion-icon elementor-accordion-icon-left\" aria-hidden=\"true\">\n\t\t\t\t\t\t\t\t\t\t\t\t\t\t\t<span class=\"elementor-accordion-icon-closed\"><i class=\"fas fa-plus\"><\/i><\/span>\n\t\t\t\t\t\t\t\t<span class=\"elementor-accordion-icon-opened\"><i class=\"fas fa-minus\"><\/i><\/span>\n\t\t\t\t\t\t\t\t\t\t\t\t\t\t<\/span>\n\t\t\t\t\t\t\t\t\t\t\t\t<a class=\"elementor-accordion-title\" href=\"\">Come posso raggiungere la Fiera di Bergamo?<\/a>\n\t\t\t\t\t<\/div>\n\t\t\t\t\t<div id=\"elementor-tab-content-3821\" class=\"elementor-tab-content elementor-clearfix\" data-tab=\"1\" role=\"tabpanel\" aria-labelledby=\"elementor-tab-title-3821\"><p><a href=\"http:\/\/www.fieracreattiva.it\/bergamo-creattiva\/dove-siamo\/\">Scopri come \u00e8 facile raggiungere la fiera di Bergamo<\/a><\/p><\/div>\n\t\t\t\t<\/div>\n\t\t\t\t\t\t\t<div class=\"elementor-accordion-item\">\n\t\t\t\t\t<div id=\"elementor-tab-title-3822\" class=\"elementor-tab-title\" data-tab=\"2\" role=\"tab\" aria-controls=\"elementor-tab-content-3822\" aria-expanded=\"false\">\n\t\t\t\t\t\t\t\t\t\t\t\t\t<span class=\"elementor-accordion-icon elementor-accordion-icon-left\" aria-hidden=\"true\">\n\t\t\t\t\t\t\t\t\t\t\t\t\t\t\t<span class=\"elementor-accordion-icon-closed\"><i class=\"fas fa-plus\"><\/i><\/span>\n\t\t\t\t\t\t\t\t<span class=\"elementor-accordion-icon-opened\"><i class=\"fas fa-minus\"><\/i><\/span>\n\t\t\t\t\t\t\t\t\t\t\t\t\t\t<\/span>\n\t\t\t\t\t\t\t\t\t\t\t\t<a class=\"elementor-accordion-title\" href=\"\">Quanto costa il biglietto? Ci sono sconti?<\/a>\n\t\t\t\t\t<\/div>\n\t\t\t\t\t<div id=\"elementor-tab-content-3822\" class=\"elementor-tab-content elementor-clearfix\" data-tab=\"2\" role=\"tabpanel\" aria-labelledby=\"elementor-tab-title-3822\"><p style=\"text-align: justify;\">Il biglietto intero online \u00e8 scontato rispetto al prezzo intero se acquistato in Fiera. Inoltre ci sono una serie di sconti disponibili, per saperne di pi\u00f9 vai alla sezione dedicata <a href=\"http:\/\/www.fieracreattiva.it\/bergamo-creattiva\/date-orari-costi\/\">Biglietti e orari<\/a>.<\/p><\/div>\n\t\t\t\t<\/div>\n\t\t\t\t\t\t\t<div class=\"elementor-accordion-item\">\n\t\t\t\t\t<div id=\"elementor-tab-title-3823\" class=\"elementor-tab-title\" data-tab=\"3\" role=\"tab\" aria-controls=\"elementor-tab-content-3823\" aria-expanded=\"false\">\n\t\t\t\t\t\t\t\t\t\t\t\t\t<span class=\"elementor-accordion-icon elementor-accordion-icon-left\" aria-hidden=\"true\">\n\t\t\t\t\t\t\t\t\t\t\t\t\t\t\t<span class=\"elementor-accordion-icon-closed\"><i class=\"fas fa-plus\"><\/i><\/span>\n\t\t\t\t\t\t\t\t<span class=\"elementor-accordion-icon-opened\"><i class=\"fas fa-minus\"><\/i><\/span>\n\t\t\t\t\t\t\t\t\t\t\t\t\t\t<\/span>\n\t\t\t\t\t\t\t\t\t\t\t\t<a class=\"elementor-accordion-title\" href=\"\">Quali sono i metodi di pagamento accettati per l'acquisto del biglietto online? <\/a>\n\t\t\t\t\t<\/div>\n\t\t\t\t\t<div id=\"elementor-tab-content-3823\" class=\"elementor-tab-content elementor-clearfix\" data-tab=\"3\" role=\"tabpanel\" aria-labelledby=\"elementor-tab-title-3823\">\t<p style=\"text-align: justify;\">I metodi di pagamento per l\u2019acquisto del biglietto online sono le carte di credito dei seguenti circuiti: VISA, MASTERCARD, AMEX, UNIONPAY, VPAY e MAESTRO.<br>\nAttenzione: sulla propria carta di credito deve essere attivo il 3D secure code. Alcune banche richiedono anche un secondo codice fisso (autorizzazione a 2 fattori).<br>\nCarte prepagate sono invece analoghe a quelle di credito. Funzionano se facenti parte di uno dei circuiti sopra indicati.<br>\nCarte virtuali non sempre sono accettate: funzionano anche in questo caso solo se si appoggiano ad uno dei circuiti, altrimenti non vengono accettate.<\/p>\n<p style=\"text-align: justify;\">I bancomat NON sono abilitati per i pagamenti online, a meno che siano di ultima generazione e quindi abbiano uno dei circuiti sopra riportati (\u00e8 solitamente riportato sulla carta stessa e al momento dell\u2019attivazione la banca comunica che sono utilizzabili anche per pagamento online)<\/p><\/div>\n\t\t\t\t<\/div>\n\t\t\t\t\t\t\t<div class=\"elementor-accordion-item\">\n\t\t\t\t\t<div id=\"elementor-tab-title-3824\" class=\"elementor-tab-title\" data-tab=\"4\" role=\"tab\" aria-controls=\"elementor-tab-content-3824\" aria-expanded=\"false\">\n\t\t\t\t\t\t\t\t\t\t\t\t\t<span class=\"elementor-accordion-icon elementor-accordion-icon-left\" aria-hidden=\"true\">\n\t\t\t\t\t\t\t\t\t\t\t\t\t\t\t<span class=\"elementor-accordion-icon-closed\"><i class=\"fas fa-plus\"><\/i><\/span>\n\t\t\t\t\t\t\t\t<span class=\"elementor-accordion-icon-opened\"><i class=\"fas fa-minus\"><\/i><\/span>\n\t\t\t\t\t\t\t\t\t\t\t\t\t\t<\/span>\n\t\t\t\t\t\t\t\t\t\t\t\t<a class=\"elementor-accordion-title\" href=\"\">Se non sono pratico con gli strumenti digitali posso acquistare direttamente il biglietto in Fiera?<\/a>\n\t\t\t\t\t<\/div>\n\t\t\t\t\t<div id=\"elementor-tab-content-3824\" class=\"elementor-tab-content elementor-clearfix\" data-tab=\"4\" role=\"tabpanel\" aria-labelledby=\"elementor-tab-title-3824\"><p style=\"text-align: justify;\">Si, \u00e8 possibile. L\u2019acquisto online del biglietto \u00e8 consigliato perch\u00e9, fino al giorno prima dell\u2019inizio della fiera, \u00e8 disponibile a prezzo scontato.<\/p><\/div>\n\t\t\t\t<\/div>\n\t\t\t\t\t\t\t<div class=\"elementor-accordion-item\">\n\t\t\t\t\t<div id=\"elementor-tab-title-3825\" class=\"elementor-tab-title\" data-tab=\"5\" role=\"tab\" aria-controls=\"elementor-tab-content-3825\" aria-expanded=\"false\">\n\t\t\t\t\t\t\t\t\t\t\t\t\t<span class=\"elementor-accordion-icon elementor-accordion-icon-left\" aria-hidden=\"true\">\n\t\t\t\t\t\t\t\t\t\t\t\t\t\t\t<span class=\"elementor-accordion-icon-closed\"><i class=\"fas fa-plus\"><\/i><\/span>\n\t\t\t\t\t\t\t\t<span class=\"elementor-accordion-icon-opened\"><i class=\"fas fa-minus\"><\/i><\/span>\n\t\t\t\t\t\t\t\t\t\t\t\t\t\t<\/span>\n\t\t\t\t\t\t\t\t\t\t\t\t<a class=\"elementor-accordion-title\" href=\"\">Chi posso contattare se ho dubbi o problemi nell\u2019acquisto del biglietto online?<\/a>\n\t\t\t\t\t<\/div>\n\t\t\t\t\t<div id=\"elementor-tab-content-3825\" class=\"elementor-tab-content elementor-clearfix\" data-tab=\"5\" role=\"tabpanel\" aria-labelledby=\"elementor-tab-title-3825\"><p style=\"text-align: justify;\">E\u2019 attivo il nuovo numero di assistenza (035.<span>3230911<\/span>) e sar\u00e0 operativo dal luned\u00ec al venerd\u00ec dalle ore 8.30 alle 12.30 e dalle ore 14.00 alle ore 18.00<\/p><\/div>\n\t\t\t\t<\/div>\n\t\t\t\t\t\t\t<div class=\"elementor-accordion-item\">\n\t\t\t\t\t<div id=\"elementor-tab-title-3826\" class=\"elementor-tab-title\" data-tab=\"6\" role=\"tab\" aria-controls=\"elementor-tab-content-3826\" aria-expanded=\"false\">\n\t\t\t\t\t\t\t\t\t\t\t\t\t<span class=\"elementor-accordion-icon elementor-accordion-icon-left\" aria-hidden=\"true\">\n\t\t\t\t\t\t\t\t\t\t\t\t\t\t\t<span class=\"elementor-accordion-icon-closed\"><i class=\"fas fa-plus\"><\/i><\/span>\n\t\t\t\t\t\t\t\t<span class=\"elementor-accordion-icon-opened\"><i class=\"fas fa-minus\"><\/i><\/span>\n\t\t\t\t\t\t\t\t\t\t\t\t\t\t<\/span>\n\t\t\t\t\t\t\t\t\t\t\t\t<a class=\"elementor-accordion-title\" href=\"\">Quali sono gli orari di ingresso?<\/a>\n\t\t\t\t\t<\/div>\n\t\t\t\t\t<div id=\"elementor-tab-content-3826\" class=\"elementor-tab-content elementor-clearfix\" data-tab=\"6\" role=\"tabpanel\" aria-labelledby=\"elementor-tab-title-3826\"><div class=\"elementor-element elementor-element-895f100 elementor-widget elementor-widget-text-editor animated fadeInUp\" data-id=\"895f100\" data-element_type=\"widget\" data-settings=\"{&quot;_animation&quot;:&quot;fadeInUp&quot;}\" data-widget_type=\"text-editor.default\"><div class=\"elementor-widget-container\"><ul><li>Gioved\u00ec, Venerd\u00ec e Sabato dalle ore 9.30 alle ore 18.30<\/li><li>Domenica dalle ore 9.30 alle ore 17.30<\/li><\/ul><\/div><\/div><\/div>\n\t\t\t\t<\/div>\n\t\t\t\t\t\t\t<div class=\"elementor-accordion-item\">\n\t\t\t\t\t<div id=\"elementor-tab-title-3827\" class=\"elementor-tab-title\" data-tab=\"7\" role=\"tab\" aria-controls=\"elementor-tab-content-3827\" aria-expanded=\"false\">\n\t\t\t\t\t\t\t\t\t\t\t\t\t<span class=\"elementor-accordion-icon elementor-accordion-icon-left\" aria-hidden=\"true\">\n\t\t\t\t\t\t\t\t\t\t\t\t\t\t\t<span class=\"elementor-accordion-icon-closed\"><i class=\"fas fa-plus\"><\/i><\/span>\n\t\t\t\t\t\t\t\t<span class=\"elementor-accordion-icon-opened\"><i class=\"fas fa-minus\"><\/i><\/span>\n\t\t\t\t\t\t\t\t\t\t\t\t\t\t<\/span>\n\t\t\t\t\t\t\t\t\t\t\t\t<a class=\"elementor-accordion-title\" href=\"\">E per i bambini?<\/a>\n\t\t\t\t\t<\/div>\n\t\t\t\t\t<div id=\"elementor-tab-content-3827\" class=\"elementor-tab-content elementor-clearfix\" data-tab=\"7\" role=\"tabpanel\" aria-labelledby=\"elementor-tab-title-3827\"><p style=\"text-align: justify;\">I visitatori sino ai 9 anni d\u2019et\u00e0 possono ritirare il loro biglietto omaggio direttamente alla biglietteria della Fiera. Dai 10 ai 13 anni si entra con il biglietto ridotto, acquistabile solo in loco.<\/p><\/div>\n\t\t\t\t<\/div>\n\t\t\t\t\t\t\t<div class=\"elementor-accordion-item\">\n\t\t\t\t\t<div id=\"elementor-tab-title-3828\" class=\"elementor-tab-title\" data-tab=\"8\" role=\"tab\" aria-controls=\"elementor-tab-content-3828\" aria-expanded=\"false\">\n\t\t\t\t\t\t\t\t\t\t\t\t\t<span class=\"elementor-accordion-icon elementor-accordion-icon-left\" aria-hidden=\"true\">\n\t\t\t\t\t\t\t\t\t\t\t\t\t\t\t<span class=\"elementor-accordion-icon-closed\"><i class=\"fas fa-plus\"><\/i><\/span>\n\t\t\t\t\t\t\t\t<span class=\"elementor-accordion-icon-opened\"><i class=\"fas fa-minus\"><\/i><\/span>\n\t\t\t\t\t\t\t\t\t\t\t\t\t\t<\/span>\n\t\t\t\t\t\t\t\t\t\t\t\t<a class=\"elementor-accordion-title\" href=\"\">Ho Acquistato il Biglietto: Se La Manifestazione Venisse Annullata, il Costo Del Biglietto Mi Verrebbe Rimborsato?<\/a>\n\t\t\t\t\t<\/div>\n\t\t\t\t\t<div id=\"elementor-tab-content-3828\" class=\"elementor-tab-content elementor-clearfix\" data-tab=\"8\" role=\"tabpanel\" aria-labelledby=\"elementor-tab-title-3828\"><p style=\"text-align: justify;\">In caso di annullamento della manifestazione, l\u2019organizzatore provveder\u00e0 immediatamente al rimborso con restituzione della somma versata.<\/p><\/div>\n\t\t\t\t<\/div>\n\t\t\t\t\t\t\t<div class=\"elementor-accordion-item\">\n\t\t\t\t\t<div id=\"elementor-tab-title-3829\" class=\"elementor-tab-title\" data-tab=\"9\" role=\"tab\" aria-controls=\"elementor-tab-content-3829\" aria-expanded=\"false\">\n\t\t\t\t\t\t\t\t\t\t\t\t\t<span class=\"elementor-accordion-icon elementor-accordion-icon-left\" aria-hidden=\"true\">\n\t\t\t\t\t\t\t\t\t\t\t\t\t\t\t<span class=\"elementor-accordion-icon-closed\"><i class=\"fas fa-plus\"><\/i><\/span>\n\t\t\t\t\t\t\t\t<span class=\"elementor-accordion-icon-opened\"><i class=\"fas fa-minus\"><\/i><\/span>\n\t\t\t\t\t\t\t\t\t\t\t\t\t\t<\/span>\n\t\t\t\t\t\t\t\t\t\t\t\t<a class=\"elementor-accordion-title\" href=\"\">Sono previsti punti di ristoro all\u2019interno della Fiera?<\/a>\n\t\t\t\t\t<\/div>\n\t\t\t\t\t<div id=\"elementor-tab-content-3829\" class=\"elementor-tab-content elementor-clearfix\" data-tab=\"9\" role=\"tabpanel\" aria-labelledby=\"elementor-tab-title-3829\"><p style=\"text-align: justify;\">Nel polo fieristico sono presenti n.3 bar (uno nel padiglione A, uno nel padiglione B e uno nella galleria) ed un ristorante self-service nella galleria.<\/p><\/div>\n\t\t\t\t<\/div>\n\t\t\t\t\t\t\t<div class=\"elementor-accordion-item\">\n\t\t\t\t\t<div id=\"elementor-tab-title-38210\" class=\"elementor-tab-title\" data-tab=\"10\" role=\"tab\" aria-controls=\"elementor-tab-content-38210\" aria-expanded=\"false\">\n\t\t\t\t\t\t\t\t\t\t\t\t\t<span class=\"elementor-accordion-icon elementor-accordion-icon-left\" aria-hidden=\"true\">\n\t\t\t\t\t\t\t\t\t\t\t\t\t\t\t<span class=\"elementor-accordion-icon-closed\"><i class=\"fas fa-plus\"><\/i><\/span>\n\t\t\t\t\t\t\t\t<span class=\"elementor-accordion-icon-opened\"><i class=\"fas fa-minus\"><\/i><\/span>\n\t\t\t\t\t\t\t\t\t\t\t\t\t\t<\/span>\n\t\t\t\t\t\t\t\t\t\t\t\t<a class=\"elementor-accordion-title\" href=\"\">Sono ammessi i cani in Fiera?<\/a>\n\t\t\t\t\t<\/div>\n\t\t\t\t\t<div id=\"elementor-tab-content-38210\" class=\"elementor-tab-content elementor-clearfix\" data-tab=\"10\" role=\"tabpanel\" aria-labelledby=\"elementor-tab-title-38210\"><p style=\"text-align: justify;\">E\u2019 ammesso l\u2019accesso ai visitatori con cane, purch\u00e9 l\u2019animale non sia di grossa taglia e di razze ritenute aggressive, l\u2019animale deve essere condotto con guinzaglio e se richiesto con museruola. Il conduttore deve essere in grado di provvedere autonomamente al ripristino di eventuali sporcizie lasciate dall\u2019animale. Il conduttore deve essere maggiorenne e si assume la responsabilit\u00e0 verso terzi per eventuali danni a cose e\/o persone.<\/p>\n<p style=\"text-align: justify;\">L\u2019espositore ha diritto di chiedere al visitatore di allontanare il cane dal proprio stand, a suo insindacabile giudizio.<\/p>\n<p style=\"text-align: justify;\">Se l\u2019afflusso in fiera risulta particolarmente caotico, a tutela dell\u2019animale e del pubblico la segreteria pu\u00f2 vietare temporaneamente l\u2019ingresso dei cani.<\/p>\n<p style=\"text-align: justify;\"><a href=\"https:\/\/file.bergamofiera.it\/PromoBerg\/Regolamento\/Regolamento_accesso_cani_in_Fiera.pdf\" target=\"_blank\" rel=\"noopener\">Clicca qui per leggere il regolamento completo in merito all\u2019accesso dei cani alla fiera.<\/a><\/p><\/div>\n\t\t\t\t<\/div>\n\t\t\t\t\t\t\t\t<\/div>\n\t\t\t\t<\/div>\n\t\t\t\t<\/div>\n\t\t\t\t\t<\/div>\n\t\t<\/div>\n\t\t\t\t\t\t\t<\/div>\n\t\t<\/section>\n\t\t\t\t\t\t\t<\/div>\n\t\t","protected":false},"excerpt":{"rendered":"<p>Bergamo Creattiva sta arrivando: Prepara al meglio la tua visita Verifica se tra le domande pi\u00f9 frequenti trovi la risposta che cerchi. Se non \u00e8 cos\u00ec, contattaci e saremo felici di risponderti. Come posso raggiungere la Fiera di Bergamo? Scopri come \u00e8 facile raggiungere la fiera di Bergamo Quanto costa il biglietto? Ci sono sconti? [&hellip;]<\/p>\n","protected":false},"author":1,"featured_media":0,"parent":0,"menu_order":0,"comment_status":"closed","ping_status":"closed","template":"","meta":{"footnotes":""},"class_list":["post-4480","page","type-page","status-publish","hentry"],"yoast_head":"<!-- This site is optimized with the Yoast SEO plugin v19.6.1 - https:\/\/yoast.com\/wordpress\/plugins\/seo\/ -->\n<title>FAQ - Fiera Creattiva Bergamo<\/title>\n<meta name=\"description\" content=\"In questa sezione potrai trovare tutte le domande pi\u00f9 frequenti riguardo ci\u00f2 che \u00e8 importante sapere sulla Fiera Creattiva Bergamo\" \/>\n<meta name=\"robots\" content=\"index, follow, max-snippet:-1, max-image-preview:large, max-video-preview:-1\" \/>\n<link rel=\"canonical\" href=\"https:\/\/www.fieracreattiva.it\/bergamo-creattiva\/faq-creattiva-bergamo\/\" \/>\n<meta property=\"og:locale\" content=\"it_IT\" \/>\n<meta property=\"og:type\" content=\"article\" \/>\n<meta property=\"og:title\" content=\"FAQ - Fiera Creattiva Bergamo\" \/>\n<meta property=\"og:description\" content=\"In questa sezione potrai trovare tutte le domande pi\u00f9 frequenti riguardo ci\u00f2 che \u00e8 importante sapere sulla Fiera Creattiva Bergamo\" \/>\n<meta property=\"og:url\" content=\"https:\/\/www.fieracreattiva.it\/bergamo-creattiva\/faq-creattiva-bergamo\/\" \/>\n<meta property=\"og:site_name\" content=\"Fiera Creattiva Bergamo\" \/>\n<meta property=\"article:publisher\" content=\"https:\/\/www.facebook.com\/FieraCreattiva\" \/>\n<meta property=\"article:modified_time\" content=\"2025-07-18T16:05:29+00:00\" \/>\n<meta property=\"og:image\" content=\"https:\/\/www.fieracreattiva.it\/bergamo-creattiva\/wp-content\/uploads\/2022\/10\/socialspring.jpg\" \/>\n\t<meta property=\"og:image:width\" content=\"1200\" \/>\n\t<meta property=\"og:image:height\" content=\"900\" \/>\n\t<meta property=\"og:image:type\" content=\"image\/jpeg\" \/>\n<meta name=\"twitter:card\" content=\"summary_large_image\" \/>\n<meta name=\"twitter:label1\" content=\"Tempo di lettura stimato\" \/>\n\t<meta name=\"twitter:data1\" content=\"4 minuti\" \/>\n<script type=\"application\/ld+json\" class=\"yoast-schema-graph\">{\"@context\":\"https:\/\/schema.org\",\"@graph\":[{\"@type\":\"WebPage\",\"@id\":\"https:\/\/www.fieracreattiva.it\/bergamo-creattiva\/faq-creattiva-bergamo\/\",\"url\":\"https:\/\/www.fieracreattiva.it\/bergamo-creattiva\/faq-creattiva-bergamo\/\",\"name\":\"FAQ - Fiera Creattiva Bergamo\",\"isPartOf\":{\"@id\":\"https:\/\/www.fieracreattiva.it\/bergamo-creattiva\/#website\"},\"datePublished\":\"2022-08-22T10:30:39+00:00\",\"dateModified\":\"2025-07-18T16:05:29+00:00\",\"description\":\"In questa sezione potrai trovare tutte le domande pi\u00f9 frequenti riguardo ci\u00f2 che \u00e8 importante sapere sulla Fiera Creattiva Bergamo\",\"breadcrumb\":{\"@id\":\"https:\/\/www.fieracreattiva.it\/bergamo-creattiva\/faq-creattiva-bergamo\/#breadcrumb\"},\"inLanguage\":\"it-IT\",\"potentialAction\":[{\"@type\":\"ReadAction\",\"target\":[\"https:\/\/www.fieracreattiva.it\/bergamo-creattiva\/faq-creattiva-bergamo\/\"]}]},{\"@type\":\"BreadcrumbList\",\"@id\":\"https:\/\/www.fieracreattiva.it\/bergamo-creattiva\/faq-creattiva-bergamo\/#breadcrumb\",\"itemListElement\":[{\"@type\":\"ListItem\",\"position\":1,\"name\":\"Home\",\"item\":\"https:\/\/www.fieracreattiva.it\/bergamo-creattiva\/\"},{\"@type\":\"ListItem\",\"position\":2,\"name\":\"FAQ\"}]},{\"@type\":\"WebSite\",\"@id\":\"https:\/\/www.fieracreattiva.it\/bergamo-creattiva\/#website\",\"url\":\"https:\/\/www.fieracreattiva.it\/bergamo-creattiva\/\",\"name\":\"Fiera Creattiva Bergamo\",\"description\":\"Fiera delle Arti Manuali\",\"publisher\":{\"@id\":\"https:\/\/www.fieracreattiva.it\/bergamo-creattiva\/#organization\"},\"potentialAction\":[{\"@type\":\"SearchAction\",\"target\":{\"@type\":\"EntryPoint\",\"urlTemplate\":\"https:\/\/www.fieracreattiva.it\/bergamo-creattiva\/?s={search_term_string}\"},\"query-input\":\"required name=search_term_string\"}],\"inLanguage\":\"it-IT\"},{\"@type\":\"Organization\",\"@id\":\"https:\/\/www.fieracreattiva.it\/bergamo-creattiva\/#organization\",\"name\":\"Fiera Creattiva Bergamo\",\"url\":\"https:\/\/www.fieracreattiva.it\/bergamo-creattiva\/\",\"sameAs\":[\"https:\/\/www.instagram.com\/fieracreattiva\",\"https:\/\/www.youtube.com\/CreattivaChannel\",\"https:\/\/www.facebook.com\/FieraCreattiva\"],\"logo\":{\"@type\":\"ImageObject\",\"inLanguage\":\"it-IT\",\"@id\":\"https:\/\/www.fieracreattiva.it\/bergamo-creattiva\/#\/schema\/logo\/image\/\",\"url\":\"https:\/\/www.fieracreattiva.it\/bergamo-creattiva\/wp-content\/uploads\/2022\/09\/seo_creattiva_Autunno.jpg\",\"contentUrl\":\"https:\/\/www.fieracreattiva.it\/bergamo-creattiva\/wp-content\/uploads\/2022\/09\/seo_creattiva_Autunno.jpg\",\"width\":1200,\"height\":900,\"caption\":\"Fiera Creattiva Bergamo\"},\"image\":{\"@id\":\"https:\/\/www.fieracreattiva.it\/bergamo-creattiva\/#\/schema\/logo\/image\/\"}}]}<\/script>\n<!-- \/ Yoast SEO plugin. -->","yoast_head_json":{"title":"FAQ - Fiera Creattiva Bergamo","description":"In questa sezione potrai trovare tutte le domande pi\u00f9 frequenti riguardo ci\u00f2 che \u00e8 importante sapere sulla Fiera Creattiva Bergamo","robots":{"index":"index","follow":"follow","max-snippet":"max-snippet:-1","max-image-preview":"max-image-preview:large","max-video-preview":"max-video-preview:-1"},"canonical":"https:\/\/www.fieracreattiva.it\/bergamo-creattiva\/faq-creattiva-bergamo\/","og_locale":"it_IT","og_type":"article","og_title":"FAQ - Fiera Creattiva Bergamo","og_description":"In questa sezione potrai trovare tutte le domande pi\u00f9 frequenti riguardo ci\u00f2 che \u00e8 importante sapere sulla Fiera Creattiva Bergamo","og_url":"https:\/\/www.fieracreattiva.it\/bergamo-creattiva\/faq-creattiva-bergamo\/","og_site_name":"Fiera Creattiva Bergamo","article_publisher":"https:\/\/www.facebook.com\/FieraCreattiva","article_modified_time":"2025-07-18T16:05:29+00:00","og_image":[{"width":1200,"height":900,"url":"https:\/\/www.fieracreattiva.it\/bergamo-creattiva\/wp-content\/uploads\/2022\/10\/socialspring.jpg","type":"image\/jpeg"}],"twitter_card":"summary_large_image","twitter_misc":{"Tempo di lettura stimato":"4 minuti"},"schema":{"@context":"https:\/\/schema.org","@graph":[{"@type":"WebPage","@id":"https:\/\/www.fieracreattiva.it\/bergamo-creattiva\/faq-creattiva-bergamo\/","url":"https:\/\/www.fieracreattiva.it\/bergamo-creattiva\/faq-creattiva-bergamo\/","name":"FAQ - Fiera Creattiva Bergamo","isPartOf":{"@id":"https:\/\/www.fieracreattiva.it\/bergamo-creattiva\/#website"},"datePublished":"2022-08-22T10:30:39+00:00","dateModified":"2025-07-18T16:05:29+00:00","description":"In questa sezione potrai trovare tutte le domande pi\u00f9 frequenti riguardo ci\u00f2 che \u00e8 importante sapere sulla Fiera Creattiva Bergamo","breadcrumb":{"@id":"https:\/\/www.fieracreattiva.it\/bergamo-creattiva\/faq-creattiva-bergamo\/#breadcrumb"},"inLanguage":"it-IT","potentialAction":[{"@type":"ReadAction","target":["https:\/\/www.fieracreattiva.it\/bergamo-creattiva\/faq-creattiva-bergamo\/"]}]},{"@type":"BreadcrumbList","@id":"https:\/\/www.fieracreattiva.it\/bergamo-creattiva\/faq-creattiva-bergamo\/#breadcrumb","itemListElement":[{"@type":"ListItem","position":1,"name":"Home","item":"https:\/\/www.fieracreattiva.it\/bergamo-creattiva\/"},{"@type":"ListItem","position":2,"name":"FAQ"}]},{"@type":"WebSite","@id":"https:\/\/www.fieracreattiva.it\/bergamo-creattiva\/#website","url":"https:\/\/www.fieracreattiva.it\/bergamo-creattiva\/","name":"Fiera Creattiva Bergamo","description":"Fiera delle Arti Manuali","publisher":{"@id":"https:\/\/www.fieracreattiva.it\/bergamo-creattiva\/#organization"},"potentialAction":[{"@type":"SearchAction","target":{"@type":"EntryPoint","urlTemplate":"https:\/\/www.fieracreattiva.it\/bergamo-creattiva\/?s={search_term_string}"},"query-input":"required name=search_term_string"}],"inLanguage":"it-IT"},{"@type":"Organization","@id":"https:\/\/www.fieracreattiva.it\/bergamo-creattiva\/#organization","name":"Fiera Creattiva Bergamo","url":"https:\/\/www.fieracreattiva.it\/bergamo-creattiva\/","sameAs":["https:\/\/www.instagram.com\/fieracreattiva","https:\/\/www.youtube.com\/CreattivaChannel","https:\/\/www.facebook.com\/FieraCreattiva"],"logo":{"@type":"ImageObject","inLanguage":"it-IT","@id":"https:\/\/www.fieracreattiva.it\/bergamo-creattiva\/#\/schema\/logo\/image\/","url":"https:\/\/www.fieracreattiva.it\/bergamo-creattiva\/wp-content\/uploads\/2022\/09\/seo_creattiva_Autunno.jpg","contentUrl":"https:\/\/www.fieracreattiva.it\/bergamo-creattiva\/wp-content\/uploads\/2022\/09\/seo_creattiva_Autunno.jpg","width":1200,"height":900,"caption":"Fiera Creattiva Bergamo"},"image":{"@id":"https:\/\/www.fieracreattiva.it\/bergamo-creattiva\/#\/schema\/logo\/image\/"}}]}},"_links":{"self":[{"href":"https:\/\/www.fieracreattiva.it\/bergamo-creattiva\/wp-json\/wp\/v2\/pages\/4480","targetHints":{"allow":["GET"]}}],"collection":[{"href":"https:\/\/www.fieracreattiva.it\/bergamo-creattiva\/wp-json\/wp\/v2\/pages"}],"about":[{"href":"https:\/\/www.fieracreattiva.it\/bergamo-creattiva\/wp-json\/wp\/v2\/types\/page"}],"author":[{"embeddable":true,"href":"https:\/\/www.fieracreattiva.it\/bergamo-creattiva\/wp-json\/wp\/v2\/users\/1"}],"replies":[{"embeddable":true,"href":"https:\/\/www.fieracreattiva.it\/bergamo-creattiva\/wp-json\/wp\/v2\/comments?post=4480"}],"version-history":[{"count":53,"href":"https:\/\/www.fieracreattiva.it\/bergamo-creattiva\/wp-json\/wp\/v2\/pages\/4480\/revisions"}],"predecessor-version":[{"id":9746,"href":"https:\/\/www.fieracreattiva.it\/bergamo-creattiva\/wp-json\/wp\/v2\/pages\/4480\/revisions\/9746"}],"wp:attachment":[{"href":"https:\/\/www.fieracreattiva.it\/bergamo-creattiva\/wp-json\/wp\/v2\/media?parent=4480"}],"curies":[{"name":"wp","href":"https:\/\/api.w.org\/{rel}","templated":true}]}}