{"id":4373,"date":"2022-08-22T11:29:46","date_gmt":"2022-08-22T09:29:46","guid":{"rendered":"http:\/\/www.fieracreattiva.it\/bergamo-creattiva\/?page_id=4373"},"modified":"2025-07-22T10:49:51","modified_gmt":"2025-07-22T08:49:51","slug":"dove-siamo","status":"publish","type":"page","link":"https:\/\/www.fieracreattiva.it\/bergamo-creattiva\/dove-siamo\/","title":{"rendered":"Come raggiungerci"},"content":{"rendered":"\t\t<div data-elementor-type=\"wp-page\" data-elementor-id=\"4373\" class=\"elementor elementor-4373\">\n\t\t\t\t\t\t\t\t\t<section class=\"elementor-section elementor-top-section elementor-element elementor-element-2e24a9e elementor-section-boxed elementor-section-height-default elementor-section-height-default\" data-id=\"2e24a9e\" data-element_type=\"section\">\n\t\t\t\t\t\t<div class=\"elementor-container elementor-column-gap-default\">\n\t\t\t\t\t<div class=\"elementor-column elementor-col-100 elementor-top-column elementor-element elementor-element-f8e66f8\" data-id=\"f8e66f8\" data-element_type=\"column\">\n\t\t\t<div class=\"elementor-widget-wrap elementor-element-populated\">\n\t\t\t\t\t\t\t\t<div class=\"elementor-element elementor-element-fcbade8 elementor-widget elementor-widget-spacer\" data-id=\"fcbade8\" data-element_type=\"widget\" data-widget_type=\"spacer.default\">\n\t\t\t\t<div class=\"elementor-widget-container\">\n\t\t\t\t\t<div class=\"elementor-spacer\">\n\t\t\t<div class=\"elementor-spacer-inner\"><\/div>\n\t\t<\/div>\n\t\t\t\t<\/div>\n\t\t\t\t<\/div>\n\t\t\t\t\t<\/div>\n\t\t<\/div>\n\t\t\t\t\t\t\t<\/div>\n\t\t<\/section>\n\t\t\t\t<section class=\"elementor-section elementor-top-section elementor-element elementor-element-37fcc16 elementor-section-boxed elementor-section-height-default elementor-section-height-default\" data-id=\"37fcc16\" data-element_type=\"section\">\n\t\t\t\t\t\t<div class=\"elementor-container elementor-column-gap-default\">\n\t\t\t\t\t<div class=\"elementor-column elementor-col-50 elementor-top-column elementor-element elementor-element-c4fc6ae\" data-id=\"c4fc6ae\" data-element_type=\"column\">\n\t\t\t<div class=\"elementor-widget-wrap elementor-element-populated\">\n\t\t\t\t\t\t\t\t<div class=\"elementor-element elementor-element-fbfb73d aleft elementor-invisible elementor-widget elementor-widget-wgl-double-heading\" data-id=\"fbfb73d\" data-element_type=\"widget\" data-settings=\"{&quot;_animation&quot;:&quot;fadeInUp&quot;}\" data-widget_type=\"wgl-double-heading.default\">\n\t\t\t\t<div class=\"elementor-widget-container\">\n\t\t\t<div class=\"wgl-double-heading\"><div class=\"dblh__subtitle\"><span>Fiera Creattiva Bergamo<\/span><\/div><h3 class=\"dblh__title-wrapper\"><span class=\"dblh__title dblh__title-1\">Come raggiungerci<\/span><\/h3><\/div>\t\t<\/div>\n\t\t\t\t<\/div>\n\t\t\t\t<div class=\"elementor-element elementor-element-9988552 elementor-invisible elementor-widget elementor-widget-text-editor\" data-id=\"9988552\" data-element_type=\"widget\" data-settings=\"{&quot;_animation&quot;:&quot;fadeInUp&quot;}\" data-widget_type=\"text-editor.default\">\n\t\t\t\t<div class=\"elementor-widget-container\">\n\t\t\t\t\t\t\t<p style=\"text-align: justify;\">La Fiera di Bergamo \u00e8 posizionata sulla circonvallazione di Bergamo, raggiungibile agevolmente e in pochi minuti dalle uscite di Bergamo e Seriate dell\u2019autostrada A4 Milano-Venezia. Per tutti i giorni di fiera inoltre sono previste navette di collegamento gratuite con il centro citt\u00e0 (stazione di Bergamo) e con l\u2019aeroporto di Orio al Serio.<\/p>\t\t\t\t\t\t<\/div>\n\t\t\t\t<\/div>\n\t\t\t\t<section class=\"elementor-section elementor-inner-section elementor-element elementor-element-a8a1bdd elementor-section-boxed elementor-section-height-default elementor-section-height-default elementor-invisible\" data-id=\"a8a1bdd\" data-element_type=\"section\" data-settings=\"{&quot;animation&quot;:&quot;fadeInUp&quot;}\">\n\t\t\t\t\t\t<div class=\"elementor-container elementor-column-gap-default\">\n\t\t\t\t\t<div class=\"elementor-column elementor-col-50 elementor-inner-column elementor-element elementor-element-e44dc31\" data-id=\"e44dc31\" data-element_type=\"column\">\n\t\t\t<div class=\"elementor-widget-wrap elementor-element-populated\">\n\t\t\t\t\t\t\t\t<div class=\"elementor-element elementor-element-d48fe2b elementor-widget elementor-widget-text-editor\" data-id=\"d48fe2b\" data-element_type=\"widget\" data-widget_type=\"text-editor.default\">\n\t\t\t\t<div class=\"elementor-widget-container\">\n\t\t\t\t\t\t\t<p><strong>Fiera di Bergamo<\/strong><br \/>Via Lunga &#8211;\u00a0 24125 Bergamo<br \/>Tel. 035 3230911<\/p>\t\t\t\t\t\t<\/div>\n\t\t\t\t<\/div>\n\t\t\t\t\t<\/div>\n\t\t<\/div>\n\t\t\t\t<div class=\"elementor-column elementor-col-50 elementor-inner-column elementor-element elementor-element-13c9f47\" data-id=\"13c9f47\" data-element_type=\"column\">\n\t\t\t<div class=\"elementor-widget-wrap elementor-element-populated\">\n\t\t\t\t\t\t\t\t<div class=\"elementor-element elementor-element-a307b49 elementor-widget elementor-widget-text-editor\" data-id=\"a307b49\" data-element_type=\"widget\" data-widget_type=\"text-editor.default\">\n\t\t\t\t<div class=\"elementor-widget-container\">\n\t\t\t\t\t\t\t<p><strong>Riferimenti GPS:<\/strong><br \/>Latitudine 45\u00b0 41\u2032 1.88\u201d N<br \/>Longitudine 9\u00b0 42\u2032 4.82\u201d E<\/p>\t\t\t\t\t\t<\/div>\n\t\t\t\t<\/div>\n\t\t\t\t\t<\/div>\n\t\t<\/div>\n\t\t\t\t\t\t\t<\/div>\n\t\t<\/section>\n\t\t\t\t\t<\/div>\n\t\t<\/div>\n\t\t\t\t<div class=\"elementor-column elementor-col-50 elementor-top-column elementor-element elementor-element-3ff2c88\" data-id=\"3ff2c88\" data-element_type=\"column\">\n\t\t\t<div class=\"elementor-widget-wrap elementor-element-populated\">\n\t\t\t\t\t\t\t\t<div class=\"elementor-element elementor-element-fc98584 elementor-widget elementor-widget-spacer\" data-id=\"fc98584\" data-element_type=\"widget\" data-widget_type=\"spacer.default\">\n\t\t\t\t<div class=\"elementor-widget-container\">\n\t\t\t\t\t<div class=\"elementor-spacer\">\n\t\t\t<div class=\"elementor-spacer-inner\"><\/div>\n\t\t<\/div>\n\t\t\t\t<\/div>\n\t\t\t\t<\/div>\n\t\t\t\t<div class=\"elementor-element elementor-element-44888c2 elementor-invisible elementor-widget elementor-widget-text-editor\" data-id=\"44888c2\" data-element_type=\"widget\" data-settings=\"{&quot;_animation&quot;:&quot;fadeInUp&quot;}\" data-widget_type=\"text-editor.default\">\n\t\t\t\t<div class=\"elementor-widget-container\">\n\t\t\t\t\t\t\t<iframe loading=\"lazy\" style=\"border: 0;\" src=\"https:\/\/www.google.com\/maps\/embed?pb=!1m18!1m12!1m3!1d2787.3284169273206!2d9.699622815903432!3d45.68438087910414!2m3!1f0!2f0!3f0!3m2!1i1024!2i768!4f13.1!3m3!1m2!1s0x478150f4df7247cb%3A0x7ca3ec00a35829a5!2sFiera%20di%20Bergamo!5e0!3m2!1sit!2sit!4v1661160716737!5m2!1sit!2sit\" width=\"100%\" height=\"350\" allowfullscreen=\"allowfullscreen\"><\/iframe>\t\t\t\t\t\t<\/div>\n\t\t\t\t<\/div>\n\t\t\t\t\t<\/div>\n\t\t<\/div>\n\t\t\t\t\t\t\t<\/div>\n\t\t<\/section>\n\t\t\t\t<section class=\"elementor-section elementor-top-section elementor-element elementor-element-9c18ccb elementor-section-boxed elementor-section-height-default elementor-section-height-default\" data-id=\"9c18ccb\" data-element_type=\"section\">\n\t\t\t\t\t\t<div class=\"elementor-container elementor-column-gap-default\">\n\t\t\t\t\t<div class=\"elementor-column elementor-col-100 elementor-top-column elementor-element elementor-element-e7603c0\" data-id=\"e7603c0\" data-element_type=\"column\">\n\t\t\t<div class=\"elementor-widget-wrap elementor-element-populated\">\n\t\t\t\t\t\t\t\t<div class=\"elementor-element elementor-element-b03fdae elementor-widget elementor-widget-spacer\" data-id=\"b03fdae\" data-element_type=\"widget\" data-widget_type=\"spacer.default\">\n\t\t\t\t<div class=\"elementor-widget-container\">\n\t\t\t\t\t<div class=\"elementor-spacer\">\n\t\t\t<div class=\"elementor-spacer-inner\"><\/div>\n\t\t<\/div>\n\t\t\t\t<\/div>\n\t\t\t\t<\/div>\n\t\t\t\t\t<\/div>\n\t\t<\/div>\n\t\t\t\t\t\t\t<\/div>\n\t\t<\/section>\n\t\t\t\t<section class=\"elementor-section elementor-top-section elementor-element elementor-element-0d5c2de elementor-section-full_width elementor-section-height-default elementor-section-height-default\" data-id=\"0d5c2de\" data-element_type=\"section\">\n\t\t\t\t\t\t<div class=\"elementor-container elementor-column-gap-default\">\n\t\t\t\t\t<div class=\"elementor-column elementor-col-100 elementor-top-column elementor-element elementor-element-0aba339\" data-id=\"0aba339\" data-element_type=\"column\">\n\t\t\t<div class=\"elementor-widget-wrap elementor-element-populated\">\n\t\t\t\t\t\t\t\t<div class=\"elementor-element elementor-element-93bfab3 elementor-widget elementor-widget-text-editor\" data-id=\"93bfab3\" data-element_type=\"widget\" data-widget_type=\"text-editor.default\">\n\t\t\t\t<div class=\"elementor-widget-container\">\n\t\t\t\t\t\t\t\t\t\t\t\t\t<\/div>\n\t\t\t\t<\/div>\n\t\t\t\t\t<\/div>\n\t\t<\/div>\n\t\t\t\t\t\t\t<\/div>\n\t\t<\/section>\n\t\t\t\t<section class=\"elementor-section elementor-top-section elementor-element elementor-element-bb51d28 elementor-section-boxed elementor-section-height-default elementor-section-height-default\" data-id=\"bb51d28\" data-element_type=\"section\">\n\t\t\t\t\t\t<div class=\"elementor-container elementor-column-gap-default\">\n\t\t\t\t\t<div class=\"elementor-column elementor-col-100 elementor-top-column elementor-element elementor-element-f5cf178\" data-id=\"f5cf178\" data-element_type=\"column\">\n\t\t\t<div class=\"elementor-widget-wrap elementor-element-populated\">\n\t\t\t\t\t\t\t\t<div class=\"elementor-element elementor-element-e4d3f90 elementor-invisible elementor-widget elementor-widget-accordion\" data-id=\"e4d3f90\" data-element_type=\"widget\" data-settings=\"{&quot;_animation&quot;:&quot;fadeInUp&quot;}\" data-widget_type=\"accordion.default\">\n\t\t\t\t<div class=\"elementor-widget-container\">\n\t\t\t\t\t<div class=\"elementor-accordion\" role=\"tablist\">\n\t\t\t\t\t\t\t<div class=\"elementor-accordion-item\">\n\t\t\t\t\t<div id=\"elementor-tab-title-2391\" class=\"elementor-tab-title\" data-tab=\"1\" role=\"tab\" aria-controls=\"elementor-tab-content-2391\" aria-expanded=\"false\">\n\t\t\t\t\t\t\t\t\t\t\t\t\t<span class=\"elementor-accordion-icon elementor-accordion-icon-left\" aria-hidden=\"true\">\n\t\t\t\t\t\t\t\t\t\t\t\t\t\t\t<span class=\"elementor-accordion-icon-closed\"><i class=\"fas fa-plus\"><\/i><\/span>\n\t\t\t\t\t\t\t\t<span class=\"elementor-accordion-icon-opened\"><i class=\"fas fa-minus\"><\/i><\/span>\n\t\t\t\t\t\t\t\t\t\t\t\t\t\t<\/span>\n\t\t\t\t\t\t\t\t\t\t\t\t<a class=\"elementor-accordion-title\" href=\"\">In Auto<\/a>\n\t\t\t\t\t<\/div>\n\t\t\t\t\t<div id=\"elementor-tab-content-2391\" class=\"elementor-tab-content elementor-clearfix\" data-tab=\"1\" role=\"tabpanel\" aria-labelledby=\"elementor-tab-title-2391\"><p>\u00a0<\/p><p style=\"text-align: justify;\">Il polo fieristico \u00e8 posizionato lungo la circonvallazione di <strong>Bergamo<\/strong>, raggiungibile agevolmente e in pochi minuti dall\u2019autostrada A4: uscita di Bergamo per chi proviene da Milano (2,5 Km); uscita di Seriate e poi direzione Bergamo per chi proviene da Trieste-Venezia (6 Km). Seguire le indicazioni FIERA.<\/p><p style=\"text-align: justify;\">Migliaia di posti parcheggio a disposizione dei visitatori, <span>il parcheggio \u00e8 a tariffa unica, per l\u2019intera durata della permanenza in fiera.<br \/><\/span><span> Pagamento in contanti o carte di credito o telepass<\/span><\/p><p style=\"text-align: justify;\">\u00a0<\/p><\/div>\n\t\t\t\t<\/div>\n\t\t\t\t\t\t\t<div class=\"elementor-accordion-item\">\n\t\t\t\t\t<div id=\"elementor-tab-title-2392\" class=\"elementor-tab-title\" data-tab=\"2\" role=\"tab\" aria-controls=\"elementor-tab-content-2392\" aria-expanded=\"false\">\n\t\t\t\t\t\t\t\t\t\t\t\t\t<span class=\"elementor-accordion-icon elementor-accordion-icon-left\" aria-hidden=\"true\">\n\t\t\t\t\t\t\t\t\t\t\t\t\t\t\t<span class=\"elementor-accordion-icon-closed\"><i class=\"fas fa-plus\"><\/i><\/span>\n\t\t\t\t\t\t\t\t<span class=\"elementor-accordion-icon-opened\"><i class=\"fas fa-minus\"><\/i><\/span>\n\t\t\t\t\t\t\t\t\t\t\t\t\t\t<\/span>\n\t\t\t\t\t\t\t\t\t\t\t\t<a class=\"elementor-accordion-title\" href=\"\">In Aereo<\/a>\n\t\t\t\t\t<\/div>\n\t\t\t\t\t<div id=\"elementor-tab-content-2392\" class=\"elementor-tab-content elementor-clearfix\" data-tab=\"2\" role=\"tabpanel\" aria-labelledby=\"elementor-tab-title-2392\"><p><strong>Aeroporto Milan Bergamo (BGY)<\/strong><br>\nvia Aeroporto<br>\n20050 Orio al Serio (BG)<br>\nTel. +39 035 32 63 23<br>\n<a href=\"https:\/\/www.milanbergamoairport.it\/\" target=\"_blank\" rel=\"noopener\">www.milanbergamoairport.it\/<\/a><\/p>\n<p><strong>Aeroporto Milan Malpensa (MXP)<\/strong><br>\nvia Malpensa, 1<br>\n20157 Milano (MI)<br>\nTel. +39 02 58 58 30 93<br>\n<a href=\"https:\/\/www.milanomalpensa-airport.com\" target=\"_blank\" rel=\"noopener\">www.milanomalpensa-airport.com<\/a><\/p>\n<p><strong>Aeroporto Milan Linate (LIN)<\/strong><br>\nviale Forlanini,<br>\nMilano (MI)<br>\nTel. +39 02 70 200 499<br>\n<a href=\"https:\/\/www.milanolinate-airport.com\" target=\"_blank\" rel=\"noopener\">www.milanolinate-airport.com<\/a><\/div>\n\t\t\t\t<\/div>\n\t\t\t\t\t\t\t<div class=\"elementor-accordion-item\">\n\t\t\t\t\t<div id=\"elementor-tab-title-2393\" class=\"elementor-tab-title\" data-tab=\"3\" role=\"tab\" aria-controls=\"elementor-tab-content-2393\" aria-expanded=\"false\">\n\t\t\t\t\t\t\t\t\t\t\t\t\t<span class=\"elementor-accordion-icon elementor-accordion-icon-left\" aria-hidden=\"true\">\n\t\t\t\t\t\t\t\t\t\t\t\t\t\t\t<span class=\"elementor-accordion-icon-closed\"><i class=\"fas fa-plus\"><\/i><\/span>\n\t\t\t\t\t\t\t\t<span class=\"elementor-accordion-icon-opened\"><i class=\"fas fa-minus\"><\/i><\/span>\n\t\t\t\t\t\t\t\t\t\t\t\t\t\t<\/span>\n\t\t\t\t\t\t\t\t\t\t\t\t<a class=\"elementor-accordion-title\" href=\"\">In Camper<\/a>\n\t\t\t\t\t<\/div>\n\t\t\t\t\t<div id=\"elementor-tab-content-2393\" class=\"elementor-tab-content elementor-clearfix\" data-tab=\"3\" role=\"tabpanel\" aria-labelledby=\"elementor-tab-title-2393\"><p>Per i camperisti che desiderano pernottare \u00e8 possibile contattare la vicina area camper della Citt\u00e0 di Bergamo, il link per informazioni \u00e8: <a href=\"http:\/\/www.areacamperbergamo.it\" target=\"_blank\" rel=\"noopener\">http:\/\/www.areacamperbergamo.it <\/a><\/p>\n<p>Si ricorda che non \u00e8 possibile pernottare all\u2019interno dell\u2019area parcheggio di Fiera Bergamo<\/p>\n<\/div>\n\t\t\t\t<\/div>\n\t\t\t\t\t\t\t<div class=\"elementor-accordion-item\">\n\t\t\t\t\t<div id=\"elementor-tab-title-2394\" class=\"elementor-tab-title\" data-tab=\"4\" role=\"tab\" aria-controls=\"elementor-tab-content-2394\" aria-expanded=\"false\">\n\t\t\t\t\t\t\t\t\t\t\t\t\t<span class=\"elementor-accordion-icon elementor-accordion-icon-left\" aria-hidden=\"true\">\n\t\t\t\t\t\t\t\t\t\t\t\t\t\t\t<span class=\"elementor-accordion-icon-closed\"><i class=\"fas fa-plus\"><\/i><\/span>\n\t\t\t\t\t\t\t\t<span class=\"elementor-accordion-icon-opened\"><i class=\"fas fa-minus\"><\/i><\/span>\n\t\t\t\t\t\t\t\t\t\t\t\t\t\t<\/span>\n\t\t\t\t\t\t\t\t\t\t\t\t<a class=\"elementor-accordion-title\" href=\"\">In Treno<\/a>\n\t\t\t\t\t<\/div>\n\t\t\t\t\t<div id=\"elementor-tab-content-2394\" class=\"elementor-tab-content elementor-clearfix\" data-tab=\"4\" role=\"tabpanel\" aria-labelledby=\"elementor-tab-title-2394\"><p><!--<\/p>\n<p style=\"background-color: #faebd4; padding: 10px; margin: 30px auto;\">Avvisiamo i gentili visitatori che l\u2019<span style=\"color: #e35b30;\"><strong>8 e il 9 ottobre 2022<\/strong><\/span> ci sar\u00e0 uno <span style=\"color: #e35b30;\"><strong>sciopero Trenord e Rete Ferroviaria Italiana (RFI) della Circolazione Area Milano<\/strong><\/span>. Consigliamo dunque di raggiungerci in auto, con bus di linea ATB, con bus navetta o pullman organizzato.<\/p>\n<p>--><br \/>La stazione ferroviaria pi\u00f9 comoda per visitare Creattiva \u00e8 quella di BERGAMO.<br \/>Link: <strong><a href=\"http:\/\/www.trenitalia.com\/\" target=\"_blank\" rel=\"noopener\">Trenitalia.com \u00a0<\/a><\/strong><\/p><p>Dalla Stazione di Bergamo \u00e8 sempre attivo il servizio di Navetta Gratuito che arriva direttamente in fiera.<\/p><p><strong><a href=\"http:\/\/www.fieracreattiva.it\/bergamo-creattiva\/dove-siamo\/?BusNavettaGratuita\">Clicca qui per tutte le info sulla navetta <\/a><\/strong><\/p><\/div>\n\t\t\t\t<\/div>\n\t\t\t\t\t\t\t<div class=\"elementor-accordion-item\">\n\t\t\t\t\t<div id=\"elementor-tab-title-2395\" class=\"elementor-tab-title\" data-tab=\"5\" role=\"tab\" aria-controls=\"elementor-tab-content-2395\" aria-expanded=\"false\">\n\t\t\t\t\t\t\t\t\t\t\t\t\t<span class=\"elementor-accordion-icon elementor-accordion-icon-left\" aria-hidden=\"true\">\n\t\t\t\t\t\t\t\t\t\t\t\t\t\t\t<span class=\"elementor-accordion-icon-closed\"><i class=\"fas fa-plus\"><\/i><\/span>\n\t\t\t\t\t\t\t\t<span class=\"elementor-accordion-icon-opened\"><i class=\"fas fa-minus\"><\/i><\/span>\n\t\t\t\t\t\t\t\t\t\t\t\t\t\t<\/span>\n\t\t\t\t\t\t\t\t\t\t\t\t<a class=\"elementor-accordion-title\" href=\"\">In Autobus<\/a>\n\t\t\t\t\t<\/div>\n\t\t\t\t\t<div id=\"elementor-tab-content-2395\" class=\"elementor-tab-content elementor-clearfix\" data-tab=\"5\" role=\"tabpanel\" aria-labelledby=\"elementor-tab-title-2395\"><p>Il polo fieristico \u00e8 posizionato lungo la circonvallazione di <strong>Bergamo<\/strong>, raggiungibile agevolmente e in pochi minuti dall\u2019autostrada A4: uscita di Bergamo per chi proviene da Milano (2,5 Km); uscita di Seriate e poi direzione Bergamo per chi proviene da Trieste-Venezia (6 Km). Seguire le indicazioni FIERA.<\/p><p><strong>VIENI IN FIERA CON FLIXBUS!<\/strong><br \/><a href=\"https:\/\/fierabergamo.midaticket.it\/Events\" target=\"_blank\" rel=\"noopener\">Acquistando qui il biglietto<\/a><a href=\"https:\/\/www.flixbus.it\/\" target=\"_blank\" rel=\"noopener\"><img loading=\"lazy\" decoding=\"async\" class=\"alignleft wp-image-9757\" src=\"http:\/\/www.fieracreattiva.it\/bergamo-creattiva\/wp-content\/uploads\/2025\/07\/FlixBus-Logo-white-on-green-1-300x91.png\" alt=\"\" width=\"135\" height=\"41\" srcset=\"https:\/\/www.fieracreattiva.it\/bergamo-creattiva\/wp-content\/uploads\/2025\/07\/FlixBus-Logo-white-on-green-1-300x91.png 300w, https:\/\/www.fieracreattiva.it\/bergamo-creattiva\/wp-content\/uploads\/2025\/07\/FlixBus-Logo-white-on-green-1-1024x309.png 1024w, https:\/\/www.fieracreattiva.it\/bergamo-creattiva\/wp-content\/uploads\/2025\/07\/FlixBus-Logo-white-on-green-1-768x232.png 768w, https:\/\/www.fieracreattiva.it\/bergamo-creattiva\/wp-content\/uploads\/2025\/07\/FlixBus-Logo-white-on-green-1.png 1325w\" sizes=\"auto, (max-width: 135px) 100vw, 135px\" \/><\/a> di Fiera Creattiva otterrai uno sconto del 10% sul biglietto FLIXBUS!&#8221;<\/p><\/div>\n\t\t\t\t<\/div>\n\t\t\t\t\t\t\t<div class=\"elementor-accordion-item\">\n\t\t\t\t\t<div id=\"elementor-tab-title-2396\" class=\"elementor-tab-title\" data-tab=\"6\" role=\"tab\" aria-controls=\"elementor-tab-content-2396\" aria-expanded=\"false\">\n\t\t\t\t\t\t\t\t\t\t\t\t\t<span class=\"elementor-accordion-icon elementor-accordion-icon-left\" aria-hidden=\"true\">\n\t\t\t\t\t\t\t\t\t\t\t\t\t\t\t<span class=\"elementor-accordion-icon-closed\"><i class=\"fas fa-plus\"><\/i><\/span>\n\t\t\t\t\t\t\t\t<span class=\"elementor-accordion-icon-opened\"><i class=\"fas fa-minus\"><\/i><\/span>\n\t\t\t\t\t\t\t\t\t\t\t\t\t\t<\/span>\n\t\t\t\t\t\t\t\t\t\t\t\t<a class=\"elementor-accordion-title\" href=\"\">In Taxi<\/a>\n\t\t\t\t\t<\/div>\n\t\t\t\t\t<div id=\"elementor-tab-content-2396\" class=\"elementor-tab-content elementor-clearfix\" data-tab=\"6\" role=\"tabpanel\" aria-labelledby=\"elementor-tab-title-2396\"><strong><a href=\"https:\/\/www.radiotaxibergamo.it\/prenotazioni\" target=\"_blank\" rel=\"noopener\"><img loading=\"lazy\" decoding=\"async\" class=\" wp-image-7054 alignleft\" src=\"http:\/\/www.fieracreattiva.it\/bergamo-creattiva\/wp-content\/uploads\/2023\/03\/radio-taxi-bruno-300x284-1.png\" alt=\"\" width=\"114\" height=\"108\" \/><\/a>RADIOTAXI<\/strong>\nv. S. Matteo Benaglia, 15 \u2013 24100 Bergamo BG\nRadiotaxi: Tel. +39 035.451.90.90\n<a href=\"https:\/\/www.radiotaxibergamo.it\/prenotazioni\" target=\"_blank\" rel=\"noopener\">Clicca qui per prenotare un taxi<\/a><\/div>\n\t\t\t\t<\/div>\n\t\t\t\t\t\t\t<div class=\"elementor-accordion-item\">\n\t\t\t\t\t<div id=\"elementor-tab-title-2397\" class=\"elementor-tab-title\" data-tab=\"7\" role=\"tab\" aria-controls=\"elementor-tab-content-2397\" aria-expanded=\"false\">\n\t\t\t\t\t\t\t\t\t\t\t\t\t<span class=\"elementor-accordion-icon elementor-accordion-icon-left\" aria-hidden=\"true\">\n\t\t\t\t\t\t\t\t\t\t\t\t\t\t\t<span class=\"elementor-accordion-icon-closed\"><i class=\"fas fa-plus\"><\/i><\/span>\n\t\t\t\t\t\t\t\t<span class=\"elementor-accordion-icon-opened\"><i class=\"fas fa-minus\"><\/i><\/span>\n\t\t\t\t\t\t\t\t\t\t\t\t\t\t<\/span>\n\t\t\t\t\t\t\t\t\t\t\t\t<a class=\"elementor-accordion-title\" href=\"\">Bus Navetta Gratuita<\/a>\n\t\t\t\t\t<\/div>\n\t\t\t\t\t<div id=\"elementor-tab-content-2397\" class=\"elementor-tab-content elementor-clearfix\" data-tab=\"7\" role=\"tabpanel\" aria-labelledby=\"elementor-tab-title-2397\"><p>Durante i quattro giorni della Fiera Creattiva saranno in funzione due <strong>NAVETTE GRATUITE<\/strong> che coprono il tragitto dalla stazione FS di Bergamo e dall\u2019Aeroporto di Bergamo \u2013 Orio al Serio verso la Fiera di Bergamo, e viceversa.<\/p><p><!--<\/p>\n<p style=\"background-color: #faebd4; padding: 10px; margin: 30px auto;\"><span style=\"color: #e35b30;\"><strong>Sabato 8 ottobre 2022<\/strong><\/span>, in concomitanza con il transito del 116\u00b0 Giro di Lombardia,<span style=\"color: #e35b30;\"> <strong>dalle ore 9.00 alle ore 10.45<\/strong><\/span> la fermata di Piazzale Marconi (Stazione) non sar\u00e0 raggiungibile.<br \/>Inviteremo gli utenti a raggiungere la fermata di via Don Bosco (Malpensata) tramite avviso affisso alla fermata interessata.<\/p>\n<p>--><\/p><p><strong>1 \u2013 NAVETTA ATB DALLA STAZIONE DI BERGAMO (tutti i giorni)<\/strong><br \/>All\u2019uscita della stazione FS di Bergamo tenere la destra e attraversare Piazzale Guglielmo Marconi (1 minuto a piedi).<br \/>Il punto di partenza della navetta di Creattiva \u00e8 in corrispondenza della pensilina ATB dove sar\u00e0 posto un cartello identificavo.<\/p><p><strong>GIOVED\u00cc-VENERD\u00cc-SABATO:<\/strong> navette continue dalle 8:30 alle 19:30.<br \/><strong>DOMENICA:<\/strong> navette continue dalle 8:30 alle 18:30<\/p><p><!--<br \/>Pomeriggio: 2 bus navette. Una di queste lavorer\u00e0 solo fino alle 18.30 mentre l'altra effettuer\u00e0 l'ultima corsa dalla Fiera alle 19.30.<span><\/span>--><\/p><p>Partenza ogni 30 minuti, durata circa 20 minuti.<\/p><p><img loading=\"lazy\" decoding=\"async\" class=\"aligncenter wp-image-8409 size-full\" src=\"http:\/\/www.fieracreattiva.it\/bergamo-creattiva\/wp-content\/uploads\/2024\/03\/Stazione-FS.jpg\" alt=\"\" width=\"1280\" height=\"720\" srcset=\"https:\/\/www.fieracreattiva.it\/bergamo-creattiva\/wp-content\/uploads\/2024\/03\/Stazione-FS.jpg 1280w, https:\/\/www.fieracreattiva.it\/bergamo-creattiva\/wp-content\/uploads\/2024\/03\/Stazione-FS-300x169.jpg 300w, https:\/\/www.fieracreattiva.it\/bergamo-creattiva\/wp-content\/uploads\/2024\/03\/Stazione-FS-1024x576.jpg 1024w, https:\/\/www.fieracreattiva.it\/bergamo-creattiva\/wp-content\/uploads\/2024\/03\/Stazione-FS-768x432.jpg 768w\" sizes=\"auto, (max-width: 1280px) 100vw, 1280px\" \/><\/p><p><strong>2 \u2013 NAVETTA DALL\u2019AEROPORTO DI BERGAMO \u2013 ORIO AL SERIO (BGY)<\/strong><\/p><p>Il servizio di <strong>Bus Navetta dall&#8217;aeroporto di Bergamo &#8211; Orio al Serio<\/strong> \u00e8 confermato per tutti i giorni della manifestazione.<\/p><p><span>Partenza del bus navetta dalla pensilina in aeroporto posta in corrispondenza delle porte di uscita della zona ARRIVI. Non \u00e8 richiesta prenotazione. La pensilina sar\u00e0 contraddistinta con segnaletica e grafica di Fiera Creattiva<\/span><\/p><p><span><strong>GIOVED\u00cc-VENERD\u00cc-SABATO:<\/strong> navette continue dalle 8:30 alle 19:30.<br \/><strong>DOMENICA:<\/strong> navette continue dalle 8:30 alle 18:30<\/span><\/p><p>Partenza ogni 30 minuti, durata circa 20 minuti.<\/p><p><!--<br \/>Partenza del bus navetta dalla pensilina 9, posta in corrispondenza delle porte di uscita degli arrivi dei voli.<br \/>Essendo obbligatoria la prenotazione, dirigersi o contattare l\u2019InfoPoint di Visit Bergamo in aeroporto.<br \/>Tel. 035 320402 | Email: <a href=\"mailto:airport@visitbergamo.net\" target=\"_blank\" rel=\"noopener\">airport@visitbergamo.net<\/a> | Web: <a href=\"https:\/\/bit.ly\/3shZ4v8\" target=\"_blank\" rel=\"noopener\">https:\/\/bit.ly\/3shZ4v8<\/a><\/p>\n<p><a href=\"http:\/\/www.fieracreattiva.it\/bergamo-creattiva\/wp-content\/uploads\/2022\/09\/Aeroporto-1.jpg\"><img loading=\"lazy\" decoding=\"async\" class=\"aligncenter size-full wp-image-5408\" src=\"http:\/\/www.fieracreattiva.it\/bergamo-creattiva\/wp-content\/uploads\/2022\/09\/Aeroporto-1.jpg\" alt=\"\" width=\"800\" height=\"591\" srcset=\"https:\/\/www.fieracreattiva.it\/bergamo-creattiva\/wp-content\/uploads\/2022\/09\/Aeroporto-1.jpg 800w, https:\/\/www.fieracreattiva.it\/bergamo-creattiva\/wp-content\/uploads\/2022\/09\/Aeroporto-1-300x222.jpg 300w, https:\/\/www.fieracreattiva.it\/bergamo-creattiva\/wp-content\/uploads\/2022\/09\/Aeroporto-1-768x567.jpg 768w\" sizes=\"auto, (max-width: 800px) 100vw, 800px\" \/><\/a>--><\/p><p><img loading=\"lazy\" decoding=\"async\" class=\"aligncenter wp-image-8910 size-full\" src=\"http:\/\/www.fieracreattiva.it\/bergamo-creattiva\/wp-content\/uploads\/2024\/09\/AEROPORTO.jpg\" alt=\"\" width=\"1280\" height=\"720\" srcset=\"https:\/\/www.fieracreattiva.it\/bergamo-creattiva\/wp-content\/uploads\/2024\/09\/AEROPORTO.jpg 1280w, https:\/\/www.fieracreattiva.it\/bergamo-creattiva\/wp-content\/uploads\/2024\/09\/AEROPORTO-300x169.jpg 300w, https:\/\/www.fieracreattiva.it\/bergamo-creattiva\/wp-content\/uploads\/2024\/09\/AEROPORTO-1024x576.jpg 1024w, https:\/\/www.fieracreattiva.it\/bergamo-creattiva\/wp-content\/uploads\/2024\/09\/AEROPORTO-768x432.jpg 768w\" sizes=\"auto, (max-width: 1280px) 100vw, 1280px\" \/><\/p><div style=\"clear: both;\">\u00a0<\/div><\/div>\n\t\t\t\t<\/div>\n\t\t\t\t\t\t\t<div class=\"elementor-accordion-item\">\n\t\t\t\t\t<div id=\"elementor-tab-title-2398\" class=\"elementor-tab-title\" data-tab=\"8\" role=\"tab\" aria-controls=\"elementor-tab-content-2398\" aria-expanded=\"false\">\n\t\t\t\t\t\t\t\t\t\t\t\t\t<span class=\"elementor-accordion-icon elementor-accordion-icon-left\" aria-hidden=\"true\">\n\t\t\t\t\t\t\t\t\t\t\t\t\t\t\t<span class=\"elementor-accordion-icon-closed\"><i class=\"fas fa-plus\"><\/i><\/span>\n\t\t\t\t\t\t\t\t<span class=\"elementor-accordion-icon-opened\"><i class=\"fas fa-minus\"><\/i><\/span>\n\t\t\t\t\t\t\t\t\t\t\t\t\t\t<\/span>\n\t\t\t\t\t\t\t\t\t\t\t\t<a class=\"elementor-accordion-title\" href=\"\">Bus in Gruppi<\/a>\n\t\t\t\t\t<\/div>\n\t\t\t\t\t<div id=\"elementor-tab-content-2398\" class=\"elementor-tab-content elementor-clearfix\" data-tab=\"8\" role=\"tabpanel\" aria-labelledby=\"elementor-tab-title-2398\"><p style=\"text-align: center;\"><strong>\n<a href=\"\/bergamo-creattiva\/gruppi\/\">Clicca qui per scoprire i gruppi in arrivo a Creattiva oppure promuovi sul sito il viaggio in bus che stai organizzando per ampliare la comitiva!<\/a><\/strong><\/p><\/div>\n\t\t\t\t<\/div>\n\t\t\t\t\t\t\t\t<\/div>\n\t\t\t\t<\/div>\n\t\t\t\t<\/div>\n\t\t\t\t<div class=\"elementor-element elementor-element-5ef5e5b elementor-widget elementor-widget-html\" data-id=\"5ef5e5b\" data-element_type=\"widget\" data-widget_type=\"html.default\">\n\t\t\t\t<div class=\"elementor-widget-container\">\n\t\t\t<script>\n\ndocument.addEventListener('DOMContentLoaded', function() {\nsetTimeout(function() {\n\njQuery(function($){\nlet accordiontitles = $('.elementor-accordion-item .elementor-tab-title');\n\nlet strings = ['?bbb',\n'?vvvvv',\n'?wwwwwr',\n'?eeee',\t\t\t  \n'?qqq',\n'?BusNavettaGratuita',\n];\n\nstrings.forEach( (string,i) => {\nif (window.location.href.indexOf(string) > -1) {\naccordiontitles.eq(i).click();\n$('html, body').animate({\nscrollTop: accordiontitles.eq(i).offset().top - 100\n},'slow');\n} } );\n}); }, 1200); });\n<\/script>\n\t\t<\/div>\n\t\t\t\t<\/div>\n\t\t\t\t\t<\/div>\n\t\t<\/div>\n\t\t\t\t\t\t\t<\/div>\n\t\t<\/section>\n\t\t\t\t\t\t\t<\/div>\n\t\t","protected":false},"excerpt":{"rendered":"<p>Fiera Creattiva Bergamo Come raggiungerci La Fiera di Bergamo \u00e8 posizionata sulla circonvallazione di Bergamo, raggiungibile agevolmente e in pochi minuti dalle uscite di Bergamo e Seriate dell\u2019autostrada A4 Milano-Venezia. Per tutti i giorni di fiera inoltre sono previste navette di collegamento gratuite con il centro citt\u00e0 (stazione di Bergamo) e con l\u2019aeroporto di Orio [&hellip;]<\/p>\n","protected":false},"author":1,"featured_media":6184,"parent":0,"menu_order":0,"comment_status":"closed","ping_status":"closed","template":"","meta":{"footnotes":""},"class_list":["post-4373","page","type-page","status-publish","has-post-thumbnail","hentry"],"yoast_head":"<!-- This site is optimized with the Yoast SEO plugin v19.6.1 - https:\/\/yoast.com\/wordpress\/plugins\/seo\/ -->\n<title>Come raggiungerci - Fiera Creattiva Bergamo<\/title>\n<meta name=\"description\" content=\"Scopri come raggiungerci tranquillamente alla Fiera Creattiva Bergamo. L&#039;evento si svolge presso il polo fieristico &quot;La Fiera di Bergamo&quot;.\" \/>\n<meta name=\"robots\" content=\"index, follow, max-snippet:-1, max-image-preview:large, max-video-preview:-1\" \/>\n<link rel=\"canonical\" href=\"https:\/\/www.fieracreattiva.it\/bergamo-creattiva\/dove-siamo\/\" \/>\n<meta property=\"og:locale\" content=\"it_IT\" \/>\n<meta property=\"og:type\" content=\"article\" \/>\n<meta property=\"og:title\" content=\"Come raggiungerci - Fiera Creattiva Bergamo\" \/>\n<meta property=\"og:description\" content=\"Scopri come raggiungerci tranquillamente alla Fiera Creattiva Bergamo. L&#039;evento si svolge presso il polo fieristico &quot;La Fiera di Bergamo&quot;.\" \/>\n<meta property=\"og:url\" content=\"https:\/\/www.fieracreattiva.it\/bergamo-creattiva\/dove-siamo\/\" \/>\n<meta property=\"og:site_name\" content=\"Fiera Creattiva Bergamo\" \/>\n<meta property=\"article:publisher\" content=\"https:\/\/www.facebook.com\/FieraCreattiva\" \/>\n<meta property=\"article:modified_time\" content=\"2025-07-22T08:49:51+00:00\" \/>\n<meta property=\"og:image\" content=\"http:\/\/www.fieracreattiva.it\/bergamo-creattiva\/wp-content\/uploads\/2022\/10\/socialspring.jpg\" \/>\n\t<meta property=\"og:image:width\" content=\"1200\" \/>\n\t<meta property=\"og:image:height\" content=\"900\" \/>\n\t<meta property=\"og:image:type\" content=\"image\/jpeg\" \/>\n<meta name=\"twitter:card\" content=\"summary_large_image\" \/>\n<meta name=\"twitter:label1\" content=\"Tempo di lettura stimato\" \/>\n\t<meta name=\"twitter:data1\" content=\"6 minuti\" \/>\n<script type=\"application\/ld+json\" class=\"yoast-schema-graph\">{\"@context\":\"https:\/\/schema.org\",\"@graph\":[{\"@type\":\"WebPage\",\"@id\":\"https:\/\/www.fieracreattiva.it\/bergamo-creattiva\/dove-siamo\/\",\"url\":\"https:\/\/www.fieracreattiva.it\/bergamo-creattiva\/dove-siamo\/\",\"name\":\"Come raggiungerci - Fiera Creattiva Bergamo\",\"isPartOf\":{\"@id\":\"https:\/\/www.fieracreattiva.it\/bergamo-creattiva\/#website\"},\"datePublished\":\"2022-08-22T09:29:46+00:00\",\"dateModified\":\"2025-07-22T08:49:51+00:00\",\"description\":\"Scopri come raggiungerci tranquillamente alla Fiera Creattiva Bergamo. L'evento si svolge presso il polo fieristico \\\"La Fiera di Bergamo\\\".\",\"breadcrumb\":{\"@id\":\"https:\/\/www.fieracreattiva.it\/bergamo-creattiva\/dove-siamo\/#breadcrumb\"},\"inLanguage\":\"it-IT\",\"potentialAction\":[{\"@type\":\"ReadAction\",\"target\":[\"https:\/\/www.fieracreattiva.it\/bergamo-creattiva\/dove-siamo\/\"]}]},{\"@type\":\"BreadcrumbList\",\"@id\":\"https:\/\/www.fieracreattiva.it\/bergamo-creattiva\/dove-siamo\/#breadcrumb\",\"itemListElement\":[{\"@type\":\"ListItem\",\"position\":1,\"name\":\"Home\",\"item\":\"https:\/\/www.fieracreattiva.it\/bergamo-creattiva\/\"},{\"@type\":\"ListItem\",\"position\":2,\"name\":\"Come raggiungerci\"}]},{\"@type\":\"WebSite\",\"@id\":\"https:\/\/www.fieracreattiva.it\/bergamo-creattiva\/#website\",\"url\":\"https:\/\/www.fieracreattiva.it\/bergamo-creattiva\/\",\"name\":\"Fiera Creattiva Bergamo\",\"description\":\"Fiera delle Arti Manuali\",\"publisher\":{\"@id\":\"https:\/\/www.fieracreattiva.it\/bergamo-creattiva\/#organization\"},\"potentialAction\":[{\"@type\":\"SearchAction\",\"target\":{\"@type\":\"EntryPoint\",\"urlTemplate\":\"https:\/\/www.fieracreattiva.it\/bergamo-creattiva\/?s={search_term_string}\"},\"query-input\":\"required name=search_term_string\"}],\"inLanguage\":\"it-IT\"},{\"@type\":\"Organization\",\"@id\":\"https:\/\/www.fieracreattiva.it\/bergamo-creattiva\/#organization\",\"name\":\"Fiera Creattiva Bergamo\",\"url\":\"https:\/\/www.fieracreattiva.it\/bergamo-creattiva\/\",\"sameAs\":[\"https:\/\/www.instagram.com\/fieracreattiva\",\"https:\/\/www.youtube.com\/CreattivaChannel\",\"https:\/\/www.facebook.com\/FieraCreattiva\"],\"logo\":{\"@type\":\"ImageObject\",\"inLanguage\":\"it-IT\",\"@id\":\"https:\/\/www.fieracreattiva.it\/bergamo-creattiva\/#\/schema\/logo\/image\/\",\"url\":\"https:\/\/www.fieracreattiva.it\/bergamo-creattiva\/wp-content\/uploads\/2022\/09\/seo_creattiva_Autunno.jpg\",\"contentUrl\":\"https:\/\/www.fieracreattiva.it\/bergamo-creattiva\/wp-content\/uploads\/2022\/09\/seo_creattiva_Autunno.jpg\",\"width\":1200,\"height\":900,\"caption\":\"Fiera Creattiva Bergamo\"},\"image\":{\"@id\":\"https:\/\/www.fieracreattiva.it\/bergamo-creattiva\/#\/schema\/logo\/image\/\"}}]}<\/script>\n<!-- \/ Yoast SEO plugin. -->","yoast_head_json":{"title":"Come raggiungerci - Fiera Creattiva Bergamo","description":"Scopri come raggiungerci tranquillamente alla Fiera Creattiva Bergamo. L'evento si svolge presso il polo fieristico \"La Fiera di Bergamo\".","robots":{"index":"index","follow":"follow","max-snippet":"max-snippet:-1","max-image-preview":"max-image-preview:large","max-video-preview":"max-video-preview:-1"},"canonical":"https:\/\/www.fieracreattiva.it\/bergamo-creattiva\/dove-siamo\/","og_locale":"it_IT","og_type":"article","og_title":"Come raggiungerci - Fiera Creattiva Bergamo","og_description":"Scopri come raggiungerci tranquillamente alla Fiera Creattiva Bergamo. L'evento si svolge presso il polo fieristico \"La Fiera di Bergamo\".","og_url":"https:\/\/www.fieracreattiva.it\/bergamo-creattiva\/dove-siamo\/","og_site_name":"Fiera Creattiva Bergamo","article_publisher":"https:\/\/www.facebook.com\/FieraCreattiva","article_modified_time":"2025-07-22T08:49:51+00:00","og_image":[{"width":1200,"height":900,"url":"http:\/\/www.fieracreattiva.it\/bergamo-creattiva\/wp-content\/uploads\/2022\/10\/socialspring.jpg","type":"image\/jpeg"}],"twitter_card":"summary_large_image","twitter_misc":{"Tempo di lettura stimato":"6 minuti"},"schema":{"@context":"https:\/\/schema.org","@graph":[{"@type":"WebPage","@id":"https:\/\/www.fieracreattiva.it\/bergamo-creattiva\/dove-siamo\/","url":"https:\/\/www.fieracreattiva.it\/bergamo-creattiva\/dove-siamo\/","name":"Come raggiungerci - Fiera Creattiva Bergamo","isPartOf":{"@id":"https:\/\/www.fieracreattiva.it\/bergamo-creattiva\/#website"},"datePublished":"2022-08-22T09:29:46+00:00","dateModified":"2025-07-22T08:49:51+00:00","description":"Scopri come raggiungerci tranquillamente alla Fiera Creattiva Bergamo. L'evento si svolge presso il polo fieristico \"La Fiera di Bergamo\".","breadcrumb":{"@id":"https:\/\/www.fieracreattiva.it\/bergamo-creattiva\/dove-siamo\/#breadcrumb"},"inLanguage":"it-IT","potentialAction":[{"@type":"ReadAction","target":["https:\/\/www.fieracreattiva.it\/bergamo-creattiva\/dove-siamo\/"]}]},{"@type":"BreadcrumbList","@id":"https:\/\/www.fieracreattiva.it\/bergamo-creattiva\/dove-siamo\/#breadcrumb","itemListElement":[{"@type":"ListItem","position":1,"name":"Home","item":"https:\/\/www.fieracreattiva.it\/bergamo-creattiva\/"},{"@type":"ListItem","position":2,"name":"Come raggiungerci"}]},{"@type":"WebSite","@id":"https:\/\/www.fieracreattiva.it\/bergamo-creattiva\/#website","url":"https:\/\/www.fieracreattiva.it\/bergamo-creattiva\/","name":"Fiera Creattiva Bergamo","description":"Fiera delle Arti Manuali","publisher":{"@id":"https:\/\/www.fieracreattiva.it\/bergamo-creattiva\/#organization"},"potentialAction":[{"@type":"SearchAction","target":{"@type":"EntryPoint","urlTemplate":"https:\/\/www.fieracreattiva.it\/bergamo-creattiva\/?s={search_term_string}"},"query-input":"required name=search_term_string"}],"inLanguage":"it-IT"},{"@type":"Organization","@id":"https:\/\/www.fieracreattiva.it\/bergamo-creattiva\/#organization","name":"Fiera Creattiva Bergamo","url":"https:\/\/www.fieracreattiva.it\/bergamo-creattiva\/","sameAs":["https:\/\/www.instagram.com\/fieracreattiva","https:\/\/www.youtube.com\/CreattivaChannel","https:\/\/www.facebook.com\/FieraCreattiva"],"logo":{"@type":"ImageObject","inLanguage":"it-IT","@id":"https:\/\/www.fieracreattiva.it\/bergamo-creattiva\/#\/schema\/logo\/image\/","url":"https:\/\/www.fieracreattiva.it\/bergamo-creattiva\/wp-content\/uploads\/2022\/09\/seo_creattiva_Autunno.jpg","contentUrl":"https:\/\/www.fieracreattiva.it\/bergamo-creattiva\/wp-content\/uploads\/2022\/09\/seo_creattiva_Autunno.jpg","width":1200,"height":900,"caption":"Fiera Creattiva Bergamo"},"image":{"@id":"https:\/\/www.fieracreattiva.it\/bergamo-creattiva\/#\/schema\/logo\/image\/"}}]}},"_links":{"self":[{"href":"https:\/\/www.fieracreattiva.it\/bergamo-creattiva\/wp-json\/wp\/v2\/pages\/4373","targetHints":{"allow":["GET"]}}],"collection":[{"href":"https:\/\/www.fieracreattiva.it\/bergamo-creattiva\/wp-json\/wp\/v2\/pages"}],"about":[{"href":"https:\/\/www.fieracreattiva.it\/bergamo-creattiva\/wp-json\/wp\/v2\/types\/page"}],"author":[{"embeddable":true,"href":"https:\/\/www.fieracreattiva.it\/bergamo-creattiva\/wp-json\/wp\/v2\/users\/1"}],"replies":[{"embeddable":true,"href":"https:\/\/www.fieracreattiva.it\/bergamo-creattiva\/wp-json\/wp\/v2\/comments?post=4373"}],"version-history":[{"count":187,"href":"https:\/\/www.fieracreattiva.it\/bergamo-creattiva\/wp-json\/wp\/v2\/pages\/4373\/revisions"}],"predecessor-version":[{"id":9773,"href":"https:\/\/www.fieracreattiva.it\/bergamo-creattiva\/wp-json\/wp\/v2\/pages\/4373\/revisions\/9773"}],"wp:featuredmedia":[{"embeddable":true,"href":"https:\/\/www.fieracreattiva.it\/bergamo-creattiva\/wp-json\/wp\/v2\/media\/6184"}],"wp:attachment":[{"href":"https:\/\/www.fieracreattiva.it\/bergamo-creattiva\/wp-json\/wp\/v2\/media?parent=4373"}],"curies":[{"name":"wp","href":"https:\/\/api.w.org\/{rel}","templated":true}]}}